{"id":2242,"date":"2024-02-05T17:39:29","date_gmt":"2024-02-05T16:39:29","guid":{"rendered":"https:\/\/fundacioepisteme.cat\/congres\/?page_id=2242"},"modified":"2024-02-21T10:24:02","modified_gmt":"2024-02-21T09:24:02","slug":"3presentacio","status":"publish","type":"page","link":"https:\/\/fundacioepisteme.cat\/congres\/3presentacio\/","title":{"rendered":"3presentacio"},"content":{"rendered":"\t\t<div data-elementor-type=\"wp-page\" data-elementor-id=\"2242\" class=\"elementor elementor-2242\" data-elementor-post-type=\"page\">\n\t\t\t\t\t\t<section class=\"elementor-section elementor-top-section elementor-element elementor-element-f0fbb07 elementor-section-stretched elementor-section-height-min-height elementor-section-boxed elementor-section-height-default elementor-section-items-middle\" data-id=\"f0fbb07\" data-element_type=\"section\" data-e-type=\"section\" data-settings=\"{&quot;stretch_section&quot;:&quot;section-stretched&quot;,&quot;background_background&quot;:&quot;classic&quot;}\">\n\t\t\t\t\t\t\t<div class=\"elementor-background-overlay\"><\/div>\n\t\t\t\t\t\t\t<div class=\"elementor-container elementor-column-gap-no\">\n\t\t\t\t\t<div class=\"elementor-column elementor-col-100 elementor-top-column elementor-element elementor-element-ccf9b99\" data-id=\"ccf9b99\" data-element_type=\"column\" data-e-type=\"column\" data-settings=\"{&quot;background_background&quot;:&quot;classic&quot;}\">\n\t\t\t<div class=\"elementor-widget-wrap elementor-element-populated\">\n\t\t\t\t\t\t<div class=\"elementor-element elementor-element-3d48e3f elementor-widget elementor-widget-video\" data-id=\"3d48e3f\" data-element_type=\"widget\" data-e-type=\"widget\" data-settings=\"{&quot;video_type&quot;:&quot;hosted&quot;,&quot;autoplay&quot;:&quot;yes&quot;,&quot;play_on_mobile&quot;:&quot;yes&quot;,&quot;loop&quot;:&quot;yes&quot;,&quot;show_image_overlay&quot;:&quot;yes&quot;,&quot;image_overlay&quot;:{&quot;url&quot;:&quot;https:\\\/\\\/fundacioepisteme.cat\\\/congres\\\/wp-content\\\/uploads\\\/2024\\\/02\\\/cartel_inicio.jpg&quot;,&quot;id&quot;:2907,&quot;size&quot;:&quot;&quot;,&quot;alt&quot;:&quot;&quot;,&quot;source&quot;:&quot;library&quot;},&quot;controls&quot;:&quot;yes&quot;}\" data-widget_type=\"video.default\">\n\t\t\t\t<div class=\"elementor-widget-container\">\n\t\t\t\t\t\t\t<div class=\"e-hosted-video elementor-wrapper elementor-open-inline\">\n\t\t\t\t\t<video class=\"elementor-video\" src=\"https:\/\/fundacioepisteme.cat\/congres\/wp-content\/uploads\/2024\/02\/III-CONGRESO-OCRE-1.mp4\" autoplay=\"\" loop=\"\" controls=\"\" playsinline=\"\" controlsList=\"nodownload\" poster=\"https:\/\/fundacioepisteme.cat\/congres\/wp-content\/uploads\/2024\/02\/cartell_1_1000.jpg\"><\/video>\n\t\t\t\t\t\t<div class=\"elementor-custom-embed-image-overlay\" style=\"background-image: url(https:\/\/fundacioepisteme.cat\/congres\/wp-content\/uploads\/2024\/02\/cartel_inicio.jpg);\">\n\t\t\t\t\t\t\t\t\t\t\t\t\t\t\t\t<div class=\"elementor-custom-embed-play\" role=\"button\" aria-label=\"Reproducir v\u00eddeo\" tabindex=\"0\">\n\t\t\t\t\t\t\t<i aria-hidden=\"true\" class=\"eicon-play\"><\/i>\t\t\t\t\t\t<\/div>\n\t\t\t\t\t\t\t\t\t<\/div>\n\t\t\t\t\t<\/div>\n\t\t\t\t\t\t<\/div>\n\t\t\t\t<\/div>\n\t\t\t\t\t<\/div>\n\t\t<\/div>\n\t\t\t\t\t<\/div>\n\t\t<\/section>\n\t\t\t\t<section class=\"elementor-section elementor-top-section elementor-element elementor-element-5d8489c2 elementor-section-content-top elementor-section-stretched elementor-section-boxed elementor-section-height-default elementor-section-height-default\" data-id=\"5d8489c2\" data-element_type=\"section\" data-e-type=\"section\" data-settings=\"{&quot;stretch_section&quot;:&quot;section-stretched&quot;,&quot;background_background&quot;:&quot;classic&quot;}\">\n\t\t\t\t\t\t\t<div class=\"elementor-background-overlay\"><\/div>\n\t\t\t\t\t\t\t<div class=\"elementor-container elementor-column-gap-no\">\n\t\t\t\t\t<div class=\"elementor-column elementor-col-33 elementor-top-column elementor-element elementor-element-42791e2\" data-id=\"42791e2\" data-element_type=\"column\" data-e-type=\"column\">\n\t\t\t<div class=\"elementor-widget-wrap elementor-element-populated\">\n\t\t\t\t\t\t<div class=\"elementor-element elementor-element-737eaf7 elementor-widget elementor-widget-heading\" data-id=\"737eaf7\" data-element_type=\"widget\" data-e-type=\"widget\" data-widget_type=\"heading.default\">\n\t\t\t\t<div class=\"elementor-widget-container\">\n\t\t\t\t\t<h1 class=\"elementor-heading-title elementor-size-small\">PRESENTACI\u00d3N<\/h1>\t\t\t\t<\/div>\n\t\t\t\t<\/div>\n\t\t\t\t<div class=\"elementor-element elementor-element-66e5d22 elementor-widget elementor-widget-text-editor\" data-id=\"66e5d22\" data-element_type=\"widget\" data-e-type=\"widget\" data-widget_type=\"text-editor.default\">\n\t\t\t\t<div class=\"elementor-widget-container\">\n\t\t\t\t\t\t\t\t\t<p>El <a href=\"https:\/\/asociacionocre.org\/\" target=\"_blank\" rel=\"noopener\">Observatorio de la Realidad Educativa<\/a> (OCRE) y la <a href=\"https:\/\/es.fundacioepisteme.cat\/\" target=\"_blank\" rel=\"noopener\">Fundaci\u00f3n Episteme<\/a> organizan el <strong>III Congreso de Expertos Docentes para un An\u00e1lisis Cr\u00edtico de la Educaci\u00f3n<\/strong>, edici\u00f3n que se celebrar\u00e1 en la Casa de la Comunitat Valenciana en <strong>Madrid el viernes, 10 y s\u00e1bado, 11 de mayo<\/strong>. Este encuentro<em>, <\/em>de alcance nacional, servir\u00e1 para analizar la situaci\u00f3n de la ense\u00f1anza en nuestro pa\u00eds y las posiciones que diversos acad\u00e9micos sostienen para mejorar la actual crisis educativa.<\/p><p>Las tres ponencias centrales, y por este orden, correr\u00e1n a cargo de <strong>Laura Rodr\u00edguez Montecino<\/strong>, profesora de Lengua Castellana y Literatura y autora del proyecto digital de an\u00e1lisis educativo <em>Sobre Ruinas, <\/em><strong>Francisco L\u00f3pez Rup\u00e9rez,<\/strong> Doctor en Ciencias F\u00edsicas, expresidente del Consejo Escolar del Estado, director de la C\u00e1tedra de Pol\u00edticas Educativas de la Universidad Camilo Jos\u00e9 Cela y escritor y <strong>Miguel \u00c1ngel Tirado Ramos<\/strong>, inspector de Educaci\u00f3n en las Islas Baleares, profesor y escritor.<\/p><p>Durante las dos jornadas, tendr\u00e1n lugar tambi\u00e9n dos mesas redondas en formato tertulia, con la participaci\u00f3n de cinco expertos docentes en cada una de ellas, para abordar problem\u00e1ticas de plena actualidad: curr\u00edculo, metodolog\u00edas, evaluaci\u00f3n, inclusi\u00f3n, burocracia y conflictividad en los centros. Contar\u00e1n con la participaci\u00f3n de profesores y escritores como <strong>Olga Garc\u00eda, Andr\u00e9s Rivera, Xavier Mass\u00f3, Josep Ot\u00f3n, Andreu Navarra \u00c1ngel Luis Aritmendi, Bianca Thoilliez, Enrique Mesa, Beatriz Rabasa <\/strong>y<strong> David Rabad\u00e0<\/strong>, bajo moderaci\u00f3n de <strong>Eva Serra <\/strong>y<strong> \u00c1ngel Vallejo.<\/strong><\/p><p>Este congreso se organiza tras los preocupantes resultados del <strong>\u00faltimo informe PISA<\/strong> que han vuelto a evidenciar c\u00f3mo <strong>las actuales pol\u00edticas educativas no son las adecuadas<\/strong>. El adoctrinamiento en las aulas, la imposici\u00f3n de las pedagog\u00edas competenciales, el descr\u00e9dito de la profesi\u00f3n docente, la excesiva carga burocr\u00e1tica en los centros educativos, la ausencia de evaluaciones externas, la conflictividad entre alumnos y a profesores o el empobrecimiento de los curr\u00edculums son algunas de las cuestiones de la realidad educativa que sus organizadores llevan denunciando desde hace tiempo.<\/p><p>Asimismo, consideramos que es <strong>urgente escuchar a docentes, expertos y acad\u00e9micos como leg\u00edtimos conocedores de las causas que han conducido al fracaso educativo<\/strong>. En este sentido, el simposio pretende hacer un llamamiento, tanto al conjunto de la sociedad civil como a la totalidad de la comunidad educativa, con el fin de informar, reflexionar, analizar, debatir, contrastar e implicar al conjunto de la ciudadan\u00eda.<\/p><p><strong>Ver congresos anteriores:<\/strong><\/p><p><a href=\"https:\/\/sites.google.com\/view\/ocre-congreso\/inicio\" target=\"_blank\" rel=\"noopener\">I Congreso de Expertos Docentes<\/a> (Valencia).<\/p><p><a href=\"https:\/\/es.fundacioepisteme.cat\/congreso\/\" target=\"_blank\" rel=\"noopener\">II Congreso de Expertos Docentes<\/a> (Barcelona).<\/p>\t\t\t\t\t\t\t\t<\/div>\n\t\t\t\t<\/div>\n\t\t\t\t\t<\/div>\n\t\t<\/div>\n\t\t\t\t<div class=\"elementor-column elementor-col-33 elementor-top-column elementor-element elementor-element-8e12b3e\" data-id=\"8e12b3e\" data-element_type=\"column\" data-e-type=\"column\">\n\t\t\t<div class=\"elementor-widget-wrap elementor-element-populated\">\n\t\t\t\t\t\t<div class=\"elementor-element elementor-element-cee9703 elementor-widget elementor-widget-html\" data-id=\"cee9703\" data-element_type=\"widget\" data-e-type=\"widget\" data-widget_type=\"html.default\">\n\t\t\t\t<div class=\"elementor-widget-container\">\n\t\t\t\t\t<a class=\"twitter-timeline\" data-width=\"200\" data-height=\"650\" href=\"https:\/\/twitter.com\/FEpisteme?ref_src=twsrc%5Etfw\">Tweets by FEpisteme<\/a> <script async src=\"https:\/\/platform.twitter.com\/widgets.js\" charset=\"utf-8\"><\/script> \t\t\t\t<\/div>\n\t\t\t\t<\/div>\n\t\t\t\t\t<\/div>\n\t\t<\/div>\n\t\t\t\t<div class=\"elementor-column elementor-col-33 elementor-top-column elementor-element elementor-element-2208a8a\" data-id=\"2208a8a\" data-element_type=\"column\" data-e-type=\"column\">\n\t\t\t<div class=\"elementor-widget-wrap elementor-element-populated\">\n\t\t\t\t\t\t<div class=\"elementor-element elementor-element-eccc4df elementor-widget elementor-widget-html\" data-id=\"eccc4df\" data-element_type=\"widget\" data-e-type=\"widget\" data-widget_type=\"html.default\">\n\t\t\t\t<div class=\"elementor-widget-container\">\n\t\t\t\t\t<a class=\"twitter-timeline\" data-width=\"200\" data-height=\"650\" href=\"https:\/\/twitter.com\/AsociacionOcre?ref_src=twsrc%5Etfw\">Tweets by FEpisteme<\/a> <script async src=\"https:\/\/platform.twitter.com\/widgets.js\" charset=\"utf-8\"><\/script> \t\t\t\t<\/div>\n\t\t\t\t<\/div>\n\t\t\t\t\t<\/div>\n\t\t<\/div>\n\t\t\t\t\t<\/div>\n\t\t<\/section>\n\t\t\t\t<section class=\"elementor-section elementor-top-section elementor-element elementor-element-436d3c51 elementor-section-boxed elementor-section-height-default elementor-section-height-default\" data-id=\"436d3c51\" data-element_type=\"section\" data-e-type=\"section\">\n\t\t\t\t\t\t<div class=\"elementor-container elementor-column-gap-default\">\n\t\t\t\t\t<div class=\"elementor-column elementor-col-100 elementor-top-column elementor-element elementor-element-3c4a89b3\" data-id=\"3c4a89b3\" data-element_type=\"column\" data-e-type=\"column\">\n\t\t\t<div class=\"elementor-widget-wrap elementor-element-populated\">\n\t\t\t\t\t\t<div class=\"elementor-element elementor-element-3801fc74 elementor-share-buttons--view-icon elementor-share-buttons--shape-circle elementor-share-buttons--skin-gradient elementor-grid-0 elementor-share-buttons--color-official elementor-widget elementor-widget-share-buttons\" data-id=\"3801fc74\" data-element_type=\"widget\" data-e-type=\"widget\" data-widget_type=\"share-buttons.default\">\n\t\t\t\t<div class=\"elementor-widget-container\">\n\t\t\t\t\t\t\t<div class=\"elementor-grid\" role=\"list\">\n\t\t\t\t\t\t\t\t<div class=\"elementor-grid-item\" role=\"listitem\">\n\t\t\t\t\t\t<div class=\"elementor-share-btn elementor-share-btn_facebook\" role=\"button\" tabindex=\"0\" aria-label=\"Compartir en facebook\">\n\t\t\t\t\t\t\t\t\t\t\t\t\t\t\t<span class=\"elementor-share-btn__icon\">\n\t\t\t\t\t\t\t\t<i class=\"fab fa-facebook\" aria-hidden=\"true\"><\/i>\t\t\t\t\t\t\t<\/span>\n\t\t\t\t\t\t\t\t\t\t\t\t\t\t\t\t\t\t\t\t<\/div>\n\t\t\t\t\t<\/div>\n\t\t\t\t\t\t\t\t\t<div class=\"elementor-grid-item\" role=\"listitem\">\n\t\t\t\t\t\t<div class=\"elementor-share-btn elementor-share-btn_twitter\" role=\"button\" tabindex=\"0\" aria-label=\"Compartir en twitter\">\n\t\t\t\t\t\t\t\t\t\t\t\t\t\t\t<span class=\"elementor-share-btn__icon\">\n\t\t\t\t\t\t\t\t<i class=\"fab fa-twitter\" aria-hidden=\"true\"><\/i>\t\t\t\t\t\t\t<\/span>\n\t\t\t\t\t\t\t\t\t\t\t\t\t\t\t\t\t\t\t\t<\/div>\n\t\t\t\t\t<\/div>\n\t\t\t\t\t\t<\/div>\n\t\t\t\t\t\t<\/div>\n\t\t\t\t<\/div>\n\t\t\t\t\t<\/div>\n\t\t<\/div>\n\t\t\t\t\t<\/div>\n\t\t<\/section>\n\t\t\t\t<\/div>\n\t\t","protected":false},"excerpt":{"rendered":"<p>PRESENTACI\u00d3N El Observatorio de la Realidad Educativa (OCRE) y la Fundaci\u00f3n Episteme organizan el III Congreso de Expertos Docentes para un An\u00e1lisis Cr\u00edtico de la Educaci\u00f3n, edici\u00f3n que se celebrar\u00e1 en la Casa de la Comunitat Valenciana en Madrid el viernes, 10 y s\u00e1bado, 11 de mayo. Este encuentro, de alcance nacional, servir\u00e1 para analizar [&hellip;]<\/p>\n","protected":false},"author":1,"featured_media":0,"parent":0,"menu_order":0,"comment_status":"open","ping_status":"closed","template":"","meta":{"ocean_post_layout":"","ocean_both_sidebars_style":"","ocean_both_sidebars_content_width":0,"ocean_both_sidebars_sidebars_width":0,"ocean_sidebar":"0","ocean_second_sidebar":"0","ocean_disable_margins":"enable","ocean_add_body_class":"","ocean_shortcode_before_top_bar":"","ocean_shortcode_after_top_bar":"","ocean_shortcode_before_header":"","ocean_shortcode_after_header":"","ocean_has_shortcode":"","ocean_shortcode_after_title":"","ocean_shortcode_before_footer_widgets":"","ocean_shortcode_after_footer_widgets":"","ocean_shortcode_before_footer_bottom":"","ocean_shortcode_after_footer_bottom":"","ocean_display_top_bar":"default","ocean_display_header":"default","ocean_header_style":"","ocean_center_header_left_menu":"0","ocean_custom_header_template":"0","ocean_custom_logo":0,"ocean_custom_retina_logo":0,"ocean_custom_logo_max_width":0,"ocean_custom_logo_tablet_max_width":0,"ocean_custom_logo_mobile_max_width":0,"ocean_custom_logo_max_height":0,"ocean_custom_logo_tablet_max_height":0,"ocean_custom_logo_mobile_max_height":0,"ocean_header_custom_menu":"0","ocean_menu_typo_font_family":"0","ocean_menu_typo_font_subset":"","ocean_menu_typo_font_size":0,"ocean_menu_typo_font_size_tablet":0,"ocean_menu_typo_font_size_mobile":0,"ocean_menu_typo_font_size_unit":"px","ocean_menu_typo_font_weight":"","ocean_menu_typo_font_weight_tablet":"","ocean_menu_typo_font_weight_mobile":"","ocean_menu_typo_transform":"","ocean_menu_typo_transform_tablet":"","ocean_menu_typo_transform_mobile":"","ocean_menu_typo_line_height":0,"ocean_menu_typo_line_height_tablet":0,"ocean_menu_typo_line_height_mobile":0,"ocean_menu_typo_line_height_unit":"","ocean_menu_typo_spacing":0,"ocean_menu_typo_spacing_tablet":0,"ocean_menu_typo_spacing_mobile":0,"ocean_menu_typo_spacing_unit":"","ocean_menu_link_color":"","ocean_menu_link_color_hover":"","ocean_menu_link_color_active":"","ocean_menu_link_background":"","ocean_menu_link_hover_background":"","ocean_menu_link_active_background":"","ocean_menu_social_links_bg":"","ocean_menu_social_hover_links_bg":"","ocean_menu_social_links_color":"","ocean_menu_social_hover_links_color":"","ocean_disable_title":"on","ocean_disable_heading":"default","ocean_post_title":"","ocean_post_subheading":"","ocean_post_title_style":"","ocean_post_title_background_color":"","ocean_post_title_background":0,"ocean_post_title_bg_image_position":"","ocean_post_title_bg_image_attachment":"","ocean_post_title_bg_image_repeat":"","ocean_post_title_bg_image_size":"","ocean_post_title_height":0,"ocean_post_title_bg_overlay":0.5,"ocean_post_title_bg_overlay_color":"","ocean_disable_breadcrumbs":"default","ocean_breadcrumbs_color":"","ocean_breadcrumbs_separator_color":"","ocean_breadcrumbs_links_color":"","ocean_breadcrumbs_links_hover_color":"","ocean_display_footer_widgets":"off","ocean_display_footer_bottom":"off","ocean_custom_footer_template":"0","footnotes":""},"class_list":["post-2242","page","type-page","status-publish","hentry","entry","owp-thumbs-layout-horizontal","owp-btn-normal","owp-tabs-layout-horizontal","has-no-thumbnails","has-product-nav"],"jetpack_sharing_enabled":true,"_links":{"self":[{"href":"https:\/\/fundacioepisteme.cat\/congres\/wp-json\/wp\/v2\/pages\/2242","targetHints":{"allow":["GET"]}}],"collection":[{"href":"https:\/\/fundacioepisteme.cat\/congres\/wp-json\/wp\/v2\/pages"}],"about":[{"href":"https:\/\/fundacioepisteme.cat\/congres\/wp-json\/wp\/v2\/types\/page"}],"author":[{"embeddable":true,"href":"https:\/\/fundacioepisteme.cat\/congres\/wp-json\/wp\/v2\/users\/1"}],"replies":[{"embeddable":true,"href":"https:\/\/fundacioepisteme.cat\/congres\/wp-json\/wp\/v2\/comments?post=2242"}],"version-history":[{"count":67,"href":"https:\/\/fundacioepisteme.cat\/congres\/wp-json\/wp\/v2\/pages\/2242\/revisions"}],"predecessor-version":[{"id":2962,"href":"https:\/\/fundacioepisteme.cat\/congres\/wp-json\/wp\/v2\/pages\/2242\/revisions\/2962"}],"wp:attachment":[{"href":"https:\/\/fundacioepisteme.cat\/congres\/wp-json\/wp\/v2\/media?parent=2242"}],"curies":[{"name":"wp","href":"https:\/\/api.w.org\/{rel}","templated":true}]}}