{"id":237,"date":"2022-09-18T13:13:29","date_gmt":"2022-09-18T11:13:29","guid":{"rendered":"https:\/\/fundacioepisteme.cat\/congres\/?page_id=237"},"modified":"2022-11-14T20:52:53","modified_gmt":"2022-11-14T19:52:53","slug":"premsa","status":"publish","type":"page","link":"https:\/\/fundacioepisteme.cat\/congres\/premsa\/","title":{"rendered":"PREMSA"},"content":{"rendered":"\t\t<div data-elementor-type=\"wp-page\" data-elementor-id=\"237\" class=\"elementor elementor-237\" data-elementor-post-type=\"page\">\n\t\t\t\t\t\t<section class=\"elementor-section elementor-top-section elementor-element elementor-element-4e64afb elementor-section-stretched elementor-section-height-min-height elementor-section-boxed elementor-section-height-default elementor-section-items-middle\" data-id=\"4e64afb\" data-element_type=\"section\" data-e-type=\"section\" data-settings=\"{&quot;stretch_section&quot;:&quot;section-stretched&quot;,&quot;background_background&quot;:&quot;classic&quot;}\">\n\t\t\t\t\t\t<div class=\"elementor-container elementor-column-gap-no\">\n\t\t\t\t\t<div class=\"elementor-column elementor-col-100 elementor-top-column elementor-element elementor-element-55043b21\" data-id=\"55043b21\" data-element_type=\"column\" data-e-type=\"column\">\n\t\t\t<div class=\"elementor-widget-wrap elementor-element-populated\">\n\t\t\t\t\t\t<div class=\"elementor-element elementor-element-2075b3c elementor-widget elementor-widget-image\" data-id=\"2075b3c\" data-element_type=\"widget\" data-e-type=\"widget\" data-widget_type=\"image.default\">\n\t\t\t\t<div class=\"elementor-widget-container\">\n\t\t\t\t\t\t\t\t\t\t\t\t\t\t\t<img fetchpriority=\"high\" decoding=\"async\" width=\"1024\" height=\"576\" src=\"https:\/\/fundacioepisteme.cat\/congres\/wp-content\/uploads\/2022\/09\/Portada-video_19.1.1-1024x576.jpg\" class=\"attachment-large size-large wp-image-265\" alt=\"\" srcset=\"https:\/\/fundacioepisteme.cat\/congres\/wp-content\/uploads\/2022\/09\/Portada-video_19.1.1-1024x576.jpg 1024w, https:\/\/fundacioepisteme.cat\/congres\/wp-content\/uploads\/2022\/09\/Portada-video_19.1.1-300x169.jpg 300w, https:\/\/fundacioepisteme.cat\/congres\/wp-content\/uploads\/2022\/09\/Portada-video_19.1.1-768x432.jpg 768w, https:\/\/fundacioepisteme.cat\/congres\/wp-content\/uploads\/2022\/09\/Portada-video_19.1.1-1536x864.jpg 1536w, https:\/\/fundacioepisteme.cat\/congres\/wp-content\/uploads\/2022\/09\/Portada-video_19.1.1-800x450.jpg 800w, https:\/\/fundacioepisteme.cat\/congres\/wp-content\/uploads\/2022\/09\/Portada-video_19.1.1-600x338.jpg 600w, https:\/\/fundacioepisteme.cat\/congres\/wp-content\/uploads\/2022\/09\/Portada-video_19.1.1.jpg 1920w\" sizes=\"(max-width: 1024px) 100vw, 1024px\" \/>\t\t\t\t\t\t\t\t\t\t\t\t\t\t\t<\/div>\n\t\t\t\t<\/div>\n\t\t\t\t\t<\/div>\n\t\t<\/div>\n\t\t\t\t\t<\/div>\n\t\t<\/section>\n\t\t\t\t<section class=\"elementor-section elementor-top-section elementor-element elementor-element-38dd06e elementor-hidden-tablet elementor-hidden-mobile elementor-section-content-middle elementor-section-boxed elementor-section-height-default elementor-section-height-default\" data-id=\"38dd06e\" data-element_type=\"section\" data-e-type=\"section\">\n\t\t\t\t\t\t<div class=\"elementor-container elementor-column-gap-no\">\n\t\t\t\t\t<div class=\"elementor-column elementor-col-100 elementor-top-column elementor-element elementor-element-5ea5ffd9\" data-id=\"5ea5ffd9\" data-element_type=\"column\" data-e-type=\"column\">\n\t\t\t<div class=\"elementor-widget-wrap elementor-element-populated\">\n\t\t\t\t\t\t<div class=\"elementor-element elementor-element-0088d29 elementor-widget elementor-widget-spacer\" data-id=\"0088d29\" data-element_type=\"widget\" data-e-type=\"widget\" data-widget_type=\"spacer.default\">\n\t\t\t\t<div class=\"elementor-widget-container\">\n\t\t\t\t\t\t\t<div class=\"elementor-spacer\">\n\t\t\t<div class=\"elementor-spacer-inner\"><\/div>\n\t\t<\/div>\n\t\t\t\t\t\t<\/div>\n\t\t\t\t<\/div>\n\t\t\t\t<div class=\"elementor-element elementor-element-13119d41 elementor-widget elementor-widget-heading\" data-id=\"13119d41\" data-element_type=\"widget\" data-e-type=\"widget\" data-widget_type=\"heading.default\">\n\t\t\t\t<div class=\"elementor-widget-container\">\n\t\t\t\t\t<h2 class=\"elementor-heading-title elementor-size-default\">PREMSA<\/h2>\t\t\t\t<\/div>\n\t\t\t\t<\/div>\n\t\t\t\t<div class=\"elementor-element elementor-element-44784d9d elementor-posts--align-center elementor-grid-3 elementor-grid-tablet-2 elementor-grid-mobile-1 elementor-posts--thumbnail-top elementor-widget elementor-widget-posts\" data-id=\"44784d9d\" data-element_type=\"widget\" data-e-type=\"widget\" data-settings=\"{&quot;classic_row_gap&quot;:{&quot;unit&quot;:&quot;px&quot;,&quot;size&quot;:20,&quot;sizes&quot;:[]},&quot;pagination_type&quot;:&quot;numbers&quot;,&quot;classic_columns&quot;:&quot;3&quot;,&quot;classic_columns_tablet&quot;:&quot;2&quot;,&quot;classic_columns_mobile&quot;:&quot;1&quot;,&quot;classic_row_gap_tablet&quot;:{&quot;unit&quot;:&quot;px&quot;,&quot;size&quot;:&quot;&quot;,&quot;sizes&quot;:[]},&quot;classic_row_gap_mobile&quot;:{&quot;unit&quot;:&quot;px&quot;,&quot;size&quot;:&quot;&quot;,&quot;sizes&quot;:[]}}\" data-widget_type=\"posts.classic\">\n\t\t\t\t<div class=\"elementor-widget-container\">\n\t\t\t\t\t\t\t<div class=\"elementor-posts-container elementor-posts elementor-posts--skin-classic elementor-grid\" role=\"list\">\n\t\t\t\t<article class=\"elementor-post elementor-grid-item post-3019 post type-post status-publish format-standard has-post-thumbnail hentry category-3prensa entry has-media owp-thumbs-layout-horizontal owp-btn-normal owp-tabs-layout-horizontal has-no-thumbnails has-product-nav\" role=\"listitem\">\n\t\t\t\t<a class=\"elementor-post__thumbnail__link\" href=\"https:\/\/fundacioepisteme.cat\/congres\/exito-educativo\/\" tabindex=\"-1\" >\n\t\t\t<div class=\"elementor-post__thumbnail\"><img decoding=\"async\" width=\"707\" height=\"855\" src=\"https:\/\/fundacioepisteme.cat\/congres\/wp-content\/uploads\/2024\/03\/exito-educativo.jpg\" class=\"attachment-full size-full wp-image-3020\" alt=\"\" srcset=\"https:\/\/fundacioepisteme.cat\/congres\/wp-content\/uploads\/2024\/03\/exito-educativo.jpg 707w, https:\/\/fundacioepisteme.cat\/congres\/wp-content\/uploads\/2024\/03\/exito-educativo-248x300.jpg 248w, https:\/\/fundacioepisteme.cat\/congres\/wp-content\/uploads\/2024\/03\/exito-educativo-600x726.jpg 600w\" sizes=\"(max-width: 707px) 100vw, 707px\" \/><\/div>\n\t\t<\/a>\n\t\t\t\t<div class=\"elementor-post__text\">\n\t\t\t\t<h3 class=\"elementor-post__title\">\n\t\t\t<a href=\"https:\/\/fundacioepisteme.cat\/congres\/exito-educativo\/\" >\n\t\t\t\t\u00c9xito Educativo\t\t\t<\/a>\n\t\t<\/h3>\n\t\t\t\t<div class=\"elementor-post__meta-data\">\n\t\t\t\t\t<span class=\"elementor-post-date\">\n\t\t\t8 de marzo de 2024\t\t<\/span>\n\t\t\t\t<span class=\"elementor-post-avatar\">\n\t\t\tNo hay comentarios\t\t<\/span>\n\t\t\t\t<\/div>\n\t\t\t\t<div class=\"elementor-post__excerpt\">\n\t\t\t<p>El Observatorio de la Realidad Educativa (OCRE ) y la Fundaci\u00f3n Episteme organizan el III Congreso de Expertos Docentes para un An\u00e1lisis Cr\u00edtico de la Educaci\u00f3n, edici\u00f3n que se celebrar\u00e1 en la Casa de la Comunidad Valenciana en Madrid el viernes, 10 y s\u00e1bado, 11 de mayo.<\/p>\t\t<\/div>\n\t\t\n\t\t<a class=\"elementor-post__read-more\" href=\"https:\/\/fundacioepisteme.cat\/congres\/exito-educativo\/\" aria-label=\"M\u00e1s informaci\u00f3n sobre \u00c9xito Educativo\" tabindex=\"-1\" >\n\t\t\tLlegir m\u00e9s \u00bb\t\t<\/a>\n\n\t\t\t\t<\/div>\n\t\t\t\t<\/article>\n\t\t\t\t<article class=\"elementor-post elementor-grid-item post-3013 post type-post status-publish format-standard has-post-thumbnail hentry category-3prensa entry has-media owp-thumbs-layout-horizontal owp-btn-normal owp-tabs-layout-horizontal has-no-thumbnails has-product-nav\" role=\"listitem\">\n\t\t\t\t<a class=\"elementor-post__thumbnail__link\" href=\"https:\/\/fundacioepisteme.cat\/congres\/iii-congreso-de-expertos-docentes-la-educacion-sin-pulso-que-hacer-tras-pisa\/\" tabindex=\"-1\" >\n\t\t\t<div class=\"elementor-post__thumbnail\"><img decoding=\"async\" width=\"778\" height=\"810\" src=\"https:\/\/fundacioepisteme.cat\/congres\/wp-content\/uploads\/2024\/03\/inedit.jpg\" class=\"attachment-full size-full wp-image-3014\" alt=\"\" srcset=\"https:\/\/fundacioepisteme.cat\/congres\/wp-content\/uploads\/2024\/03\/inedit.jpg 778w, https:\/\/fundacioepisteme.cat\/congres\/wp-content\/uploads\/2024\/03\/inedit-288x300.jpg 288w, https:\/\/fundacioepisteme.cat\/congres\/wp-content\/uploads\/2024\/03\/inedit-768x800.jpg 768w, https:\/\/fundacioepisteme.cat\/congres\/wp-content\/uploads\/2024\/03\/inedit-600x625.jpg 600w\" sizes=\"(max-width: 778px) 100vw, 778px\" \/><\/div>\n\t\t<\/a>\n\t\t\t\t<div class=\"elementor-post__text\">\n\t\t\t\t<h3 class=\"elementor-post__title\">\n\t\t\t<a href=\"https:\/\/fundacioepisteme.cat\/congres\/iii-congreso-de-expertos-docentes-la-educacion-sin-pulso-que-hacer-tras-pisa\/\" >\n\t\t\t\tAgencia In\u00e8dit\t\t\t<\/a>\n\t\t<\/h3>\n\t\t\t\t<div class=\"elementor-post__meta-data\">\n\t\t\t\t\t<span class=\"elementor-post-date\">\n\t\t\t7 de marzo de 2024\t\t<\/span>\n\t\t\t\t<span class=\"elementor-post-avatar\">\n\t\t\tNo hay comentarios\t\t<\/span>\n\t\t\t\t<\/div>\n\t\t\t\t<div class=\"elementor-post__excerpt\">\n\t\t\t<p>El Observatorio de la Realidad Educativa (OCRE) y la Fundaci\u00f3n Episteme organizan su III Congreso de Expertos Docentes para un An\u00e1lisis Cr\u00edtico de la Educaci\u00f3n, edici\u00f3n que se celebrar\u00e1 en la Casa de la Comunitat Valenciana en Madrid el viernes 10 y el s\u00e1bado 11 de mayo, una cita obligada para todos los profesionales de la\t\t<\/div>\n\t\t\n\t\t<a class=\"elementor-post__read-more\" href=\"https:\/\/fundacioepisteme.cat\/congres\/iii-congreso-de-expertos-docentes-la-educacion-sin-pulso-que-hacer-tras-pisa\/\" aria-label=\"M\u00e1s informaci\u00f3n sobre Agencia In\u00e8dit\" tabindex=\"-1\" >\n\t\t\tLlegir m\u00e9s \u00bb\t\t<\/a>\n\n\t\t\t\t<\/div>\n\t\t\t\t<\/article>\n\t\t\t\t<article class=\"elementor-post elementor-grid-item post-2324 post type-post status-publish format-standard has-post-thumbnail hentry category-3prensa tag-francisco-lopez-ruperez tag-iii-congreso-de-expertos-docentes tag-la-educacion-sin-pulso tag-laura-rodriguez-montecino tag-miguel-angel-tirado-ramos entry has-media owp-thumbs-layout-horizontal owp-btn-normal owp-tabs-layout-horizontal has-no-thumbnails has-product-nav\" role=\"listitem\">\n\t\t\t\t<a class=\"elementor-post__thumbnail__link\" href=\"https:\/\/fundacioepisteme.cat\/congres\/nota-de-prensa-iii-congreso-de-expertos-docentes\/\" tabindex=\"-1\" >\n\t\t\t<div class=\"elementor-post__thumbnail\"><img loading=\"lazy\" decoding=\"async\" width=\"1000\" height=\"562\" src=\"https:\/\/fundacioepisteme.cat\/congres\/wp-content\/uploads\/2024\/02\/cartell_1_1000.jpg\" class=\"attachment-full size-full wp-image-2344\" alt=\"\" srcset=\"https:\/\/fundacioepisteme.cat\/congres\/wp-content\/uploads\/2024\/02\/cartell_1_1000.jpg 1000w, https:\/\/fundacioepisteme.cat\/congres\/wp-content\/uploads\/2024\/02\/cartell_1_1000-300x169.jpg 300w, https:\/\/fundacioepisteme.cat\/congres\/wp-content\/uploads\/2024\/02\/cartell_1_1000-768x432.jpg 768w, https:\/\/fundacioepisteme.cat\/congres\/wp-content\/uploads\/2024\/02\/cartell_1_1000-800x450.jpg 800w, https:\/\/fundacioepisteme.cat\/congres\/wp-content\/uploads\/2024\/02\/cartell_1_1000-600x337.jpg 600w\" sizes=\"(max-width: 1000px) 100vw, 1000px\" \/><\/div>\n\t\t<\/a>\n\t\t\t\t<div class=\"elementor-post__text\">\n\t\t\t\t<h3 class=\"elementor-post__title\">\n\t\t\t<a href=\"https:\/\/fundacioepisteme.cat\/congres\/nota-de-prensa-iii-congreso-de-expertos-docentes\/\" >\n\t\t\t\tNOTA DE PRENSA \u00abIII Congreso de Expertos Docentes\u00bb\t\t\t<\/a>\n\t\t<\/h3>\n\t\t\t\t<div class=\"elementor-post__meta-data\">\n\t\t\t\t\t<span class=\"elementor-post-date\">\n\t\t\t21 de febrero de 2024\t\t<\/span>\n\t\t\t\t<span class=\"elementor-post-avatar\">\n\t\t\tNo hay comentarios\t\t<\/span>\n\t\t\t\t<\/div>\n\t\t\t\t<div class=\"elementor-post__excerpt\">\n\t\t\t<p>El Observatorio de la Realidad Educativa (OCRE) y la Fundaci\u00f3n Episteme organizan su III Congreso de Expertos Docentes para un An\u00e1lisis Cr\u00edtico de la Educaci\u00f3n, edici\u00f3n que se celebrar\u00e1 en la Casa de la Comunitat Valenciana en Madrid el viernes, 10 y s\u00e1bado, 11 de mayo. Bajo el t\u00edtulo: La educaci\u00f3n sin pulso. \u00bfQu\u00e9 hacer&#8230;.<\/p>\t\t<\/div>\n\t\t\n\t\t<a class=\"elementor-post__read-more\" href=\"https:\/\/fundacioepisteme.cat\/congres\/nota-de-prensa-iii-congreso-de-expertos-docentes\/\" aria-label=\"M\u00e1s informaci\u00f3n sobre NOTA DE PRENSA \u00abIII Congreso de Expertos Docentes\u00bb\" tabindex=\"-1\" >\n\t\t\tLlegir m\u00e9s \u00bb\t\t<\/a>\n\n\t\t\t\t<\/div>\n\t\t\t\t<\/article>\n\t\t\t\t<article class=\"elementor-post elementor-grid-item post-2144 post type-post status-publish format-standard has-post-thumbnail hentry category-premsa tag-fundacio-episteme tag-ii-congres-dexperts-docents tag-nuno-crato tag-ocre entry has-media owp-thumbs-layout-horizontal owp-btn-normal owp-tabs-layout-horizontal has-no-thumbnails has-product-nav\" role=\"listitem\">\n\t\t\t\t<a class=\"elementor-post__thumbnail__link\" href=\"https:\/\/fundacioepisteme.cat\/congres\/catalunya-vanguardista-es-posible-una-revolucion-cientifica-en-la-educacion\/\" tabindex=\"-1\" >\n\t\t\t<div class=\"elementor-post__thumbnail\"><img loading=\"lazy\" decoding=\"async\" width=\"953\" height=\"533\" src=\"https:\/\/fundacioepisteme.cat\/congres\/wp-content\/uploads\/2022\/11\/CatVanguardista.jpg\" class=\"attachment-full size-full wp-image-2156\" alt=\"\" srcset=\"https:\/\/fundacioepisteme.cat\/congres\/wp-content\/uploads\/2022\/11\/CatVanguardista.jpg 953w, https:\/\/fundacioepisteme.cat\/congres\/wp-content\/uploads\/2022\/11\/CatVanguardista-300x168.jpg 300w, https:\/\/fundacioepisteme.cat\/congres\/wp-content\/uploads\/2022\/11\/CatVanguardista-768x430.jpg 768w, https:\/\/fundacioepisteme.cat\/congres\/wp-content\/uploads\/2022\/11\/CatVanguardista-600x336.jpg 600w\" sizes=\"(max-width: 953px) 100vw, 953px\" \/><\/div>\n\t\t<\/a>\n\t\t\t\t<div class=\"elementor-post__text\">\n\t\t\t\t<h3 class=\"elementor-post__title\">\n\t\t\t<a href=\"https:\/\/fundacioepisteme.cat\/congres\/catalunya-vanguardista-es-posible-una-revolucion-cientifica-en-la-educacion\/\" >\n\t\t\t\tCATALUNYA VANGUARDISTA\/ \u00bfEs posible una revoluci\u00f3n cient\u00edfica en la educaci\u00f3n?\t\t\t<\/a>\n\t\t<\/h3>\n\t\t\t\t<div class=\"elementor-post__meta-data\">\n\t\t\t\t\t<span class=\"elementor-post-date\">\n\t\t\t30 de noviembre de 2022\t\t<\/span>\n\t\t\t\t<span class=\"elementor-post-avatar\">\n\t\t\tNo hay comentarios\t\t<\/span>\n\t\t\t\t<\/div>\n\t\t\t\t<div class=\"elementor-post__excerpt\">\n\t\t\t<p><P align=\"left\">\u00bfHasta qu\u00e9 punto puede ayudar la ciencia a la educaci\u00f3n? \u00bfPor qu\u00e9 se aceptan pol\u00edticas educativas sin contrastaci\u00f3n? \u00bfSon realmente \u2018novedosas\u2019 las competencias en educaci\u00f3n? \u00bfEs la sociedad realmente consciente de cuanto sucede dentro las aulas? \u00bfSe debe devolver al docente su libertad de c\u00e1tedra y su prestigio? \u00bfEs la educaci\u00f3n reh\u00e9n de un modelo\t\t<\/div>\n\t\t\n\t\t<a class=\"elementor-post__read-more\" href=\"https:\/\/fundacioepisteme.cat\/congres\/catalunya-vanguardista-es-posible-una-revolucion-cientifica-en-la-educacion\/\" aria-label=\"M\u00e1s informaci\u00f3n sobre CATALUNYA VANGUARDISTA\/ \u00bfEs posible una revoluci\u00f3n cient\u00edfica en la educaci\u00f3n?\" tabindex=\"-1\" >\n\t\t\tLlegir m\u00e9s \u00bb\t\t<\/a>\n\n\t\t\t\t<\/div>\n\t\t\t\t<\/article>\n\t\t\t\t<article class=\"elementor-post elementor-grid-item post-2145 post type-post status-publish format-standard has-post-thumbnail hentry category-premsa tag-fundacio-episteme tag-ii-congres-dexperts-docents tag-ocre entry has-media owp-thumbs-layout-horizontal owp-btn-normal owp-tabs-layout-horizontal has-no-thumbnails has-product-nav\" role=\"listitem\">\n\t\t\t\t<a class=\"elementor-post__thumbnail__link\" href=\"https:\/\/fundacioepisteme.cat\/congres\/magisterio-ni-profesaurios-ni-rojipardos-docentes-para-el-futuro-de-la-escuela-publica-opinio\/\" tabindex=\"-1\" >\n\t\t\t<div class=\"elementor-post__thumbnail\"><img loading=\"lazy\" decoding=\"async\" width=\"1207\" height=\"605\" src=\"https:\/\/fundacioepisteme.cat\/congres\/wp-content\/uploads\/2022\/11\/Magisterio.jpg\" class=\"attachment-full size-full wp-image-2147\" alt=\"\" srcset=\"https:\/\/fundacioepisteme.cat\/congres\/wp-content\/uploads\/2022\/11\/Magisterio.jpg 1207w, https:\/\/fundacioepisteme.cat\/congres\/wp-content\/uploads\/2022\/11\/Magisterio-300x150.jpg 300w, https:\/\/fundacioepisteme.cat\/congres\/wp-content\/uploads\/2022\/11\/Magisterio-1024x513.jpg 1024w, https:\/\/fundacioepisteme.cat\/congres\/wp-content\/uploads\/2022\/11\/Magisterio-768x385.jpg 768w, https:\/\/fundacioepisteme.cat\/congres\/wp-content\/uploads\/2022\/11\/Magisterio-600x301.jpg 600w\" sizes=\"(max-width: 1207px) 100vw, 1207px\" \/><\/div>\n\t\t<\/a>\n\t\t\t\t<div class=\"elementor-post__text\">\n\t\t\t\t<h3 class=\"elementor-post__title\">\n\t\t\t<a href=\"https:\/\/fundacioepisteme.cat\/congres\/magisterio-ni-profesaurios-ni-rojipardos-docentes-para-el-futuro-de-la-escuela-publica-opinio\/\" >\n\t\t\t\tMAGISTERIO \/ Ni &#8216;profesaurios&#8217; ni &#8216;rojipardos&#8217;, docentes para el futuro de la escuela pu\u0301blica \/ OPINI\u00d3\t\t\t<\/a>\n\t\t<\/h3>\n\t\t\t\t<div class=\"elementor-post__meta-data\">\n\t\t\t\t\t<span class=\"elementor-post-date\">\n\t\t\t28 de noviembre de 2022\t\t<\/span>\n\t\t\t\t<span class=\"elementor-post-avatar\">\n\t\t\tNo hay comentarios\t\t<\/span>\n\t\t\t\t<\/div>\n\t\t\t\t<div class=\"elementor-post__excerpt\">\n\t\t\t<p><P align=\"left\">El rugido de los \u2018profesaurios\u2019 se ha hecho o\u00edr este fin de semana en Barcelona, d\u00f3nde se ha celebrado el II Congreso de Expertos Docentes para un an\u00e1lisis cr\u00edtico de la educaci\u00f3n en Barcelona, un nuevo foro de docentes cr\u00edticos con el modelo educativo actual. El congreso se iniciaba con el cartel de \u201cplazas agotadas\u201d\t\t<\/div>\n\t\t\n\t\t<a class=\"elementor-post__read-more\" href=\"https:\/\/fundacioepisteme.cat\/congres\/magisterio-ni-profesaurios-ni-rojipardos-docentes-para-el-futuro-de-la-escuela-publica-opinio\/\" aria-label=\"M\u00e1s informaci\u00f3n sobre MAGISTERIO \/ Ni &#8216;profesaurios&#8217; ni &#8216;rojipardos&#8217;, docentes para el futuro de la escuela pu\u0301blica \/ OPINI\u00d3\" tabindex=\"-1\" >\n\t\t\tLlegir m\u00e9s \u00bb\t\t<\/a>\n\n\t\t\t\t<\/div>\n\t\t\t\t<\/article>\n\t\t\t\t<article class=\"elementor-post elementor-grid-item post-2134 post type-post status-publish format-standard has-post-thumbnail hentry category-premsa tag-fundacio-episteme tag-ii-congres-dexperts-docents tag-ocre entry has-media owp-thumbs-layout-horizontal owp-btn-normal owp-tabs-layout-horizontal has-no-thumbnails has-product-nav\" role=\"listitem\">\n\t\t\t\t<a class=\"elementor-post__thumbnail__link\" href=\"https:\/\/fundacioepisteme.cat\/congres\/el-periodico-el-agitado-debate-sobre-el-sistema-educativo-suma-nuevos-actores\/\" tabindex=\"-1\" >\n\t\t\t<div class=\"elementor-post__thumbnail\"><img loading=\"lazy\" decoding=\"async\" width=\"772\" height=\"276\" src=\"https:\/\/fundacioepisteme.cat\/congres\/wp-content\/uploads\/2022\/11\/El-Periodico-post-congres.jpg\" class=\"attachment-full size-full wp-image-2136\" alt=\"\" srcset=\"https:\/\/fundacioepisteme.cat\/congres\/wp-content\/uploads\/2022\/11\/El-Periodico-post-congres.jpg 772w, https:\/\/fundacioepisteme.cat\/congres\/wp-content\/uploads\/2022\/11\/El-Periodico-post-congres-300x107.jpg 300w, https:\/\/fundacioepisteme.cat\/congres\/wp-content\/uploads\/2022\/11\/El-Periodico-post-congres-768x275.jpg 768w, https:\/\/fundacioepisteme.cat\/congres\/wp-content\/uploads\/2022\/11\/El-Periodico-post-congres-600x215.jpg 600w\" sizes=\"(max-width: 772px) 100vw, 772px\" \/><\/div>\n\t\t<\/a>\n\t\t\t\t<div class=\"elementor-post__text\">\n\t\t\t\t<h3 class=\"elementor-post__title\">\n\t\t\t<a href=\"https:\/\/fundacioepisteme.cat\/congres\/el-periodico-el-agitado-debate-sobre-el-sistema-educativo-suma-nuevos-actores\/\" >\n\t\t\t\tEL PERI\u00d3DICO \/ El (agitado) debate sobre el sistema educativo suma nuevos actores\t\t\t<\/a>\n\t\t<\/h3>\n\t\t\t\t<div class=\"elementor-post__meta-data\">\n\t\t\t\t\t<span class=\"elementor-post-date\">\n\t\t\t27 de noviembre de 2022\t\t<\/span>\n\t\t\t\t<span class=\"elementor-post-avatar\">\n\t\t\tNo hay comentarios\t\t<\/span>\n\t\t\t\t<\/div>\n\t\t\t\t<div class=\"elementor-post__excerpt\">\n\t\t\t<p><P align=\"left\">Este s\u00e1bado se ha celebrado en Barcelona el II Congreso de expertos docentes para un an\u00e1lisis cr\u00edtico de la educaci\u00f3n, con todas las plazas agotadas desde hace 10 d\u00edas. Encuentro organizado por la Fundaci\u00f3n Episteme, entidad tambi\u00e9n muy joven, con algo m\u00e1s de un a\u00f1o de vida, para denunciar que \u00abel conocimiento est\u00e1 siendo arrancado\t\t<\/div>\n\t\t\n\t\t<a class=\"elementor-post__read-more\" href=\"https:\/\/fundacioepisteme.cat\/congres\/el-periodico-el-agitado-debate-sobre-el-sistema-educativo-suma-nuevos-actores\/\" aria-label=\"M\u00e1s informaci\u00f3n sobre EL PERI\u00d3DICO \/ El (agitado) debate sobre el sistema educativo suma nuevos actores\" tabindex=\"-1\" >\n\t\t\tLlegir m\u00e9s \u00bb\t\t<\/a>\n\n\t\t\t\t<\/div>\n\t\t\t\t<\/article>\n\t\t\t\t<article class=\"elementor-post elementor-grid-item post-2121 post type-post status-publish format-standard has-post-thumbnail hentry category-premsa tag-fundacio-episteme tag-ii-congres-dexperts-docents tag-irene-murcia tag-ocre entry has-media owp-thumbs-layout-horizontal owp-btn-normal owp-tabs-layout-horizontal has-no-thumbnails has-product-nav\" role=\"listitem\">\n\t\t\t\t<a class=\"elementor-post__thumbnail__link\" href=\"https:\/\/fundacioepisteme.cat\/congres\/hoy-la-revolucion-critica-en-educacion-ha-comenzado\/\" tabindex=\"-1\" >\n\t\t\t<div class=\"elementor-post__thumbnail\"><img loading=\"lazy\" decoding=\"async\" width=\"1037\" height=\"668\" src=\"https:\/\/fundacioepisteme.cat\/congres\/wp-content\/uploads\/2022\/11\/HOY.jpg\" class=\"attachment-full size-full wp-image-2123\" alt=\"\" srcset=\"https:\/\/fundacioepisteme.cat\/congres\/wp-content\/uploads\/2022\/11\/HOY.jpg 1037w, https:\/\/fundacioepisteme.cat\/congres\/wp-content\/uploads\/2022\/11\/HOY-300x193.jpg 300w, https:\/\/fundacioepisteme.cat\/congres\/wp-content\/uploads\/2022\/11\/HOY-1024x660.jpg 1024w, https:\/\/fundacioepisteme.cat\/congres\/wp-content\/uploads\/2022\/11\/HOY-768x495.jpg 768w, https:\/\/fundacioepisteme.cat\/congres\/wp-content\/uploads\/2022\/11\/HOY-600x386.jpg 600w\" sizes=\"(max-width: 1037px) 100vw, 1037px\" \/><\/div>\n\t\t<\/a>\n\t\t\t\t<div class=\"elementor-post__text\">\n\t\t\t\t<h3 class=\"elementor-post__title\">\n\t\t\t<a href=\"https:\/\/fundacioepisteme.cat\/congres\/hoy-la-revolucion-critica-en-educacion-ha-comenzado\/\" >\n\t\t\t\tHOY \/ La revoluci\u00f3n cr\u00edtica en educaci\u00f3n ha comenzado\t\t\t<\/a>\n\t\t<\/h3>\n\t\t\t\t<div class=\"elementor-post__meta-data\">\n\t\t\t\t\t<span class=\"elementor-post-date\">\n\t\t\t26 de noviembre de 2022\t\t<\/span>\n\t\t\t\t<span class=\"elementor-post-avatar\">\n\t\t\tNo hay comentarios\t\t<\/span>\n\t\t\t\t<\/div>\n\t\t\t\t<div class=\"elementor-post__excerpt\">\n\t\t\t<p><P align=\"left\">La mayor\u00eda de los ponentes coinciden en que la situaci\u00f3n afecta m\u00e1s a aquellos alumnos con menos recursos, Irene Murcia, presidenta del Observatorio Cr\u00edtico de la Realidad Educativa (OCRE) no tiene duda de ello y a\u00f1ade que hay que utilizar las tecnolog\u00edas, pero no depender de ellas para poder ense\u00f1ar.<\/H1><\/p>\t\t<\/div>\n\t\t\n\t\t<a class=\"elementor-post__read-more\" href=\"https:\/\/fundacioepisteme.cat\/congres\/hoy-la-revolucion-critica-en-educacion-ha-comenzado\/\" aria-label=\"M\u00e1s informaci\u00f3n sobre HOY \/ La revoluci\u00f3n cr\u00edtica en educaci\u00f3n ha comenzado\" tabindex=\"-1\" >\n\t\t\tLlegir m\u00e9s \u00bb\t\t<\/a>\n\n\t\t\t\t<\/div>\n\t\t\t\t<\/article>\n\t\t\t\t<article class=\"elementor-post elementor-grid-item post-2110 post type-post status-publish format-standard has-post-thumbnail hentry category-premsa tag-fundacio-episteme tag-ii-congres-dexperts-docents tag-irene-murcia tag-ocre entry has-media owp-thumbs-layout-horizontal owp-btn-normal owp-tabs-layout-horizontal has-no-thumbnails has-product-nav\" role=\"listitem\">\n\t\t\t\t<a class=\"elementor-post__thumbnail__link\" href=\"https:\/\/fundacioepisteme.cat\/congres\/el-comercio-la-revolucion-critica-en-educacion-ha-comenzado\/\" tabindex=\"-1\" >\n\t\t\t<div class=\"elementor-post__thumbnail\"><img loading=\"lazy\" decoding=\"async\" width=\"1044\" height=\"669\" src=\"https:\/\/fundacioepisteme.cat\/congres\/wp-content\/uploads\/2022\/11\/eL-COMERCIO.jpg\" class=\"attachment-full size-full wp-image-2119\" alt=\"\" srcset=\"https:\/\/fundacioepisteme.cat\/congres\/wp-content\/uploads\/2022\/11\/eL-COMERCIO.jpg 1044w, https:\/\/fundacioepisteme.cat\/congres\/wp-content\/uploads\/2022\/11\/eL-COMERCIO-300x192.jpg 300w, https:\/\/fundacioepisteme.cat\/congres\/wp-content\/uploads\/2022\/11\/eL-COMERCIO-1024x656.jpg 1024w, https:\/\/fundacioepisteme.cat\/congres\/wp-content\/uploads\/2022\/11\/eL-COMERCIO-768x492.jpg 768w, https:\/\/fundacioepisteme.cat\/congres\/wp-content\/uploads\/2022\/11\/eL-COMERCIO-600x384.jpg 600w\" sizes=\"(max-width: 1044px) 100vw, 1044px\" \/><\/div>\n\t\t<\/a>\n\t\t\t\t<div class=\"elementor-post__text\">\n\t\t\t\t<h3 class=\"elementor-post__title\">\n\t\t\t<a href=\"https:\/\/fundacioepisteme.cat\/congres\/el-comercio-la-revolucion-critica-en-educacion-ha-comenzado\/\" >\n\t\t\t\tEL  COMERCIO \/ La revoluci\u00f3n cr\u00edtica en educaci\u00f3n ha comenzado\t\t\t<\/a>\n\t\t<\/h3>\n\t\t\t\t<div class=\"elementor-post__meta-data\">\n\t\t\t\t\t<span class=\"elementor-post-date\">\n\t\t\t26 de noviembre de 2022\t\t<\/span>\n\t\t\t\t<span class=\"elementor-post-avatar\">\n\t\t\tNo hay comentarios\t\t<\/span>\n\t\t\t\t<\/div>\n\t\t\t\t<div class=\"elementor-post__excerpt\">\n\t\t\t<p><P align=\"left\">El II Congreso de Expertos Docentes ha sido un \u00e9xito en asistencia presencial, reuniendo a m\u00e1s de ciento setenta docentes, principalmente de la etapa de Secundaria, que perciben que la falta de profesionales, de recursos y el regreso a la ratio habitual de las aulas, complica la aplicaci\u00f3n de los cambios en el curr\u00edculo, de\t\t<\/div>\n\t\t\n\t\t<a class=\"elementor-post__read-more\" href=\"https:\/\/fundacioepisteme.cat\/congres\/el-comercio-la-revolucion-critica-en-educacion-ha-comenzado\/\" aria-label=\"M\u00e1s informaci\u00f3n sobre EL  COMERCIO \/ La revoluci\u00f3n cr\u00edtica en educaci\u00f3n ha comenzado\" tabindex=\"-1\" >\n\t\t\tLlegir m\u00e9s \u00bb\t\t<\/a>\n\n\t\t\t\t<\/div>\n\t\t\t\t<\/article>\n\t\t\t\t<article class=\"elementor-post elementor-grid-item post-2100 post type-post status-publish format-standard has-post-thumbnail hentry category-premsa tag-fundacio-episteme tag-ii-congres-dexperts-docents tag-irene-murcia tag-ocre entry has-media owp-thumbs-layout-horizontal owp-btn-normal owp-tabs-layout-horizontal has-no-thumbnails has-product-nav\" role=\"listitem\">\n\t\t\t\t<a class=\"elementor-post__thumbnail__link\" href=\"https:\/\/fundacioepisteme.cat\/congres\/abc-la-revolucion-critica-en-educacion-ha-comenzado\/\" tabindex=\"-1\" >\n\t\t\t<div class=\"elementor-post__thumbnail\"><img loading=\"lazy\" decoding=\"async\" width=\"1016\" height=\"742\" src=\"https:\/\/fundacioepisteme.cat\/congres\/wp-content\/uploads\/2022\/11\/abc.jpg\" class=\"attachment-full size-full wp-image-2102\" alt=\"\" srcset=\"https:\/\/fundacioepisteme.cat\/congres\/wp-content\/uploads\/2022\/11\/abc.jpg 1016w, https:\/\/fundacioepisteme.cat\/congres\/wp-content\/uploads\/2022\/11\/abc-300x219.jpg 300w, https:\/\/fundacioepisteme.cat\/congres\/wp-content\/uploads\/2022\/11\/abc-768x561.jpg 768w, https:\/\/fundacioepisteme.cat\/congres\/wp-content\/uploads\/2022\/11\/abc-600x438.jpg 600w\" sizes=\"(max-width: 1016px) 100vw, 1016px\" \/><\/div>\n\t\t<\/a>\n\t\t\t\t<div class=\"elementor-post__text\">\n\t\t\t\t<h3 class=\"elementor-post__title\">\n\t\t\t<a href=\"https:\/\/fundacioepisteme.cat\/congres\/abc-la-revolucion-critica-en-educacion-ha-comenzado\/\" >\n\t\t\t\tABC \/ La revoluci\u00f3n cr\u00edtica en educaci\u00f3n ha comenzado\t\t\t<\/a>\n\t\t<\/h3>\n\t\t\t\t<div class=\"elementor-post__meta-data\">\n\t\t\t\t\t<span class=\"elementor-post-date\">\n\t\t\t26 de noviembre de 2022\t\t<\/span>\n\t\t\t\t<span class=\"elementor-post-avatar\">\n\t\t\tNo hay comentarios\t\t<\/span>\n\t\t\t\t<\/div>\n\t\t\t\t<div class=\"elementor-post__excerpt\">\n\t\t\t<p><P align=\"left\">El II Congreso de Expertos Docentes reivindica la defensa de conocimientos fundamentales, en peligro por el uso inadecuado de did\u00e1cticas innovadoras. Fundaci\u00f3n Episteme y el Observatorio Cr\u00edtico de la Realidad Educativa, (OCRE), son los organizadores de esta segunda edici\u00f3n celebrada en Barcelona. Un encuentro que se consolida por promover una mirada cr\u00edtica al sistema educativo\t\t<\/div>\n\t\t\n\t\t<a class=\"elementor-post__read-more\" href=\"https:\/\/fundacioepisteme.cat\/congres\/abc-la-revolucion-critica-en-educacion-ha-comenzado\/\" aria-label=\"M\u00e1s informaci\u00f3n sobre ABC \/ La revoluci\u00f3n cr\u00edtica en educaci\u00f3n ha comenzado\" tabindex=\"-1\" >\n\t\t\tLlegir m\u00e9s \u00bb\t\t<\/a>\n\n\t\t\t\t<\/div>\n\t\t\t\t<\/article>\n\t\t\t\t<article class=\"elementor-post elementor-grid-item post-2093 post type-post status-publish format-standard has-post-thumbnail hentry category-premsa tag-fundacio-episteme tag-ii-congres-dexperts-docents tag-irene-murcia tag-ocre entry has-media owp-thumbs-layout-horizontal owp-btn-normal owp-tabs-layout-horizontal has-no-thumbnails has-product-nav\" role=\"listitem\">\n\t\t\t\t<a class=\"elementor-post__thumbnail__link\" href=\"https:\/\/fundacioepisteme.cat\/congres\/el-diario-de-la-educacion-irene-murcia-defendemos-el-nivel-academico-de-cada-curso-es-la-base-que-los-alumnos-tendran-para-los-siguientes\/\" tabindex=\"-1\" >\n\t\t\t<div class=\"elementor-post__thumbnail\"><img loading=\"lazy\" decoding=\"async\" width=\"734\" height=\"446\" src=\"https:\/\/fundacioepisteme.cat\/congres\/wp-content\/uploads\/2022\/11\/El-diario-de-la-educacion.jpg\" class=\"attachment-full size-full wp-image-2095\" alt=\"\" srcset=\"https:\/\/fundacioepisteme.cat\/congres\/wp-content\/uploads\/2022\/11\/El-diario-de-la-educacion.jpg 734w, https:\/\/fundacioepisteme.cat\/congres\/wp-content\/uploads\/2022\/11\/El-diario-de-la-educacion-300x182.jpg 300w, https:\/\/fundacioepisteme.cat\/congres\/wp-content\/uploads\/2022\/11\/El-diario-de-la-educacion-600x365.jpg 600w\" sizes=\"(max-width: 734px) 100vw, 734px\" \/><\/div>\n\t\t<\/a>\n\t\t\t\t<div class=\"elementor-post__text\">\n\t\t\t\t<h3 class=\"elementor-post__title\">\n\t\t\t<a href=\"https:\/\/fundacioepisteme.cat\/congres\/el-diario-de-la-educacion-irene-murcia-defendemos-el-nivel-academico-de-cada-curso-es-la-base-que-los-alumnos-tendran-para-los-siguientes\/\" >\n\t\t\t\tEL DIARIO DE LA EDUCACI\u00d3N \/ Irene Murcia: \u00abDefendemos el nivel acad\u00e9mico de cada curso, es la base que los alumnos tendr\u00e1n para los siguientes\u00bb\t\t\t<\/a>\n\t\t<\/h3>\n\t\t\t\t<div class=\"elementor-post__meta-data\">\n\t\t\t\t\t<span class=\"elementor-post-date\">\n\t\t\t25 de noviembre de 2022\t\t<\/span>\n\t\t\t\t<span class=\"elementor-post-avatar\">\n\t\t\tNo hay comentarios\t\t<\/span>\n\t\t\t\t<\/div>\n\t\t\t\t<div class=\"elementor-post__excerpt\">\n\t\t\t<p><P align=\"left\"> El Observatori Cr\u00edtic de la Realitat Educativa y la Fundaci\u00f3n Episteme organizan este s\u00e1bado en Barcelona el \u2018II Congreso de Expertos Docentes, para un an\u00e1lisis cr\u00edtico de la educaci\u00f3n\u2019. Hablamos con la presidenta de OCRE: \u201cHay que volver a encontrar el camino del debate para alcanzar los necesarios acuerdos a los que estamos a\t\t<\/div>\n\t\t\n\t\t<a class=\"elementor-post__read-more\" href=\"https:\/\/fundacioepisteme.cat\/congres\/el-diario-de-la-educacion-irene-murcia-defendemos-el-nivel-academico-de-cada-curso-es-la-base-que-los-alumnos-tendran-para-los-siguientes\/\" aria-label=\"M\u00e1s informaci\u00f3n sobre EL DIARIO DE LA EDUCACI\u00d3N \/ Irene Murcia: \u00abDefendemos el nivel acad\u00e9mico de cada curso, es la base que los alumnos tendr\u00e1n para los siguientes\u00bb\" tabindex=\"-1\" >\n\t\t\tLlegir m\u00e9s \u00bb\t\t<\/a>\n\n\t\t\t\t<\/div>\n\t\t\t\t<\/article>\n\t\t\t\t<article class=\"elementor-post elementor-grid-item post-2078 post type-post status-publish format-standard has-post-thumbnail hentry category-premsa tag-congreso-expertos-educacion tag-pedabobos tag-profesaurios entry has-media owp-thumbs-layout-horizontal owp-btn-normal owp-tabs-layout-horizontal has-no-thumbnails has-product-nav\" role=\"listitem\">\n\t\t\t\t<a class=\"elementor-post__thumbnail__link\" href=\"https:\/\/fundacioepisteme.cat\/congres\/el-periodico-profesaurios-contra-pedabobos-la-ensenanza-tradicional-se-da-cita-en-barcelona\/\" tabindex=\"-1\" >\n\t\t\t<div class=\"elementor-post__thumbnail\"><img loading=\"lazy\" decoding=\"async\" width=\"845\" height=\"459\" src=\"https:\/\/fundacioepisteme.cat\/congres\/wp-content\/uploads\/2022\/11\/ELPERIODICO.jpg\" class=\"attachment-full size-full wp-image-2090\" alt=\"\" srcset=\"https:\/\/fundacioepisteme.cat\/congres\/wp-content\/uploads\/2022\/11\/ELPERIODICO.jpg 845w, https:\/\/fundacioepisteme.cat\/congres\/wp-content\/uploads\/2022\/11\/ELPERIODICO-300x163.jpg 300w, https:\/\/fundacioepisteme.cat\/congres\/wp-content\/uploads\/2022\/11\/ELPERIODICO-768x417.jpg 768w, https:\/\/fundacioepisteme.cat\/congres\/wp-content\/uploads\/2022\/11\/ELPERIODICO-600x326.jpg 600w\" sizes=\"(max-width: 845px) 100vw, 845px\" \/><\/div>\n\t\t<\/a>\n\t\t\t\t<div class=\"elementor-post__text\">\n\t\t\t\t<h3 class=\"elementor-post__title\">\n\t\t\t<a href=\"https:\/\/fundacioepisteme.cat\/congres\/el-periodico-profesaurios-contra-pedabobos-la-ensenanza-tradicional-se-da-cita-en-barcelona\/\" >\n\t\t\t\tEL PERI\u00d3DICO \/ &#8216;Profesaurios&#8217; contra &#8216;pedabobos&#8217;: la ense\u00f1anza tradicional se da cita en Barcelona\t\t\t<\/a>\n\t\t<\/h3>\n\t\t\t\t<div class=\"elementor-post__meta-data\">\n\t\t\t\t\t<span class=\"elementor-post-date\">\n\t\t\t19 de noviembre de 2022\t\t<\/span>\n\t\t\t\t<span class=\"elementor-post-avatar\">\n\t\t\tNo hay comentarios\t\t<\/span>\n\t\t\t\t<\/div>\n\t\t\t\t<div class=\"elementor-post__excerpt\">\n\t\t\t<p><P align=\"left\">Su objetivo es claro: trabajar por una \u00abeducaci\u00f3n de calidad centrada en la transmisi\u00f3n de conocimientos\u00bb. As\u00ed lo resume Xavier Mass\u00f3, presidente de la Fundaci\u00f3n Episteme, organizadora, junto al Observatori Cr\u00edtic de la Realitat Educativa (Ocre), del II Congreso de expertos docentes para un an\u00e1lisis cr\u00edtico de la educaci\u00f3n <\/H1><\/p>\t\t<\/div>\n\t\t\n\t\t<a class=\"elementor-post__read-more\" href=\"https:\/\/fundacioepisteme.cat\/congres\/el-periodico-profesaurios-contra-pedabobos-la-ensenanza-tradicional-se-da-cita-en-barcelona\/\" aria-label=\"M\u00e1s informaci\u00f3n sobre EL PERI\u00d3DICO \/ &#8216;Profesaurios&#8217; contra &#8216;pedabobos&#8217;: la ense\u00f1anza tradicional se da cita en Barcelona\" tabindex=\"-1\" >\n\t\t\tLlegir m\u00e9s \u00bb\t\t<\/a>\n\n\t\t\t\t<\/div>\n\t\t\t\t<\/article>\n\t\t\t\t<article class=\"elementor-post elementor-grid-item post-2051 post type-post status-publish format-standard has-post-thumbnail hentry category-premsa entry has-media owp-thumbs-layout-horizontal owp-btn-normal owp-tabs-layout-horizontal has-no-thumbnails has-product-nav\" role=\"listitem\">\n\t\t\t\t<a class=\"elementor-post__thumbnail__link\" href=\"https:\/\/fundacioepisteme.cat\/congres\/el-confidencial-hablan-los-profesores-la-reforma-educativa-es-un-experimento-y-vuestros-hijos-son-cobayas\/\" tabindex=\"-1\" >\n\t\t\t<div class=\"elementor-post__thumbnail\"><img loading=\"lazy\" decoding=\"async\" width=\"1025\" height=\"506\" src=\"https:\/\/fundacioepisteme.cat\/congres\/wp-content\/uploads\/2022\/11\/confidencial.jpg\" class=\"attachment-full size-full wp-image-2053\" alt=\"\" srcset=\"https:\/\/fundacioepisteme.cat\/congres\/wp-content\/uploads\/2022\/11\/confidencial.jpg 1025w, https:\/\/fundacioepisteme.cat\/congres\/wp-content\/uploads\/2022\/11\/confidencial-300x148.jpg 300w, https:\/\/fundacioepisteme.cat\/congres\/wp-content\/uploads\/2022\/11\/confidencial-768x379.jpg 768w, https:\/\/fundacioepisteme.cat\/congres\/wp-content\/uploads\/2022\/11\/confidencial-600x296.jpg 600w\" sizes=\"(max-width: 1025px) 100vw, 1025px\" \/><\/div>\n\t\t<\/a>\n\t\t\t\t<div class=\"elementor-post__text\">\n\t\t\t\t<h3 class=\"elementor-post__title\">\n\t\t\t<a href=\"https:\/\/fundacioepisteme.cat\/congres\/el-confidencial-hablan-los-profesores-la-reforma-educativa-es-un-experimento-y-vuestros-hijos-son-cobayas\/\" >\n\t\t\t\tEL CONFIDENCIAL \/ Hablan los profesores: la reforma educativa es un experimento y vuestros hijos son cobayas\t\t\t<\/a>\n\t\t<\/h3>\n\t\t\t\t<div class=\"elementor-post__meta-data\">\n\t\t\t\t\t<span class=\"elementor-post-date\">\n\t\t\t14 de noviembre de 2022\t\t<\/span>\n\t\t\t\t<span class=\"elementor-post-avatar\">\n\t\t\tNo hay comentarios\t\t<\/span>\n\t\t\t\t<\/div>\n\t\t\t\t<div class=\"elementor-post__excerpt\">\n\t\t\t<p><P align=\"left\">El congreso La necesidad social del conocimiento se celebrar\u00e1 en Barcelona el d\u00eda 26 de noviembre en la Residencia de Investigadores del CSIC. Est\u00e1 abierto a profesores, pero no solo a ellos, y quiere ser el aglutinante que convierta el descontento, casi podr\u00edamos decir que el desconcierto de los docentes, enfrentados a una nueva ley\t\t<\/div>\n\t\t\n\t\t<a class=\"elementor-post__read-more\" href=\"https:\/\/fundacioepisteme.cat\/congres\/el-confidencial-hablan-los-profesores-la-reforma-educativa-es-un-experimento-y-vuestros-hijos-son-cobayas\/\" aria-label=\"M\u00e1s informaci\u00f3n sobre EL CONFIDENCIAL \/ Hablan los profesores: la reforma educativa es un experimento y vuestros hijos son cobayas\" tabindex=\"-1\" >\n\t\t\tLlegir m\u00e9s \u00bb\t\t<\/a>\n\n\t\t\t\t<\/div>\n\t\t\t\t<\/article>\n\t\t\t\t<\/div>\n\t\t\n\t\t\t\t<div class=\"e-load-more-anchor\" data-page=\"1\" data-max-page=\"2\" data-next-page=\"https:\/\/fundacioepisteme.cat\/congres\/wp-json\/wp\/v2\/pages\/237\/page\/2\/\"><\/div>\n\t\t\t\t<nav class=\"elementor-pagination\" aria-label=\"Paginaci\u00f3n\">\n\t\t\t<span aria-current=\"page\" class=\"page-numbers current\"><span class=\"elementor-screen-only\">P\u00e1gina<\/span>1<\/span>\n<a class=\"page-numbers\" href=\"https:\/\/fundacioepisteme.cat\/congres\/wp-json\/wp\/v2\/pages\/237\/page\/2\/\"><span class=\"elementor-screen-only\">P\u00e1gina<\/span>2<\/a>\t\t<\/nav>\n\t\t\t\t\t\t<\/div>\n\t\t\t\t<\/div>\n\t\t\t\t\t<\/div>\n\t\t<\/div>\n\t\t\t\t\t<\/div>\n\t\t<\/section>\n\t\t\t\t<section class=\"elementor-section elementor-top-section elementor-element elementor-element-b629503 elementor-section-boxed elementor-section-height-default elementor-section-height-default\" data-id=\"b629503\" data-element_type=\"section\" data-e-type=\"section\">\n\t\t\t\t\t\t<div class=\"elementor-container elementor-column-gap-default\">\n\t\t\t\t\t<div class=\"elementor-column elementor-col-100 elementor-top-column elementor-element elementor-element-00744a7\" data-id=\"00744a7\" data-element_type=\"column\" data-e-type=\"column\">\n\t\t\t<div class=\"elementor-widget-wrap elementor-element-populated\">\n\t\t\t\t\t\t<div class=\"elementor-element elementor-element-a7df5a9 elementor-widget elementor-widget-spacer\" data-id=\"a7df5a9\" data-element_type=\"widget\" data-e-type=\"widget\" data-widget_type=\"spacer.default\">\n\t\t\t\t<div class=\"elementor-widget-container\">\n\t\t\t\t\t\t\t<div class=\"elementor-spacer\">\n\t\t\t<div class=\"elementor-spacer-inner\"><\/div>\n\t\t<\/div>\n\t\t\t\t\t\t<\/div>\n\t\t\t\t<\/div>\n\t\t\t\t\t<\/div>\n\t\t<\/div>\n\t\t\t\t\t<\/div>\n\t\t<\/section>\n\t\t\t\t<\/div>\n\t\t","protected":false},"excerpt":{"rendered":"<p>PREMSA<\/p>\n","protected":false},"author":1,"featured_media":0,"parent":0,"menu_order":0,"comment_status":"closed","ping_status":"closed","template":"","meta":{"ocean_post_layout":"","ocean_both_sidebars_style":"","ocean_both_sidebars_content_width":0,"ocean_both_sidebars_sidebars_width":0,"ocean_sidebar":"0","ocean_second_sidebar":"0","ocean_disable_margins":"enable","ocean_add_body_class":"","ocean_shortcode_before_top_bar":"","ocean_shortcode_after_top_bar":"","ocean_shortcode_before_header":"","ocean_shortcode_after_header":"","ocean_has_shortcode":"","ocean_shortcode_after_title":"","ocean_shortcode_before_footer_widgets":"","ocean_shortcode_after_footer_widgets":"","ocean_shortcode_before_footer_bottom":"","ocean_shortcode_after_footer_bottom":"","ocean_display_top_bar":"default","ocean_display_header":"default","ocean_header_style":"","ocean_center_header_left_menu":"0","ocean_custom_header_template":"0","ocean_custom_logo":0,"ocean_custom_retina_logo":0,"ocean_custom_logo_max_width":0,"ocean_custom_logo_tablet_max_width":0,"ocean_custom_logo_mobile_max_width":0,"ocean_custom_logo_max_height":0,"ocean_custom_logo_tablet_max_height":0,"ocean_custom_logo_mobile_max_height":0,"ocean_header_custom_menu":"0","ocean_menu_typo_font_family":"0","ocean_menu_typo_font_subset":"","ocean_menu_typo_font_size":0,"ocean_menu_typo_font_size_tablet":0,"ocean_menu_typo_font_size_mobile":0,"ocean_menu_typo_font_size_unit":"px","ocean_menu_typo_font_weight":"","ocean_menu_typo_font_weight_tablet":"","ocean_menu_typo_font_weight_mobile":"","ocean_menu_typo_transform":"","ocean_menu_typo_transform_tablet":"","ocean_menu_typo_transform_mobile":"","ocean_menu_typo_line_height":0,"ocean_menu_typo_line_height_tablet":0,"ocean_menu_typo_line_height_mobile":0,"ocean_menu_typo_line_height_unit":"","ocean_menu_typo_spacing":0,"ocean_menu_typo_spacing_tablet":0,"ocean_menu_typo_spacing_mobile":0,"ocean_menu_typo_spacing_unit":"","ocean_menu_link_color":"","ocean_menu_link_color_hover":"","ocean_menu_link_color_active":"","ocean_menu_link_background":"","ocean_menu_link_hover_background":"","ocean_menu_link_active_background":"","ocean_menu_social_links_bg":"","ocean_menu_social_hover_links_bg":"","ocean_menu_social_links_color":"","ocean_menu_social_hover_links_color":"","ocean_disable_title":"on","ocean_disable_heading":"default","ocean_post_title":"","ocean_post_subheading":"","ocean_post_title_style":"","ocean_post_title_background_color":"","ocean_post_title_background":0,"ocean_post_title_bg_image_position":"","ocean_post_title_bg_image_attachment":"","ocean_post_title_bg_image_repeat":"","ocean_post_title_bg_image_size":"","ocean_post_title_height":0,"ocean_post_title_bg_overlay":0.5,"ocean_post_title_bg_overlay_color":"","ocean_disable_breadcrumbs":"default","ocean_breadcrumbs_color":"","ocean_breadcrumbs_separator_color":"","ocean_breadcrumbs_links_color":"","ocean_breadcrumbs_links_hover_color":"","ocean_display_footer_widgets":"off","ocean_display_footer_bottom":"off","ocean_custom_footer_template":"0","footnotes":""},"class_list":["post-237","page","type-page","status-publish","hentry","entry","has-media","owp-thumbs-layout-horizontal","owp-btn-normal","owp-tabs-layout-horizontal","has-no-thumbnails","has-product-nav"],"jetpack_sharing_enabled":true,"_links":{"self":[{"href":"https:\/\/fundacioepisteme.cat\/congres\/wp-json\/wp\/v2\/pages\/237","targetHints":{"allow":["GET"]}}],"collection":[{"href":"https:\/\/fundacioepisteme.cat\/congres\/wp-json\/wp\/v2\/pages"}],"about":[{"href":"https:\/\/fundacioepisteme.cat\/congres\/wp-json\/wp\/v2\/types\/page"}],"author":[{"embeddable":true,"href":"https:\/\/fundacioepisteme.cat\/congres\/wp-json\/wp\/v2\/users\/1"}],"replies":[{"embeddable":true,"href":"https:\/\/fundacioepisteme.cat\/congres\/wp-json\/wp\/v2\/comments?post=237"}],"version-history":[{"count":36,"href":"https:\/\/fundacioepisteme.cat\/congres\/wp-json\/wp\/v2\/pages\/237\/revisions"}],"predecessor-version":[{"id":2038,"href":"https:\/\/fundacioepisteme.cat\/congres\/wp-json\/wp\/v2\/pages\/237\/revisions\/2038"}],"wp:attachment":[{"href":"https:\/\/fundacioepisteme.cat\/congres\/wp-json\/wp\/v2\/media?parent=237"}],"curies":[{"name":"wp","href":"https:\/\/api.w.org\/{rel}","templated":true}]}}