{"id":84,"date":"2022-09-16T18:57:48","date_gmt":"2022-09-16T16:57:48","guid":{"rendered":"https:\/\/fundacioepisteme.cat\/congres\/?page_id=84"},"modified":"2022-11-02T19:15:16","modified_gmt":"2022-11-02T18:15:16","slug":"presentacio","status":"publish","type":"page","link":"https:\/\/fundacioepisteme.cat\/congres\/presentacio\/","title":{"rendered":"Presentaci\u00f3"},"content":{"rendered":"\t\t<div data-elementor-type=\"wp-page\" data-elementor-id=\"84\" class=\"elementor elementor-84\" data-elementor-post-type=\"page\">\n\t\t\t\t\t\t<section class=\"elementor-section elementor-top-section elementor-element elementor-element-f0fbb07 elementor-section-stretched elementor-section-height-min-height elementor-section-boxed elementor-section-height-default elementor-section-items-middle\" data-id=\"f0fbb07\" data-element_type=\"section\" data-e-type=\"section\" data-settings=\"{&quot;stretch_section&quot;:&quot;section-stretched&quot;,&quot;background_background&quot;:&quot;classic&quot;}\">\n\t\t\t\t\t\t<div class=\"elementor-container elementor-column-gap-no\">\n\t\t\t\t\t<div class=\"elementor-column elementor-col-100 elementor-top-column elementor-element elementor-element-ccf9b99\" data-id=\"ccf9b99\" data-element_type=\"column\" data-e-type=\"column\">\n\t\t\t<div class=\"elementor-widget-wrap elementor-element-populated\">\n\t\t\t\t\t\t<div class=\"elementor-element elementor-element-3d48e3f elementor-widget elementor-widget-video\" data-id=\"3d48e3f\" data-element_type=\"widget\" data-e-type=\"widget\" data-settings=\"{&quot;video_type&quot;:&quot;hosted&quot;,&quot;autoplay&quot;:&quot;yes&quot;,&quot;play_on_mobile&quot;:&quot;yes&quot;,&quot;loop&quot;:&quot;yes&quot;,&quot;show_image_overlay&quot;:&quot;yes&quot;,&quot;image_overlay&quot;:{&quot;url&quot;:&quot;https:\\\/\\\/fundacioepisteme.cat\\\/congres\\\/wp-content\\\/uploads\\\/2022\\\/09\\\/Miniatura-video-Congres-CAT_20.1.1-1.jpg&quot;,&quot;id&quot;:1696,&quot;size&quot;:&quot;&quot;,&quot;alt&quot;:&quot;&quot;,&quot;source&quot;:&quot;library&quot;},&quot;controls&quot;:&quot;yes&quot;}\" data-widget_type=\"video.default\">\n\t\t\t\t<div class=\"elementor-widget-container\">\n\t\t\t\t\t\t\t<div class=\"e-hosted-video elementor-wrapper elementor-open-inline\">\n\t\t\t\t\t<video class=\"elementor-video\" src=\"https:\/\/fundacioepisteme.cat\/congres\/videos\/videocat.mp4\" autoplay=\"\" loop=\"\" controls=\"\" playsinline=\"\" controlsList=\"nodownload\" poster=\"https:\/\/fundacioepisteme.cat\/congres\/wp-content\/uploads\/2022\/09\/Miniatura-video-Congres-CAT_20.1.1-1.jpg\"><\/video>\n\t\t\t\t\t\t<div class=\"elementor-custom-embed-image-overlay\" style=\"background-image: url(https:\/\/fundacioepisteme.cat\/congres\/wp-content\/uploads\/2022\/09\/Miniatura-video-Congres-CAT_20.1.1-1.jpg);\">\n\t\t\t\t\t\t\t\t\t\t\t\t\t\t\t\t<div class=\"elementor-custom-embed-play\" role=\"button\" aria-label=\"Reproducir v\u00eddeo\" tabindex=\"0\">\n\t\t\t\t\t\t\t<i aria-hidden=\"true\" class=\"eicon-play\"><\/i>\t\t\t\t\t\t<\/div>\n\t\t\t\t\t\t\t\t\t<\/div>\n\t\t\t\t\t<\/div>\n\t\t\t\t\t\t<\/div>\n\t\t\t\t<\/div>\n\t\t\t\t\t<\/div>\n\t\t<\/div>\n\t\t\t\t\t<\/div>\n\t\t<\/section>\n\t\t\t\t<section class=\"elementor-section elementor-top-section elementor-element elementor-element-5d8489c2 elementor-section-content-top elementor-section-stretched elementor-section-boxed elementor-section-height-default elementor-section-height-default\" data-id=\"5d8489c2\" data-element_type=\"section\" data-e-type=\"section\" data-settings=\"{&quot;stretch_section&quot;:&quot;section-stretched&quot;,&quot;background_background&quot;:&quot;classic&quot;}\">\n\t\t\t\t\t\t\t<div class=\"elementor-background-overlay\"><\/div>\n\t\t\t\t\t\t\t<div class=\"elementor-container elementor-column-gap-no\">\n\t\t\t\t\t<div class=\"elementor-column elementor-col-50 elementor-top-column elementor-element elementor-element-42791e2\" data-id=\"42791e2\" data-element_type=\"column\" data-e-type=\"column\">\n\t\t\t<div class=\"elementor-widget-wrap elementor-element-populated\">\n\t\t\t\t\t\t<div class=\"elementor-element elementor-element-737eaf7 elementor-widget elementor-widget-heading\" data-id=\"737eaf7\" data-element_type=\"widget\" data-e-type=\"widget\" data-widget_type=\"heading.default\">\n\t\t\t\t<div class=\"elementor-widget-container\">\n\t\t\t\t\t<h1 class=\"elementor-heading-title elementor-size-small\">PRESENTACI\u00d3<\/h1>\t\t\t\t<\/div>\n\t\t\t\t<\/div>\n\t\t\t\t<div class=\"elementor-element elementor-element-66e5d22 elementor-widget elementor-widget-text-editor\" data-id=\"66e5d22\" data-element_type=\"widget\" data-e-type=\"widget\" data-widget_type=\"text-editor.default\">\n\t\t\t\t<div class=\"elementor-widget-container\">\n\t\t\t\t\t\t\t\t\t<p>Despr\u00e9s de l&#8217;\u00e8xit obtingut a la primera edici\u00f3 del <strong>\u00abCongr\u00e9s d&#8217;experts docents per a una an\u00e0lisi cr\u00edtica de l&#8217;educaci\u00f3\u00bb <\/strong>celebrat a Val\u00e8ncia per l&#8217;Associaci\u00f3 OCRE, Barcelona acollir\u00e0 el pr\u00f2xim <strong>dissabte 26 de novembre,<\/strong> la segona edici\u00f3 d&#8217;aquest congr\u00e9s educatiu, en aquesta ocasi\u00f3 dedicat a informar i conscienciar sobre la urgent necessitat de reclamar una educaci\u00f3 de qualitat que contraresti els efectes nocius d&#8217;una ciutadania en vies de mercantilitzaci\u00f3.<\/p><p>Organitzat per OCRE i la Fundaci\u00f3 Episteme, l&#8217;acte titulat <strong>\u00abLa necessitat social del coneixement\u00bb,<\/strong> comptar\u00e0 amb la lli\u00e7\u00f3 inaugural del ministre d&#8217;Educaci\u00f3 de Portugal (2011-2015) <strong>Nuno Crato<\/strong>, qui amb la seva encertada pol\u00edtica educativa va elevar en <strong>44 punts el nivell dels alumnes portuguesos <\/strong>a les proves <strong>PISA<\/strong>.\u00a0Llicenciat en Economia per la universitat T\u00e8cnica de Lisboa, Crato \u00e9s doctor en Matem\u00e0tiques Aplicades. Ha treballat per a l&#8217;Institut Superior d&#8217;Economia, la Universitat de les A\u00e7ores, el Stevens Institute of Technology i el Nova Jersey Institute of Technology. Des del 2000 \u00e9s professor a l&#8217;Institut Superior d&#8217;Economia i Gesti\u00f3 (ISEG). Va ser tamb\u00e9 prorector de la Universitat de T\u00e8cnica de Lisboa. El 2008, el president Cavaco Silva va nomenar-lo comendador de l&#8217;Ordre de l&#8217;Infant Don Enrique.<\/p><p>\u200bEl congr\u00e9s comptar\u00e0 tamb\u00e9 amb <strong>quinze reconeguts experts educatius<\/strong> organitzats entorn a tres taules d&#8217;an\u00e0lisis: \u00ab<strong>Educaci\u00f3 i Societat<\/strong>\u00ab, \u00ab<strong>Doc\u00e8ncia i Societat<\/strong>\u00bb i \u00ab<strong>Propostes<\/strong>\u00ab. L&#8217;objectiu d&#8217;aquesta trobada subratlla la necessitat social de reivindicar el coneixement com l&#8217;enteniment, la intel\u00b7lig\u00e8ncia i la ra\u00f3 natural que guia a qualsevol \u00e9sser hum\u00e0 en les seves facetes individual i col\u00b7lectiva. La defensa del rigor acad\u00e8mic i l&#8217;exig\u00e8ncia dels seus resultats s\u00f3n condicions necess\u00e0ries per a assolir la igualtat, la capacitat de cr\u00edtica i la llibertat de pensament.<\/p><p>Aquest \u00e9s doncs un congr\u00e9s reivindicatiu <strong>obert a la totalitat de la ciutadania<\/strong> que poc a poc i progressivament pateix les conseq\u00fc\u00e8ncies d&#8217;un sistema educatiu irresponsable que retalla els beneficis del coneixement, menysprea la necess\u00e0ria comprensi\u00f3 realista del context i arracona l&#8217;her\u00e8ncia il\u00b7lustrada que va permetre un punt de partida igualitari. Aquesta p\u00e8rdua de drets condemna a l&#8217;\u00e9sser hum\u00e0 al seu sotmetiment m\u00e9s trist. Tots som corresponsables.<\/p>\t\t\t\t\t\t\t\t<\/div>\n\t\t\t\t<\/div>\n\t\t\t\t\t<\/div>\n\t\t<\/div>\n\t\t\t\t<div class=\"elementor-column elementor-col-50 elementor-top-column elementor-element elementor-element-8e12b3e\" data-id=\"8e12b3e\" data-element_type=\"column\" data-e-type=\"column\">\n\t\t\t<div class=\"elementor-widget-wrap elementor-element-populated\">\n\t\t\t\t\t\t<div class=\"elementor-element elementor-element-cee9703 elementor-widget elementor-widget-html\" data-id=\"cee9703\" data-element_type=\"widget\" data-e-type=\"widget\" data-widget_type=\"html.default\">\n\t\t\t\t<div class=\"elementor-widget-container\">\n\t\t\t\t\t<a class=\"twitter-timeline\" data-width=\"400\" data-height=\"650\" href=\"https:\/\/twitter.com\/FEpisteme?ref_src=twsrc%5Etfw\">Tweets by FEpisteme<\/a> <script async src=\"https:\/\/platform.twitter.com\/widgets.js\" charset=\"utf-8\"><\/script> \t\t\t\t<\/div>\n\t\t\t\t<\/div>\n\t\t\t\t\t<\/div>\n\t\t<\/div>\n\t\t\t\t\t<\/div>\n\t\t<\/section>\n\t\t\t\t<section class=\"elementor-section elementor-top-section elementor-element elementor-element-436d3c51 elementor-section-boxed elementor-section-height-default elementor-section-height-default\" data-id=\"436d3c51\" data-element_type=\"section\" data-e-type=\"section\">\n\t\t\t\t\t\t<div class=\"elementor-container elementor-column-gap-default\">\n\t\t\t\t\t<div class=\"elementor-column elementor-col-100 elementor-top-column elementor-element elementor-element-3c4a89b3\" data-id=\"3c4a89b3\" data-element_type=\"column\" data-e-type=\"column\">\n\t\t\t<div class=\"elementor-widget-wrap elementor-element-populated\">\n\t\t\t\t\t\t<div class=\"elementor-element elementor-element-3801fc74 elementor-share-buttons--view-icon elementor-share-buttons--shape-circle elementor-share-buttons--skin-gradient elementor-grid-0 elementor-share-buttons--color-official elementor-widget elementor-widget-share-buttons\" data-id=\"3801fc74\" data-element_type=\"widget\" data-e-type=\"widget\" data-widget_type=\"share-buttons.default\">\n\t\t\t\t<div class=\"elementor-widget-container\">\n\t\t\t\t\t\t\t<div class=\"elementor-grid\" role=\"list\">\n\t\t\t\t\t\t\t\t<div class=\"elementor-grid-item\" role=\"listitem\">\n\t\t\t\t\t\t<div class=\"elementor-share-btn elementor-share-btn_facebook\" role=\"button\" tabindex=\"0\" aria-label=\"Compartir en facebook\">\n\t\t\t\t\t\t\t\t\t\t\t\t\t\t\t<span class=\"elementor-share-btn__icon\">\n\t\t\t\t\t\t\t\t<i class=\"fab fa-facebook\" aria-hidden=\"true\"><\/i>\t\t\t\t\t\t\t<\/span>\n\t\t\t\t\t\t\t\t\t\t\t\t\t\t\t\t\t\t\t\t<\/div>\n\t\t\t\t\t<\/div>\n\t\t\t\t\t\t\t\t\t<div class=\"elementor-grid-item\" role=\"listitem\">\n\t\t\t\t\t\t<div class=\"elementor-share-btn elementor-share-btn_twitter\" role=\"button\" tabindex=\"0\" aria-label=\"Compartir en twitter\">\n\t\t\t\t\t\t\t\t\t\t\t\t\t\t\t<span class=\"elementor-share-btn__icon\">\n\t\t\t\t\t\t\t\t<i class=\"fab fa-twitter\" aria-hidden=\"true\"><\/i>\t\t\t\t\t\t\t<\/span>\n\t\t\t\t\t\t\t\t\t\t\t\t\t\t\t\t\t\t\t\t<\/div>\n\t\t\t\t\t<\/div>\n\t\t\t\t\t\t<\/div>\n\t\t\t\t\t\t<\/div>\n\t\t\t\t<\/div>\n\t\t\t\t\t<\/div>\n\t\t<\/div>\n\t\t\t\t\t<\/div>\n\t\t<\/section>\n\t\t\t\t<\/div>\n\t\t","protected":false},"excerpt":{"rendered":"<p>PRESENTACI\u00d3 Despr\u00e9s de l&#8217;\u00e8xit obtingut a la primera edici\u00f3 del \u00abCongr\u00e9s d&#8217;experts docents per a una an\u00e0lisi cr\u00edtica de l&#8217;educaci\u00f3\u00bb celebrat a Val\u00e8ncia per l&#8217;Associaci\u00f3 OCRE, Barcelona acollir\u00e0 el pr\u00f2xim dissabte 26 de novembre, la segona edici\u00f3 d&#8217;aquest congr\u00e9s educatiu, en aquesta ocasi\u00f3 dedicat a informar i conscienciar sobre la urgent necessitat de reclamar una [&hellip;]<\/p>\n","protected":false},"author":1,"featured_media":0,"parent":0,"menu_order":0,"comment_status":"open","ping_status":"closed","template":"","meta":{"ocean_post_layout":"","ocean_both_sidebars_style":"","ocean_both_sidebars_content_width":0,"ocean_both_sidebars_sidebars_width":0,"ocean_sidebar":"0","ocean_second_sidebar":"0","ocean_disable_margins":"enable","ocean_add_body_class":"","ocean_shortcode_before_top_bar":"","ocean_shortcode_after_top_bar":"","ocean_shortcode_before_header":"","ocean_shortcode_after_header":"","ocean_has_shortcode":"","ocean_shortcode_after_title":"","ocean_shortcode_before_footer_widgets":"","ocean_shortcode_after_footer_widgets":"","ocean_shortcode_before_footer_bottom":"","ocean_shortcode_after_footer_bottom":"","ocean_display_top_bar":"default","ocean_display_header":"default","ocean_header_style":"","ocean_center_header_left_menu":"0","ocean_custom_header_template":"0","ocean_custom_logo":0,"ocean_custom_retina_logo":0,"ocean_custom_logo_max_width":0,"ocean_custom_logo_tablet_max_width":0,"ocean_custom_logo_mobile_max_width":0,"ocean_custom_logo_max_height":0,"ocean_custom_logo_tablet_max_height":0,"ocean_custom_logo_mobile_max_height":0,"ocean_header_custom_menu":"0","ocean_menu_typo_font_family":"0","ocean_menu_typo_font_subset":"","ocean_menu_typo_font_size":0,"ocean_menu_typo_font_size_tablet":0,"ocean_menu_typo_font_size_mobile":0,"ocean_menu_typo_font_size_unit":"px","ocean_menu_typo_font_weight":"","ocean_menu_typo_font_weight_tablet":"","ocean_menu_typo_font_weight_mobile":"","ocean_menu_typo_transform":"","ocean_menu_typo_transform_tablet":"","ocean_menu_typo_transform_mobile":"","ocean_menu_typo_line_height":0,"ocean_menu_typo_line_height_tablet":0,"ocean_menu_typo_line_height_mobile":0,"ocean_menu_typo_line_height_unit":"","ocean_menu_typo_spacing":0,"ocean_menu_typo_spacing_tablet":0,"ocean_menu_typo_spacing_mobile":0,"ocean_menu_typo_spacing_unit":"","ocean_menu_link_color":"","ocean_menu_link_color_hover":"","ocean_menu_link_color_active":"","ocean_menu_link_background":"","ocean_menu_link_hover_background":"","ocean_menu_link_active_background":"","ocean_menu_social_links_bg":"","ocean_menu_social_hover_links_bg":"","ocean_menu_social_links_color":"","ocean_menu_social_hover_links_color":"","ocean_disable_title":"on","ocean_disable_heading":"default","ocean_post_title":"","ocean_post_subheading":"","ocean_post_title_style":"","ocean_post_title_background_color":"","ocean_post_title_background":0,"ocean_post_title_bg_image_position":"","ocean_post_title_bg_image_attachment":"","ocean_post_title_bg_image_repeat":"","ocean_post_title_bg_image_size":"","ocean_post_title_height":0,"ocean_post_title_bg_overlay":0.5,"ocean_post_title_bg_overlay_color":"","ocean_disable_breadcrumbs":"default","ocean_breadcrumbs_color":"","ocean_breadcrumbs_separator_color":"","ocean_breadcrumbs_links_color":"","ocean_breadcrumbs_links_hover_color":"","ocean_display_footer_widgets":"off","ocean_display_footer_bottom":"off","ocean_custom_footer_template":"0","footnotes":""},"class_list":["post-84","page","type-page","status-publish","hentry","entry","owp-thumbs-layout-horizontal","owp-btn-normal","owp-tabs-layout-horizontal","has-no-thumbnails","has-product-nav"],"jetpack_sharing_enabled":true,"_links":{"self":[{"href":"https:\/\/fundacioepisteme.cat\/congres\/wp-json\/wp\/v2\/pages\/84","targetHints":{"allow":["GET"]}}],"collection":[{"href":"https:\/\/fundacioepisteme.cat\/congres\/wp-json\/wp\/v2\/pages"}],"about":[{"href":"https:\/\/fundacioepisteme.cat\/congres\/wp-json\/wp\/v2\/types\/page"}],"author":[{"embeddable":true,"href":"https:\/\/fundacioepisteme.cat\/congres\/wp-json\/wp\/v2\/users\/1"}],"replies":[{"embeddable":true,"href":"https:\/\/fundacioepisteme.cat\/congres\/wp-json\/wp\/v2\/comments?post=84"}],"version-history":[{"count":44,"href":"https:\/\/fundacioepisteme.cat\/congres\/wp-json\/wp\/v2\/pages\/84\/revisions"}],"predecessor-version":[{"id":1733,"href":"https:\/\/fundacioepisteme.cat\/congres\/wp-json\/wp\/v2\/pages\/84\/revisions\/1733"}],"wp:attachment":[{"href":"https:\/\/fundacioepisteme.cat\/congres\/wp-json\/wp\/v2\/media?parent=84"}],"curies":[{"name":"wp","href":"https:\/\/api.w.org\/{rel}","templated":true}]}}