{"id":89,"date":"2022-09-16T19:12:34","date_gmt":"2022-09-16T17:12:34","guid":{"rendered":"https:\/\/fundacioepisteme.cat\/congres\/?page_id=89"},"modified":"2022-11-02T20:06:05","modified_gmt":"2022-11-02T19:06:05","slug":"programa","status":"publish","type":"page","link":"https:\/\/fundacioepisteme.cat\/congres\/programa\/","title":{"rendered":"Programa"},"content":{"rendered":"\t\t<div data-elementor-type=\"wp-page\" data-elementor-id=\"89\" class=\"elementor elementor-89\" data-elementor-post-type=\"page\">\n\t\t\t\t\t\t<section class=\"elementor-section elementor-top-section elementor-element elementor-element-b70de50 elementor-section-stretched elementor-section-height-min-height elementor-section-boxed elementor-section-height-default elementor-section-items-middle\" data-id=\"b70de50\" data-element_type=\"section\" data-e-type=\"section\" data-settings=\"{&quot;stretch_section&quot;:&quot;section-stretched&quot;,&quot;background_background&quot;:&quot;classic&quot;}\">\n\t\t\t\t\t\t<div class=\"elementor-container elementor-column-gap-no\">\n\t\t\t\t\t<div class=\"elementor-column elementor-col-100 elementor-top-column elementor-element elementor-element-52db9a94\" data-id=\"52db9a94\" data-element_type=\"column\" data-e-type=\"column\">\n\t\t\t<div class=\"elementor-widget-wrap elementor-element-populated\">\n\t\t\t\t\t\t<div class=\"elementor-element elementor-element-460861c0 elementor-widget elementor-widget-video\" data-id=\"460861c0\" data-element_type=\"widget\" data-e-type=\"widget\" data-settings=\"{&quot;video_type&quot;:&quot;hosted&quot;,&quot;autoplay&quot;:&quot;yes&quot;,&quot;play_on_mobile&quot;:&quot;yes&quot;,&quot;loop&quot;:&quot;yes&quot;,&quot;show_image_overlay&quot;:&quot;yes&quot;,&quot;image_overlay&quot;:{&quot;url&quot;:&quot;https:\\\/\\\/fundacioepisteme.cat\\\/congres\\\/wp-content\\\/uploads\\\/2022\\\/09\\\/Miniatura-video-Congres-CAT_20.1.1-1.jpg&quot;,&quot;id&quot;:1696,&quot;size&quot;:&quot;&quot;,&quot;alt&quot;:&quot;&quot;,&quot;source&quot;:&quot;library&quot;},&quot;controls&quot;:&quot;yes&quot;}\" data-widget_type=\"video.default\">\n\t\t\t\t<div class=\"elementor-widget-container\">\n\t\t\t\t\t\t\t<div class=\"e-hosted-video elementor-wrapper elementor-open-inline\">\n\t\t\t\t\t<video class=\"elementor-video\" src=\"https:\/\/fundacioepisteme.cat\/congres\/videos\/videocat.mp4\" autoplay=\"\" loop=\"\" controls=\"\" playsinline=\"\" controlsList=\"nodownload\" poster=\"https:\/\/fundacioepisteme.cat\/congres\/wp-content\/uploads\/2022\/09\/Miniatura-video-Congres-CAT_20.1.1-1.jpg\"><\/video>\n\t\t\t\t\t\t<div class=\"elementor-custom-embed-image-overlay\" style=\"background-image: url(https:\/\/fundacioepisteme.cat\/congres\/wp-content\/uploads\/2022\/09\/Miniatura-video-Congres-CAT_20.1.1-1.jpg);\">\n\t\t\t\t\t\t\t\t\t\t\t\t\t\t\t\t<div class=\"elementor-custom-embed-play\" role=\"button\" aria-label=\"Reproducir v\u00eddeo\" tabindex=\"0\">\n\t\t\t\t\t\t\t<i aria-hidden=\"true\" class=\"eicon-play\"><\/i>\t\t\t\t\t\t<\/div>\n\t\t\t\t\t\t\t\t\t<\/div>\n\t\t\t\t\t<\/div>\n\t\t\t\t\t\t<\/div>\n\t\t\t\t<\/div>\n\t\t\t\t\t<\/div>\n\t\t<\/div>\n\t\t\t\t\t<\/div>\n\t\t<\/section>\n\t\t\t\t<section class=\"elementor-section elementor-top-section elementor-element elementor-element-5d1deef9 elementor-section-content-top elementor-section-stretched elementor-section-boxed elementor-section-height-default elementor-section-height-default\" data-id=\"5d1deef9\" data-element_type=\"section\" data-e-type=\"section\" data-settings=\"{&quot;stretch_section&quot;:&quot;section-stretched&quot;,&quot;background_background&quot;:&quot;classic&quot;}\">\n\t\t\t\t\t\t\t<div class=\"elementor-background-overlay\"><\/div>\n\t\t\t\t\t\t\t<div class=\"elementor-container elementor-column-gap-no\">\n\t\t\t\t\t<div class=\"elementor-column elementor-col-50 elementor-top-column elementor-element elementor-element-14c28ec3\" data-id=\"14c28ec3\" data-element_type=\"column\" data-e-type=\"column\">\n\t\t\t<div class=\"elementor-widget-wrap elementor-element-populated\">\n\t\t\t\t\t\t<div class=\"elementor-element elementor-element-5ca93bf7 elementor-widget elementor-widget-heading\" data-id=\"5ca93bf7\" data-element_type=\"widget\" data-e-type=\"widget\" data-widget_type=\"heading.default\">\n\t\t\t\t<div class=\"elementor-widget-container\">\n\t\t\t\t\t<h1 class=\"elementor-heading-title elementor-size-small\">PROGRAMA<\/h1>\t\t\t\t<\/div>\n\t\t\t\t<\/div>\n\t\t\t\t<div class=\"elementor-element elementor-element-3a5db453 elementor-widget elementor-widget-text-editor\" data-id=\"3a5db453\" data-element_type=\"widget\" data-e-type=\"widget\" data-widget_type=\"text-editor.default\">\n\t\t\t\t<div class=\"elementor-widget-container\">\n\t\t\t\t\t\t\t\t\t<p><strong>09:00 h.\u00a0 \u00a0 \u00a0 <\/strong>Recepci\u00f3 assistents. Acreditacions.<\/p><p><strong>09:30 h.\u00a0 \u00a0 \u00a0 <\/strong>Benvinguda i presentaci\u00f3: <strong>Eva Serra<\/strong>\u00a0 Directora executiva de la Fundaci\u00f3 Episteme.<\/p><p><strong>09:40 h.\u00a0 \u00a0 \u00a0 Irene Murcia<\/strong>\u00a0 Presidenta de l\u2019Observatori Cr\u00edtic de la Realitat Educativa (OCRE).\u00a0<\/p><p><strong>09:50 h.\u00a0 \u00a0 \u00a0 \u00a0Felipe de Vicente<\/strong>\u00a0 Vicepresident de la Fundaci\u00f3 Episteme i membre del Consejo Escolar del Estado.<\/p><p><strong>10:00 h.\u00a0 \u00a0 \u00a0 \u00a0Nuno Crato<\/strong>\u00a0 Ministre d&#8217;Educaci\u00f3 de Portugal (2011 \u2013 2015). Lli\u00e7\u00f3 inaugural.\u00a0<\/p><p><strong>11:00 h.<\/strong>\u00a0 \u00a0 \u00a0 \u00a0Torn de preguntes assistents.<\/p><p><strong>11:30 h.<\/strong>\u00a0 \u00a0 \u00a0 \u00a0 Pausa caf\u00e8.<\/p><p>\u00a0<\/p><p><strong>11:55 h.<\/strong>\u00a0 \u00a0 \u00a0 \u00a0 \u00a0<strong>\u00a0<u>PRIMERA TAULA RODONA \u201cEducaci\u00f3 i Societat\u201d<\/u><\/strong><\/p><p>\u00a0\u00a0\u00a0\u00a0\u00a0\u00a0\u00a0\u00a0\u00a0\u00a0\u00a0\u00a0\u00a0\u00a0\u00a0\u00a0\u00a0\u00a0\u00a0\u00a0\u00a0\u00a0\u00a0\u00a0\u00a0<em>Modera: Josep Ot\u00f3n<\/em><\/p><p><strong>12:00 h.\u00a0<\/strong> \u00a0 \u00a0 \u00a0 \u00a0\u00a0<strong>Xavier Mass\u00f3<\/strong>\u00a0<\/p><p><strong>12:15 h.\u00a0 \u00a0 \u00a0 \u00a0 \u00a0 Ricardo Moreno Castillo\u00a0<\/strong><\/p><p><strong>12:30 h.\u00a0 \u00a0 \u00a0 \u00a0 \u00a0 Jorge S\u00e1nchez<\/strong>\u00a0<\/p><p><strong>12:45 h.\u00a0 \u00a0 \u00a0 \u00a0 \u00a0 Olga Garc\u00eda<\/strong>\u00a0<\/p><p><strong>13:00 h.\u00a0 \u00a0 \u00a0 \u00a0 \u00a0 Enrique Galindo\u00a0<\/strong><\/p><p><strong>13:15 h\u00a0 <\/strong>\u00a0 \u00a0 \u00a0 \u00a0 \u00a0Torn de preguntes assistents.<\/p><p><strong>13:45 h\u00a0 <\/strong>\u00a0 \u00a0 \u00a0 \u00a0 \u00a0Pausa dinar.<\/p><p>\u00a0<\/p><p><strong>15:55 h <\/strong>\u00a0 \u00a0 \u00a0 \u00a0 \u00a0<strong><u>SEGONA TAULA RODONA \u201cDoc\u00e8ncia i Societat\u201d<\/u><\/strong><\/p><p>\u00a0\u00a0\u00a0\u00a0\u00a0\u00a0\u00a0\u00a0\u00a0\u00a0\u00a0\u00a0\u00a0\u00a0\u00a0\u00a0\u00a0\u00a0\u00a0\u00a0\u00a0\u00a0\u00a0 <em>Modera: David Rabad\u00e0<\/em><\/p><p><strong>16:00 h.<\/strong>\u00a0 \u00a0 \u00a0 \u00a0 \u00a0<strong>Andreu Navarra<\/strong>\u00a0<\/p><p><strong>16:15 h.\u00a0 \u00a0 \u00a0 \u00a0 \u00a0Ferran Gallego<\/strong>\u00a0 \u00a0 \u00a0 \u00a0 \u00a0 \u00a0 \u00a0 \u00a0 \u00a0 \u00a0 \u00a0 \u00a0 \u00a0 \u00a0 \u00a0 \u00a0 \u00a0 \u00a0 \u00a0 \u00a0 \u00a0 \u00a0 \u00a0 \u00a0<\/p><p><strong>16:30 h.\u00a0 \u00a0 \u00a0 \u00a0 \u00a0Mar\u00eda Elizalde\u00a0<\/strong><\/p><p><strong>16:45 h.\u00a0 \u00a0 \u00a0 \u00a0 \u00a0Jacob Guinot<\/strong>\u00a0 \u00a0 \u00a0\u00a0<\/p><p><strong>17:00 h.\u00a0 \u00a0 \u00a0 \u00a0 \u00a0Carlos Fern\u00e1ndez Liria\u00a0<\/strong><\/p><p><strong>17:15 h\u00a0 <\/strong>\u00a0 \u00a0 \u00a0 \u00a0 \u00a0Preguntes assistents.<\/p><p><strong>17:45 h\u00a0 <\/strong>\u00a0 \u00a0 \u00a0 \u00a0 \u00a0Pausa caf\u00e8.<\/p><p><strong>\u00a0<\/strong><\/p><p><strong>17:55 h<\/strong> \u00a0\u00a0\u00a0\u00a0\u00a0\u00a0\u00a0\u00a0\u00a0\u00a0\u00a0 <strong><u>TERCERA TAULA RODONA \u201cPropostes\u201d<\/u><\/strong><\/p><p>\u00a0\u00a0\u00a0\u00a0\u00a0\u00a0\u00a0\u00a0\u00a0\u00a0\u00a0\u00a0\u00a0\u00a0\u00a0\u00a0\u00a0\u00a0\u00a0\u00a0\u00a0\u00a0\u00a0\u00a0\u00a0\u00a0 <em>Modera: Eva Serra<\/em><\/p><p><strong>18:00 h.\u00a0\u00a0 \u00a0 \u00a0 \u00a0 \u00a0 Josep Oton\u00a0<\/strong><\/p><p><strong>18:15 h.\u00a0<\/strong> \u00a0 \u00a0 \u00a0 \u00a0 \u00a0 <strong>Irene Murcia\u00a0<\/strong><\/p><p><strong>18:30 h.\u00a0<\/strong>\u00a0 \u00a0 \u00a0 \u00a0 \u00a0 \u00a0<strong>Pascual Gil\u00a0\u00a0<\/strong><\/p><p><strong>18:45 h.\u00a0<\/strong>\u00a0 \u00a0 \u00a0 \u00a0 \u00a0 \u00a0<strong>Pepe Sabater\u00a0<\/strong><\/p><p><strong>19:00 h.<\/strong>\u00a0 \u00a0 \u00a0 \u00a0 \u00a0 \u00a0 <strong>JoanRa Pla<\/strong> \u00a0<\/p><p><strong>19:15 h<\/strong>\u00a0 \u00a0 \u00a0 \u00a0 \u00a0 \u00a0 \u00a0Torn preguntes assistents<\/p><p><strong>19:45 h<\/strong>\u00a0 \u00a0 \u00a0 \u00a0 \u00a0 \u00a0 \u00a0Conclusions i cloenda a c\u00e0rrec de <strong>Xavier Mass\u00f3.<\/strong><\/p><p><strong>20:00 h<\/strong>\u00a0 \u00a0 \u00a0 \u00a0 \u00a0 \u00a0 \u00a0Fi de l\u2019acte<\/p>\t\t\t\t\t\t\t\t<\/div>\n\t\t\t\t<\/div>\n\t\t\t\t\t<\/div>\n\t\t<\/div>\n\t\t\t\t<div class=\"elementor-column elementor-col-50 elementor-top-column elementor-element elementor-element-e33acab\" data-id=\"e33acab\" data-element_type=\"column\" data-e-type=\"column\">\n\t\t\t<div class=\"elementor-widget-wrap elementor-element-populated\">\n\t\t\t\t\t\t<div class=\"elementor-element elementor-element-34adc61 elementor-widget elementor-widget-html\" data-id=\"34adc61\" data-element_type=\"widget\" data-e-type=\"widget\" data-widget_type=\"html.default\">\n\t\t\t\t<div class=\"elementor-widget-container\">\n\t\t\t\t\t<a class=\"twitter-timeline\" data-width=\"400\" data-height=\"1800\" href=\"https:\/\/twitter.com\/FEpisteme?ref_src=twsrc%5Etfw\">Tweets by FEpisteme<\/a> <script async src=\"https:\/\/platform.twitter.com\/widgets.js\" charset=\"utf-8\"><\/script> \t\t\t\t<\/div>\n\t\t\t\t<\/div>\n\t\t\t\t\t<\/div>\n\t\t<\/div>\n\t\t\t\t\t<\/div>\n\t\t<\/section>\n\t\t\t\t<section class=\"elementor-section elementor-top-section elementor-element elementor-element-6467023f elementor-section-boxed elementor-section-height-default elementor-section-height-default\" data-id=\"6467023f\" data-element_type=\"section\" data-e-type=\"section\">\n\t\t\t\t\t\t<div class=\"elementor-container elementor-column-gap-default\">\n\t\t\t\t\t<div class=\"elementor-column elementor-col-100 elementor-top-column elementor-element elementor-element-63170dab\" data-id=\"63170dab\" data-element_type=\"column\" data-e-type=\"column\">\n\t\t\t<div class=\"elementor-widget-wrap elementor-element-populated\">\n\t\t\t\t\t\t<div class=\"elementor-element elementor-element-6c731ef2 elementor-share-buttons--view-icon elementor-share-buttons--shape-circle elementor-share-buttons--skin-gradient elementor-grid-0 elementor-share-buttons--color-official elementor-widget elementor-widget-share-buttons\" data-id=\"6c731ef2\" data-element_type=\"widget\" data-e-type=\"widget\" data-widget_type=\"share-buttons.default\">\n\t\t\t\t<div class=\"elementor-widget-container\">\n\t\t\t\t\t\t\t<div class=\"elementor-grid\" role=\"list\">\n\t\t\t\t\t\t\t\t<div class=\"elementor-grid-item\" role=\"listitem\">\n\t\t\t\t\t\t<div class=\"elementor-share-btn elementor-share-btn_facebook\" role=\"button\" tabindex=\"0\" aria-label=\"Compartir en facebook\">\n\t\t\t\t\t\t\t\t\t\t\t\t\t\t\t<span class=\"elementor-share-btn__icon\">\n\t\t\t\t\t\t\t\t<i class=\"fab fa-facebook\" aria-hidden=\"true\"><\/i>\t\t\t\t\t\t\t<\/span>\n\t\t\t\t\t\t\t\t\t\t\t\t\t\t\t\t\t\t\t\t<\/div>\n\t\t\t\t\t<\/div>\n\t\t\t\t\t\t\t\t\t<div class=\"elementor-grid-item\" role=\"listitem\">\n\t\t\t\t\t\t<div class=\"elementor-share-btn elementor-share-btn_twitter\" role=\"button\" tabindex=\"0\" aria-label=\"Compartir en twitter\">\n\t\t\t\t\t\t\t\t\t\t\t\t\t\t\t<span class=\"elementor-share-btn__icon\">\n\t\t\t\t\t\t\t\t<i class=\"fab fa-twitter\" aria-hidden=\"true\"><\/i>\t\t\t\t\t\t\t<\/span>\n\t\t\t\t\t\t\t\t\t\t\t\t\t\t\t\t\t\t\t\t<\/div>\n\t\t\t\t\t<\/div>\n\t\t\t\t\t\t<\/div>\n\t\t\t\t\t\t<\/div>\n\t\t\t\t<\/div>\n\t\t\t\t\t<\/div>\n\t\t<\/div>\n\t\t\t\t\t<\/div>\n\t\t<\/section>\n\t\t\t\t<section class=\"elementor-section elementor-top-section elementor-element elementor-element-74a8957 elementor-section-boxed elementor-section-height-default elementor-section-height-default\" data-id=\"74a8957\" data-element_type=\"section\" data-e-type=\"section\">\n\t\t\t\t\t\t<div class=\"elementor-container elementor-column-gap-default\">\n\t\t\t\t\t<div class=\"elementor-column elementor-col-100 elementor-top-column elementor-element elementor-element-8ffe732\" data-id=\"8ffe732\" data-element_type=\"column\" data-e-type=\"column\">\n\t\t\t<div class=\"elementor-widget-wrap elementor-element-populated\">\n\t\t\t\t\t\t<div class=\"elementor-element elementor-element-e7b1458 elementor-widget elementor-widget-spacer\" data-id=\"e7b1458\" data-element_type=\"widget\" data-e-type=\"widget\" data-widget_type=\"spacer.default\">\n\t\t\t\t<div class=\"elementor-widget-container\">\n\t\t\t\t\t\t\t<div class=\"elementor-spacer\">\n\t\t\t<div class=\"elementor-spacer-inner\"><\/div>\n\t\t<\/div>\n\t\t\t\t\t\t<\/div>\n\t\t\t\t<\/div>\n\t\t\t\t\t<\/div>\n\t\t<\/div>\n\t\t\t\t\t<\/div>\n\t\t<\/section>\n\t\t\t\t<\/div>\n\t\t","protected":false},"excerpt":{"rendered":"<p>PROGRAMA 09:00 h.&nbsp; &nbsp; &nbsp; Recepci\u00f3 assistents. Acreditacions. 09:30 h.&nbsp; &nbsp; &nbsp; Benvinguda i presentaci\u00f3: Eva Serra&nbsp; Directora executiva de la Fundaci\u00f3 Episteme. 09:40 h.&nbsp; &nbsp; &nbsp; Irene Murcia&nbsp; Presidenta de l\u2019Observatori Cr\u00edtic de la Realitat Educativa (OCRE).&nbsp; 09:50 h.&nbsp; &nbsp; &nbsp; &nbsp;Felipe de Vicente&nbsp; Vicepresident de la Fundaci\u00f3 Episteme i membre del Consejo Escolar [&hellip;]<\/p>\n","protected":false},"author":1,"featured_media":0,"parent":0,"menu_order":0,"comment_status":"closed","ping_status":"closed","template":"","meta":{"ocean_post_layout":"","ocean_both_sidebars_style":"","ocean_both_sidebars_content_width":0,"ocean_both_sidebars_sidebars_width":0,"ocean_sidebar":"0","ocean_second_sidebar":"0","ocean_disable_margins":"enable","ocean_add_body_class":"","ocean_shortcode_before_top_bar":"","ocean_shortcode_after_top_bar":"","ocean_shortcode_before_header":"","ocean_shortcode_after_header":"","ocean_has_shortcode":"","ocean_shortcode_after_title":"","ocean_shortcode_before_footer_widgets":"","ocean_shortcode_after_footer_widgets":"","ocean_shortcode_before_footer_bottom":"","ocean_shortcode_after_footer_bottom":"","ocean_display_top_bar":"default","ocean_display_header":"default","ocean_header_style":"","ocean_center_header_left_menu":"0","ocean_custom_header_template":"0","ocean_custom_logo":0,"ocean_custom_retina_logo":0,"ocean_custom_logo_max_width":0,"ocean_custom_logo_tablet_max_width":0,"ocean_custom_logo_mobile_max_width":0,"ocean_custom_logo_max_height":0,"ocean_custom_logo_tablet_max_height":0,"ocean_custom_logo_mobile_max_height":0,"ocean_header_custom_menu":"0","ocean_menu_typo_font_family":"0","ocean_menu_typo_font_subset":"","ocean_menu_typo_font_size":0,"ocean_menu_typo_font_size_tablet":0,"ocean_menu_typo_font_size_mobile":0,"ocean_menu_typo_font_size_unit":"px","ocean_menu_typo_font_weight":"","ocean_menu_typo_font_weight_tablet":"","ocean_menu_typo_font_weight_mobile":"","ocean_menu_typo_transform":"","ocean_menu_typo_transform_tablet":"","ocean_menu_typo_transform_mobile":"","ocean_menu_typo_line_height":0,"ocean_menu_typo_line_height_tablet":0,"ocean_menu_typo_line_height_mobile":0,"ocean_menu_typo_line_height_unit":"","ocean_menu_typo_spacing":0,"ocean_menu_typo_spacing_tablet":0,"ocean_menu_typo_spacing_mobile":0,"ocean_menu_typo_spacing_unit":"","ocean_menu_link_color":"","ocean_menu_link_color_hover":"","ocean_menu_link_color_active":"","ocean_menu_link_background":"","ocean_menu_link_hover_background":"","ocean_menu_link_active_background":"","ocean_menu_social_links_bg":"","ocean_menu_social_hover_links_bg":"","ocean_menu_social_links_color":"","ocean_menu_social_hover_links_color":"","ocean_disable_title":"on","ocean_disable_heading":"default","ocean_post_title":"","ocean_post_subheading":"","ocean_post_title_style":"","ocean_post_title_background_color":"","ocean_post_title_background":0,"ocean_post_title_bg_image_position":"","ocean_post_title_bg_image_attachment":"","ocean_post_title_bg_image_repeat":"","ocean_post_title_bg_image_size":"","ocean_post_title_height":0,"ocean_post_title_bg_overlay":0.5,"ocean_post_title_bg_overlay_color":"","ocean_disable_breadcrumbs":"default","ocean_breadcrumbs_color":"","ocean_breadcrumbs_separator_color":"","ocean_breadcrumbs_links_color":"","ocean_breadcrumbs_links_hover_color":"","ocean_display_footer_widgets":"off","ocean_display_footer_bottom":"off","ocean_custom_footer_template":"0","footnotes":""},"class_list":["post-89","page","type-page","status-publish","hentry","entry","owp-thumbs-layout-horizontal","owp-btn-normal","owp-tabs-layout-horizontal","has-no-thumbnails","has-product-nav"],"jetpack_sharing_enabled":true,"_links":{"self":[{"href":"https:\/\/fundacioepisteme.cat\/congres\/wp-json\/wp\/v2\/pages\/89","targetHints":{"allow":["GET"]}}],"collection":[{"href":"https:\/\/fundacioepisteme.cat\/congres\/wp-json\/wp\/v2\/pages"}],"about":[{"href":"https:\/\/fundacioepisteme.cat\/congres\/wp-json\/wp\/v2\/types\/page"}],"author":[{"embeddable":true,"href":"https:\/\/fundacioepisteme.cat\/congres\/wp-json\/wp\/v2\/users\/1"}],"replies":[{"embeddable":true,"href":"https:\/\/fundacioepisteme.cat\/congres\/wp-json\/wp\/v2\/comments?post=89"}],"version-history":[{"count":92,"href":"https:\/\/fundacioepisteme.cat\/congres\/wp-json\/wp\/v2\/pages\/89\/revisions"}],"predecessor-version":[{"id":1737,"href":"https:\/\/fundacioepisteme.cat\/congres\/wp-json\/wp\/v2\/pages\/89\/revisions\/1737"}],"wp:attachment":[{"href":"https:\/\/fundacioepisteme.cat\/congres\/wp-json\/wp\/v2\/media?parent=89"}],"curies":[{"name":"wp","href":"https:\/\/api.w.org\/{rel}","templated":true}]}}