{"id":96,"date":"2022-09-16T19:16:20","date_gmt":"2022-09-16T17:16:20","guid":{"rendered":"https:\/\/fundacioepisteme.cat\/congres\/?page_id=96"},"modified":"2022-11-02T20:06:26","modified_gmt":"2022-11-02T19:06:26","slug":"ponents","status":"publish","type":"page","link":"https:\/\/fundacioepisteme.cat\/congres\/ponents\/","title":{"rendered":"Ponents"},"content":{"rendered":"\t\t<div data-elementor-type=\"wp-page\" data-elementor-id=\"96\" class=\"elementor elementor-96\" data-elementor-post-type=\"page\">\n\t\t\t\t\t\t<section class=\"elementor-section elementor-top-section elementor-element elementor-element-683f4e91 elementor-section-stretched elementor-section-height-min-height elementor-section-boxed elementor-section-height-default elementor-section-items-middle\" data-id=\"683f4e91\" data-element_type=\"section\" data-e-type=\"section\" data-settings=\"{&quot;stretch_section&quot;:&quot;section-stretched&quot;,&quot;background_background&quot;:&quot;classic&quot;}\">\n\t\t\t\t\t\t<div class=\"elementor-container elementor-column-gap-no\">\n\t\t\t\t\t<div class=\"elementor-column elementor-col-100 elementor-top-column elementor-element elementor-element-3293ca28\" data-id=\"3293ca28\" data-element_type=\"column\" data-e-type=\"column\">\n\t\t\t<div class=\"elementor-widget-wrap elementor-element-populated\">\n\t\t\t\t\t\t<div class=\"elementor-element elementor-element-450aff0f elementor-widget elementor-widget-video\" data-id=\"450aff0f\" data-element_type=\"widget\" data-e-type=\"widget\" data-settings=\"{&quot;video_type&quot;:&quot;hosted&quot;,&quot;autoplay&quot;:&quot;yes&quot;,&quot;play_on_mobile&quot;:&quot;yes&quot;,&quot;loop&quot;:&quot;yes&quot;,&quot;show_image_overlay&quot;:&quot;yes&quot;,&quot;image_overlay&quot;:{&quot;url&quot;:&quot;https:\\\/\\\/fundacioepisteme.cat\\\/congres\\\/wp-content\\\/uploads\\\/2022\\\/09\\\/Miniatura-video-Congres-CAT_20.1.1-1.jpg&quot;,&quot;id&quot;:1696,&quot;size&quot;:&quot;&quot;,&quot;alt&quot;:&quot;&quot;,&quot;source&quot;:&quot;library&quot;},&quot;controls&quot;:&quot;yes&quot;}\" data-widget_type=\"video.default\">\n\t\t\t\t<div class=\"elementor-widget-container\">\n\t\t\t\t\t\t\t<div class=\"e-hosted-video elementor-wrapper elementor-open-inline\">\n\t\t\t\t\t<video class=\"elementor-video\" src=\"https:\/\/fundacioepisteme.cat\/congres\/videos\/videocat.mp4\" autoplay=\"\" loop=\"\" controls=\"\" playsinline=\"\" controlsList=\"nodownload\" poster=\"https:\/\/fundacioepisteme.cat\/congres\/wp-content\/uploads\/2022\/09\/Miniatura-video-Congres-CAT_20.1.1-1.jpg\"><\/video>\n\t\t\t\t\t\t<div class=\"elementor-custom-embed-image-overlay\" style=\"background-image: url(https:\/\/fundacioepisteme.cat\/congres\/wp-content\/uploads\/2022\/09\/Miniatura-video-Congres-CAT_20.1.1-1.jpg);\">\n\t\t\t\t\t\t\t\t\t\t\t\t\t\t\t\t<div class=\"elementor-custom-embed-play\" role=\"button\" aria-label=\"Reproducir v\u00eddeo\" tabindex=\"0\">\n\t\t\t\t\t\t\t<i aria-hidden=\"true\" class=\"eicon-play\"><\/i>\t\t\t\t\t\t<\/div>\n\t\t\t\t\t\t\t\t\t<\/div>\n\t\t\t\t\t<\/div>\n\t\t\t\t\t\t<\/div>\n\t\t\t\t<\/div>\n\t\t\t\t\t<\/div>\n\t\t<\/div>\n\t\t\t\t\t<\/div>\n\t\t<\/section>\n\t\t\t\t<section class=\"elementor-section elementor-top-section elementor-element elementor-element-71c1f340 elementor-section-content-middle elementor-section-boxed elementor-section-height-default elementor-section-height-default\" data-id=\"71c1f340\" data-element_type=\"section\" data-e-type=\"section\" data-settings=\"{&quot;background_background&quot;:&quot;classic&quot;}\">\n\t\t\t\t\t\t\t<div class=\"elementor-background-overlay\"><\/div>\n\t\t\t\t\t\t\t<div class=\"elementor-container elementor-column-gap-no\">\n\t\t\t\t\t<div class=\"elementor-column elementor-col-100 elementor-top-column elementor-element elementor-element-13c1cbb3\" data-id=\"13c1cbb3\" data-element_type=\"column\" data-e-type=\"column\">\n\t\t\t<div class=\"elementor-widget-wrap elementor-element-populated\">\n\t\t\t\t\t\t<div class=\"elementor-element elementor-element-4e1d44e5 elementor-widget elementor-widget-heading\" data-id=\"4e1d44e5\" data-element_type=\"widget\" data-e-type=\"widget\" data-widget_type=\"heading.default\">\n\t\t\t\t<div class=\"elementor-widget-container\">\n\t\t\t\t\t<h4 class=\"elementor-heading-title elementor-size-default\">PONENTS<\/h4>\t\t\t\t<\/div>\n\t\t\t\t<\/div>\n\t\t\t\t<section class=\"elementor-section elementor-inner-section elementor-element elementor-element-713661d6 elementor-section-boxed elementor-section-height-default elementor-section-height-default\" data-id=\"713661d6\" data-element_type=\"section\" data-e-type=\"section\">\n\t\t\t\t\t\t<div class=\"elementor-container elementor-column-gap-default\">\n\t\t\t\t\t<div class=\"elementor-column elementor-col-50 elementor-inner-column elementor-element elementor-element-7c8186f\" data-id=\"7c8186f\" data-element_type=\"column\" data-e-type=\"column\">\n\t\t\t<div class=\"elementor-widget-wrap elementor-element-populated\">\n\t\t\t\t\t\t<div class=\"elementor-element elementor-element-54c9e19f elementor-position-left elementor-vertical-align-middle elementor-widget elementor-widget-image-box\" data-id=\"54c9e19f\" data-element_type=\"widget\" data-e-type=\"widget\" data-widget_type=\"image-box.default\">\n\t\t\t\t<div class=\"elementor-widget-container\">\n\t\t\t\t\t<div class=\"elementor-image-box-wrapper\"><figure class=\"elementor-image-box-img\"><img fetchpriority=\"high\" decoding=\"async\" width=\"387\" height=\"527\" src=\"https:\/\/fundacioepisteme.cat\/congres\/wp-content\/uploads\/2022\/09\/Nuno-Crato3.jpg\" class=\"attachment-full size-full wp-image-374\" alt=\"\" srcset=\"https:\/\/fundacioepisteme.cat\/congres\/wp-content\/uploads\/2022\/09\/Nuno-Crato3.jpg 387w, https:\/\/fundacioepisteme.cat\/congres\/wp-content\/uploads\/2022\/09\/Nuno-Crato3-220x300.jpg 220w\" sizes=\"(max-width: 387px) 100vw, 387px\" \/><\/figure><div class=\"elementor-image-box-content\"><h3 class=\"elementor-image-box-title\">Nuno Crato<\/h3><p class=\"elementor-image-box-description\">Ministre d'Educaci\u00f3 de Portugal (2011-2015)\n<\/p><\/div><\/div>\t\t\t\t<\/div>\n\t\t\t\t<\/div>\n\t\t\t\t<div class=\"elementor-element elementor-element-26e8ee90 e-grid-align-right e-grid-align-mobile-center elementor-shape-rounded elementor-grid-0 elementor-widget elementor-widget-social-icons\" data-id=\"26e8ee90\" data-element_type=\"widget\" data-e-type=\"widget\" data-widget_type=\"social-icons.default\">\n\t\t\t\t<div class=\"elementor-widget-container\">\n\t\t\t\t\t\t\t<div class=\"elementor-social-icons-wrapper elementor-grid\" role=\"list\">\n\t\t\t\t\t\t\t<span class=\"elementor-grid-item\" role=\"listitem\">\n\t\t\t\t\t<a class=\"elementor-icon elementor-social-icon elementor-social-icon-facebook-f elementor-animation-grow elementor-repeater-item-8b93740\" href=\"https:\/\/www.facebook.com\/nuno.crato.739\" target=\"_blank\">\n\t\t\t\t\t\t<span class=\"elementor-screen-only\">Facebook-f<\/span>\n\t\t\t\t\t\t<i aria-hidden=\"true\" class=\"fab fa-facebook-f\"><\/i>\t\t\t\t\t<\/a>\n\t\t\t\t<\/span>\n\t\t\t\t\t\t\t<span class=\"elementor-grid-item\" role=\"listitem\">\n\t\t\t\t\t<a class=\"elementor-icon elementor-social-icon elementor-social-icon-twitter elementor-animation-grow elementor-repeater-item-d2b7695\" href=\"https:\/\/twitter.com\/CratoNuno\" target=\"_blank\">\n\t\t\t\t\t\t<span class=\"elementor-screen-only\">Twitter<\/span>\n\t\t\t\t\t\t<i aria-hidden=\"true\" class=\"fab fa-twitter\"><\/i>\t\t\t\t\t<\/a>\n\t\t\t\t<\/span>\n\t\t\t\t\t\t\t<span class=\"elementor-grid-item\" role=\"listitem\">\n\t\t\t\t\t<a class=\"elementor-icon elementor-social-icon elementor-social-icon-link elementor-animation-grow elementor-repeater-item-7d3795b\" href=\"https:\/\/www.nunocrato.org\/\" target=\"_blank\">\n\t\t\t\t\t\t<span class=\"elementor-screen-only\">Link<\/span>\n\t\t\t\t\t\t<i aria-hidden=\"true\" class=\"fas fa-link\"><\/i>\t\t\t\t\t<\/a>\n\t\t\t\t<\/span>\n\t\t\t\t\t<\/div>\n\t\t\t\t\t\t<\/div>\n\t\t\t\t<\/div>\n\t\t\t\t<div class=\"elementor-element elementor-element-c768044 elementor-widget elementor-widget-text-editor\" data-id=\"c768044\" data-element_type=\"widget\" data-e-type=\"widget\" data-widget_type=\"text-editor.default\">\n\t\t\t\t<div class=\"elementor-widget-container\">\n\t\t\t\t\t\t\t\t\t<p>Ministre d&#8217;Educaci\u00f3 i Ci\u00e8ncia de Portugal (2011-2015).<\/p><p>Llicenciat en Economia i doctor en Matem\u00e0tiques Aplicades.<\/p><p>Professor de Matem\u00e0tiques i Estad\u00edstica des de 2000 a l&#8217;Institut Superior d&#8217;Economia i Gesti\u00f3 (ISEG), Universitat de Lisboa. Investigador en models de probabilitat i estad\u00edstica.\u00a0 Va ser tamb\u00e9 prorrector de la universitat T\u00e8cnica de Lisboa.<\/p><p>Ha treballat per a l&#8217;Institut Superior d&#8217;Economia, la Universitat de les A\u00e7ores, el Stevens Institute of Technology i el Nova Jersey Institute of Technology.\u00a0<\/p><p>Premi Europeu de la Ci\u00e8ncia atorgat per la Comissi\u00f3 europea. En 2008, el president Cavaco Silva va nomenar-lo comendador de l&#8217;Ordre de l&#8217;Infant Don Enrique i el 2016 Gran Creu de la mateixa ordre. En 2022 el president Marcelo Rebelo de Sousa el va distingir amb la Gran Creu de l&#8217;Ordre de la Instrucci\u00f3 P\u00fablica.<\/p>\t\t\t\t\t\t\t\t<\/div>\n\t\t\t\t<\/div>\n\t\t\t\t\t<\/div>\n\t\t<\/div>\n\t\t\t\t<div class=\"elementor-column elementor-col-50 elementor-inner-column elementor-element elementor-element-3e1c851b\" data-id=\"3e1c851b\" data-element_type=\"column\" data-e-type=\"column\">\n\t\t\t<div class=\"elementor-widget-wrap elementor-element-populated\">\n\t\t\t\t\t\t<div class=\"elementor-element elementor-element-219787d elementor-position-left elementor-vertical-align-middle elementor-widget elementor-widget-image-box\" data-id=\"219787d\" data-element_type=\"widget\" data-e-type=\"widget\" data-widget_type=\"image-box.default\">\n\t\t\t\t<div class=\"elementor-widget-container\">\n\t\t\t\t\t<div class=\"elementor-image-box-wrapper\"><figure class=\"elementor-image-box-img\"><img decoding=\"async\" width=\"372\" height=\"519\" src=\"https:\/\/fundacioepisteme.cat\/congres\/wp-content\/uploads\/2022\/09\/Xavier-Masso.jpg\" class=\"attachment-full size-full wp-image-491\" alt=\"\" srcset=\"https:\/\/fundacioepisteme.cat\/congres\/wp-content\/uploads\/2022\/09\/Xavier-Masso.jpg 372w, https:\/\/fundacioepisteme.cat\/congres\/wp-content\/uploads\/2022\/09\/Xavier-Masso-215x300.jpg 215w\" sizes=\"(max-width: 372px) 100vw, 372px\" \/><\/figure><div class=\"elementor-image-box-content\"><h3 class=\"elementor-image-box-title\">Xavier Mass\u00f3<\/h3><p class=\"elementor-image-box-description\">Catedr\u00e0tic de filosofia i escriptor<\/p><\/div><\/div>\t\t\t\t<\/div>\n\t\t\t\t<\/div>\n\t\t\t\t<div class=\"elementor-element elementor-element-64cea699 e-grid-align-right e-grid-align-mobile-center elementor-shape-rounded elementor-grid-0 elementor-widget elementor-widget-social-icons\" data-id=\"64cea699\" data-element_type=\"widget\" data-e-type=\"widget\" data-widget_type=\"social-icons.default\">\n\t\t\t\t<div class=\"elementor-widget-container\">\n\t\t\t\t\t\t\t<div class=\"elementor-social-icons-wrapper elementor-grid\" role=\"list\">\n\t\t\t\t\t\t\t<span class=\"elementor-grid-item\" role=\"listitem\">\n\t\t\t\t\t<a class=\"elementor-icon elementor-social-icon elementor-social-icon-facebook-f elementor-animation-grow elementor-repeater-item-8b93740\" href=\"https:\/\/www.facebook.com\/xavier.massoaguade\" target=\"_blank\">\n\t\t\t\t\t\t<span class=\"elementor-screen-only\">Facebook-f<\/span>\n\t\t\t\t\t\t<i aria-hidden=\"true\" class=\"fab fa-facebook-f\"><\/i>\t\t\t\t\t<\/a>\n\t\t\t\t<\/span>\n\t\t\t\t\t\t\t<span class=\"elementor-grid-item\" role=\"listitem\">\n\t\t\t\t\t<a class=\"elementor-icon elementor-social-icon elementor-social-icon-twitter elementor-animation-grow elementor-repeater-item-d2b7695\" href=\"https:\/\/twitter.com\/XmaSecundaria\" target=\"_blank\">\n\t\t\t\t\t\t<span class=\"elementor-screen-only\">Twitter<\/span>\n\t\t\t\t\t\t<i aria-hidden=\"true\" class=\"fab fa-twitter\"><\/i>\t\t\t\t\t<\/a>\n\t\t\t\t<\/span>\n\t\t\t\t\t<\/div>\n\t\t\t\t\t\t<\/div>\n\t\t\t\t<\/div>\n\t\t\t\t<div class=\"elementor-element elementor-element-55c25e39 elementor-widget elementor-widget-text-editor\" data-id=\"55c25e39\" data-element_type=\"widget\" data-e-type=\"widget\" data-widget_type=\"text-editor.default\">\n\t\t\t\t<div class=\"elementor-widget-container\">\n\t\t\t\t\t\t\t\t\t<p>Llicenciat en Filosofia i Ci\u00e8ncies de l\u2019Educaci\u00f3.<\/p><p>Llicenciat en Antropologia Social i Cultural.<\/p><p>President de la Fundaci\u00f3 Episteme.<\/p><p>Catedr\u00e0tic d\u2019Ensenyaments Secundaris per l\u2019especialitat de Filosofia.<\/p><p>Secretari General del Sindicat de Professors de Secund\u00e0ria (aspepc\u00b7sps).<\/p><p>Col\u00b7laborador assidu en mitjans de comunicaci\u00f3 sobre temes educatius, amb articles, entrevistes i debats.<\/p><p>Autor del llibre,\u00a0<em>El fin de la educaci\u00f3n<\/em> (Akal, 2021) i coautor de <em>La educaci\u00f3n Cancelada<\/em> (Sloper, 2022).<\/p>\t\t\t\t\t\t\t\t<\/div>\n\t\t\t\t<\/div>\n\t\t\t\t\t<\/div>\n\t\t<\/div>\n\t\t\t\t\t<\/div>\n\t\t<\/section>\n\t\t\t\t<section class=\"elementor-section elementor-inner-section elementor-element elementor-element-ae9ac85 elementor-section-boxed elementor-section-height-default elementor-section-height-default\" data-id=\"ae9ac85\" data-element_type=\"section\" data-e-type=\"section\">\n\t\t\t\t\t\t<div class=\"elementor-container elementor-column-gap-default\">\n\t\t\t\t\t<div class=\"elementor-column elementor-col-50 elementor-inner-column elementor-element elementor-element-02dca3a\" data-id=\"02dca3a\" data-element_type=\"column\" data-e-type=\"column\">\n\t\t\t<div class=\"elementor-widget-wrap elementor-element-populated\">\n\t\t\t\t\t\t<div class=\"elementor-element elementor-element-58bd71e elementor-position-left elementor-vertical-align-middle elementor-widget elementor-widget-image-box\" data-id=\"58bd71e\" data-element_type=\"widget\" data-e-type=\"widget\" data-widget_type=\"image-box.default\">\n\t\t\t\t<div class=\"elementor-widget-container\">\n\t\t\t\t\t<div class=\"elementor-image-box-wrapper\"><figure class=\"elementor-image-box-img\"><img decoding=\"async\" width=\"553\" height=\"714\" src=\"https:\/\/fundacioepisteme.cat\/congres\/wp-content\/uploads\/2022\/09\/Ricardo-Moreno.jpg\" class=\"attachment-full size-full wp-image-500\" alt=\"\" srcset=\"https:\/\/fundacioepisteme.cat\/congres\/wp-content\/uploads\/2022\/09\/Ricardo-Moreno.jpg 553w, https:\/\/fundacioepisteme.cat\/congres\/wp-content\/uploads\/2022\/09\/Ricardo-Moreno-232x300.jpg 232w\" sizes=\"(max-width: 553px) 100vw, 553px\" \/><\/figure><div class=\"elementor-image-box-content\"><h3 class=\"elementor-image-box-title\">Ricardo Moreno Castillo <\/h3><p class=\"elementor-image-box-description\">PROFESSOR DE MATEM\u00c0TIQUES I ESCRIPTOR<\/p><\/div><\/div>\t\t\t\t<\/div>\n\t\t\t\t<\/div>\n\t\t\t\t<div class=\"elementor-element elementor-element-c760a93 e-grid-align-right e-grid-align-mobile-center elementor-shape-rounded elementor-grid-0 elementor-widget elementor-widget-social-icons\" data-id=\"c760a93\" data-element_type=\"widget\" data-e-type=\"widget\" data-widget_type=\"social-icons.default\">\n\t\t\t\t<div class=\"elementor-widget-container\">\n\t\t\t\t\t\t\t<div class=\"elementor-social-icons-wrapper elementor-grid\">\n\t\t\t\t\t\t\t<span class=\"elementor-grid-item\">\n\t\t\t\t\t<a class=\"elementor-icon elementor-social-icon elementor-social-icon-link elementor-animation-grow elementor-repeater-item-7d3795b\" href=\"https:\/\/www.lecturalia.com\/autor\/23634\/ricardo-moreno-castillo\" target=\"_blank\">\n\t\t\t\t\t\t<span class=\"elementor-screen-only\">Link<\/span>\n\t\t\t\t\t\t<i aria-hidden=\"true\" class=\"fas fa-link\"><\/i>\t\t\t\t\t<\/a>\n\t\t\t\t<\/span>\n\t\t\t\t\t<\/div>\n\t\t\t\t\t\t<\/div>\n\t\t\t\t<\/div>\n\t\t\t\t<div class=\"elementor-element elementor-element-22e11b7 elementor-widget elementor-widget-text-editor\" data-id=\"22e11b7\" data-element_type=\"widget\" data-e-type=\"widget\" data-widget_type=\"text-editor.default\">\n\t\t\t\t<div class=\"elementor-widget-container\">\n\t\t\t\t\t\t\t\t\t<p>Llicenciat en Matem\u00e0tiques i doctor en Filosofia, mat\u00e8ria en la qual es va doctorar gr\u00e0cies a una tesi sobre hist\u00f2ria de les matem\u00e0tiques. Catedr\u00e0tic d\u2019Institut per l\u2019especialitat de Matem\u00e0tiques i professor associat a la UCM, actualment jubilat.\u00a0<\/p><p>Ha publicat nombrosos articles i llibres, tant sobre tem\u00e0tiques educatives com de les seves especialitats, Filosof\u00eda, Matem\u00e0tiques i historia de les Matem\u00e0tiques. L\u2019any 2006 va publicar el seu fam\u00f3s assaig <em>Panfleto antipedag\u00f3gico<\/em>.<\/p><p>Des de la perspectiva educativa, ha publicat tamb\u00e9 <em>De la buena y la mala educaci\u00f3n<\/em> i, m\u00e9s recentment,<em> La conjura de los ignorantes <\/em>i<em> La educaci\u00f3n Cancelada (Sloper, 2022), <\/em>com a coautor.<\/p>\t\t\t\t\t\t\t\t<\/div>\n\t\t\t\t<\/div>\n\t\t\t\t\t<\/div>\n\t\t<\/div>\n\t\t\t\t<div class=\"elementor-column elementor-col-50 elementor-inner-column elementor-element elementor-element-009b1bc\" data-id=\"009b1bc\" data-element_type=\"column\" data-e-type=\"column\">\n\t\t\t<div class=\"elementor-widget-wrap elementor-element-populated\">\n\t\t\t\t\t\t<div class=\"elementor-element elementor-element-0084445 elementor-position-left elementor-vertical-align-middle elementor-widget elementor-widget-image-box\" data-id=\"0084445\" data-element_type=\"widget\" data-e-type=\"widget\" data-widget_type=\"image-box.default\">\n\t\t\t\t<div class=\"elementor-widget-container\">\n\t\t\t\t\t<div class=\"elementor-image-box-wrapper\"><figure class=\"elementor-image-box-img\"><img loading=\"lazy\" decoding=\"async\" width=\"207\" height=\"262\" src=\"https:\/\/fundacioepisteme.cat\/congres\/wp-content\/uploads\/2022\/09\/Jorge-OK.jpg\" class=\"attachment-full size-full wp-image-504\" alt=\"\" \/><\/figure><div class=\"elementor-image-box-content\"><h3 class=\"elementor-image-box-title\">J. Jorge S\u00e1nchez <\/h3><p class=\"elementor-image-box-description\">Professor de filosofia i escriptor<\/p><\/div><\/div>\t\t\t\t<\/div>\n\t\t\t\t<\/div>\n\t\t\t\t<div class=\"elementor-element elementor-element-46c78ce e-grid-align-right e-grid-align-mobile-center elementor-shape-rounded elementor-grid-0 elementor-widget elementor-widget-social-icons\" data-id=\"46c78ce\" data-element_type=\"widget\" data-e-type=\"widget\" data-widget_type=\"social-icons.default\">\n\t\t\t\t<div class=\"elementor-widget-container\">\n\t\t\t\t\t\t\t<div class=\"elementor-social-icons-wrapper elementor-grid\" role=\"list\">\n\t\t\t\t\t\t\t<span class=\"elementor-grid-item\" role=\"listitem\">\n\t\t\t\t\t<a class=\"elementor-icon elementor-social-icon elementor-social-icon-facebook-f elementor-animation-grow elementor-repeater-item-8b93740\" href=\"https:\/\/www.facebook.com\/jjorge.sanchez.7\" target=\"_blank\">\n\t\t\t\t\t\t<span class=\"elementor-screen-only\">Facebook-f<\/span>\n\t\t\t\t\t\t<i aria-hidden=\"true\" class=\"fab fa-facebook-f\"><\/i>\t\t\t\t\t<\/a>\n\t\t\t\t<\/span>\n\t\t\t\t\t\t\t<span class=\"elementor-grid-item\" role=\"listitem\">\n\t\t\t\t\t<a class=\"elementor-icon elementor-social-icon elementor-social-icon-link elementor-animation-grow elementor-repeater-item-2f00ecc\" href=\"https:\/\/jjorgesanchez.blogspot.com\/\" target=\"_blank\">\n\t\t\t\t\t\t<span class=\"elementor-screen-only\">Link<\/span>\n\t\t\t\t\t\t<i aria-hidden=\"true\" class=\"fas fa-link\"><\/i>\t\t\t\t\t<\/a>\n\t\t\t\t<\/span>\n\t\t\t\t\t<\/div>\n\t\t\t\t\t\t<\/div>\n\t\t\t\t<\/div>\n\t\t\t\t<div class=\"elementor-element elementor-element-81a0f58 elementor-widget elementor-widget-text-editor\" data-id=\"81a0f58\" data-element_type=\"widget\" data-e-type=\"widget\" data-widget_type=\"text-editor.default\">\n\t\t\t\t<div class=\"elementor-widget-container\">\n\t\t\t\t\t\t\t\t\t<p>Llicenciat en Filosofia. Doctor en Humanitats. Catedr\u00e0tic d&#8217;ensenyament secundari. Membre del Patronat de la\u00a0Fundaci\u00f3\u00a0Episteme.<\/p><p>Escriptor de poesia i novel\u00b7la, ha publicat articles sobre Filosofia, Teoria de la Literatura i Pol\u00edtica en revistes especialitzades (Anthropos, Arbor, L&#8217;Aven\u00e7, Er, La Bassa de la medusa, Quaderns Hispanoamericans) aix\u00ed com pr\u00f2legs a obres de Jack London i Guy de Maupassant. Editor de <em>Dunes a la platja: reflexions entorn del poder<\/em>, \u00e9s autor dels poemaris <em>Del Tercer Reich<\/em>, <em>Filosofia de la Min\u00facia<\/em>, <em>Bajo la lluvia<\/em>, <em>Las vidas de las im\u00e1genes<\/em> i <em>Contra Visconti<\/em>. El seu \u00faltim llibre es titula <em>El informe <\/em><span class=\"mw-page-title-main\"><em>Ohlendorf<\/em>.<\/span><\/p>\t\t\t\t\t\t\t\t<\/div>\n\t\t\t\t<\/div>\n\t\t\t\t\t<\/div>\n\t\t<\/div>\n\t\t\t\t\t<\/div>\n\t\t<\/section>\n\t\t\t\t<section class=\"elementor-section elementor-inner-section elementor-element elementor-element-e166a6a elementor-section-boxed elementor-section-height-default elementor-section-height-default\" data-id=\"e166a6a\" data-element_type=\"section\" data-e-type=\"section\">\n\t\t\t\t\t\t<div class=\"elementor-container elementor-column-gap-default\">\n\t\t\t\t\t<div class=\"elementor-column elementor-col-50 elementor-inner-column elementor-element elementor-element-eb421d7\" data-id=\"eb421d7\" data-element_type=\"column\" data-e-type=\"column\">\n\t\t\t<div class=\"elementor-widget-wrap elementor-element-populated\">\n\t\t\t\t\t\t<div class=\"elementor-element elementor-element-f7e213f elementor-position-left elementor-vertical-align-middle elementor-widget elementor-widget-image-box\" data-id=\"f7e213f\" data-element_type=\"widget\" data-e-type=\"widget\" data-widget_type=\"image-box.default\">\n\t\t\t\t<div class=\"elementor-widget-container\">\n\t\t\t\t\t<div class=\"elementor-image-box-wrapper\"><figure class=\"elementor-image-box-img\"><img loading=\"lazy\" decoding=\"async\" width=\"217\" height=\"269\" src=\"https:\/\/fundacioepisteme.cat\/congres\/wp-content\/uploads\/2022\/09\/Olga.jpg\" class=\"attachment-full size-full wp-image-509\" alt=\"\" \/><\/figure><div class=\"elementor-image-box-content\"><h3 class=\"elementor-image-box-title\">Olga Garc\u00eda <\/h3><p class=\"elementor-image-box-description\">PROFESSORA DE FILOSOFIA I ESCRIPTORA<\/p><\/div><\/div>\t\t\t\t<\/div>\n\t\t\t\t<\/div>\n\t\t\t\t<div class=\"elementor-element elementor-element-3bcf0e4 e-grid-align-right e-grid-align-mobile-center elementor-shape-rounded elementor-grid-0 elementor-widget elementor-widget-social-icons\" data-id=\"3bcf0e4\" data-element_type=\"widget\" data-e-type=\"widget\" data-widget_type=\"social-icons.default\">\n\t\t\t\t<div class=\"elementor-widget-container\">\n\t\t\t\t\t\t\t<div class=\"elementor-social-icons-wrapper elementor-grid\" role=\"list\">\n\t\t\t\t\t\t\t<span class=\"elementor-grid-item\" role=\"listitem\">\n\t\t\t\t\t<a class=\"elementor-icon elementor-social-icon elementor-social-icon-facebook-f elementor-animation-grow elementor-repeater-item-8b93740\" href=\"https:\/\/www.facebook.com\/olga.filosofia\" target=\"_blank\">\n\t\t\t\t\t\t<span class=\"elementor-screen-only\">Facebook-f<\/span>\n\t\t\t\t\t\t<i aria-hidden=\"true\" class=\"fab fa-facebook-f\"><\/i>\t\t\t\t\t<\/a>\n\t\t\t\t<\/span>\n\t\t\t\t\t\t\t<span class=\"elementor-grid-item\" role=\"listitem\">\n\t\t\t\t\t<a class=\"elementor-icon elementor-social-icon elementor-social-icon-twitter elementor-animation-grow elementor-repeater-item-0c6d809\" href=\"http:\/\/@olgagfilosofia\" target=\"_blank\">\n\t\t\t\t\t\t<span class=\"elementor-screen-only\">Twitter<\/span>\n\t\t\t\t\t\t<i aria-hidden=\"true\" class=\"fab fa-twitter\"><\/i>\t\t\t\t\t<\/a>\n\t\t\t\t<\/span>\n\t\t\t\t\t<\/div>\n\t\t\t\t\t\t<\/div>\n\t\t\t\t<\/div>\n\t\t\t\t<div class=\"elementor-element elementor-element-8bce128 elementor-widget elementor-widget-text-editor\" data-id=\"8bce128\" data-element_type=\"widget\" data-e-type=\"widget\" data-widget_type=\"text-editor.default\">\n\t\t\t\t<div class=\"elementor-widget-container\">\n\t\t\t\t\t\t\t\t\t<p>Llicenciada en Filosofia per la Universitat Complutense de Madrid.<br \/><br \/>Professora d&#8217;Ensenyament Secundari des de 2006. Des de fa onze anys, exerceix a l&#8217;IES Jules Verne de Bargas, Toledo.<\/p><p>Coautora <em>Escuela o Barbarie. Entre el neoliberalismo salvaje y el delirio de la izquierda<\/em> (Akal, 2017) y <em>La escuela vaciada: la ense\u00f1anza en la \u00e9poca pospand\u00e9mica<\/em> (2020). C<em>oautora de La educaci\u00f3n Cancelada (Sloper, 2022). <\/em>Autora i coautora de diversos articles en publicacions especialitzades.<\/p><p>\u00c9s codirectora, juntament amb Enrique Galindo Ferr\u00e1ndez, de la col\u00b7lecci\u00f3 d&#8217;Educaci\u00f3 d&#8217;Ediciones Akal.<\/p>\t\t\t\t\t\t\t\t<\/div>\n\t\t\t\t<\/div>\n\t\t\t\t\t<\/div>\n\t\t<\/div>\n\t\t\t\t<div class=\"elementor-column elementor-col-50 elementor-inner-column elementor-element elementor-element-458e19e\" data-id=\"458e19e\" data-element_type=\"column\" data-e-type=\"column\">\n\t\t\t<div class=\"elementor-widget-wrap elementor-element-populated\">\n\t\t\t\t\t\t<div class=\"elementor-element elementor-element-dec9ce2 elementor-position-left elementor-vertical-align-middle elementor-widget elementor-widget-image-box\" data-id=\"dec9ce2\" data-element_type=\"widget\" data-e-type=\"widget\" data-widget_type=\"image-box.default\">\n\t\t\t\t<div class=\"elementor-widget-container\">\n\t\t\t\t\t<div class=\"elementor-image-box-wrapper\"><figure class=\"elementor-image-box-img\"><img loading=\"lazy\" decoding=\"async\" width=\"366\" height=\"495\" src=\"https:\/\/fundacioepisteme.cat\/congres\/wp-content\/uploads\/2022\/09\/Enrique-ok.jpg\" class=\"attachment-full size-full wp-image-513\" alt=\"\" srcset=\"https:\/\/fundacioepisteme.cat\/congres\/wp-content\/uploads\/2022\/09\/Enrique-ok.jpg 366w, https:\/\/fundacioepisteme.cat\/congres\/wp-content\/uploads\/2022\/09\/Enrique-ok-222x300.jpg 222w\" sizes=\"(max-width: 366px) 100vw, 366px\" \/><\/figure><div class=\"elementor-image-box-content\"><h3 class=\"elementor-image-box-title\">Enrique Galindo <\/h3><p class=\"elementor-image-box-description\">professor de filosofia i escriptor<\/p><\/div><\/div>\t\t\t\t<\/div>\n\t\t\t\t<\/div>\n\t\t\t\t<div class=\"elementor-element elementor-element-265f0b7 e-grid-align-right e-grid-align-mobile-center elementor-shape-rounded elementor-grid-0 elementor-widget elementor-widget-social-icons\" data-id=\"265f0b7\" data-element_type=\"widget\" data-e-type=\"widget\" data-widget_type=\"social-icons.default\">\n\t\t\t\t<div class=\"elementor-widget-container\">\n\t\t\t\t\t\t\t<div class=\"elementor-social-icons-wrapper elementor-grid\" role=\"list\">\n\t\t\t\t\t\t\t<span class=\"elementor-grid-item\" role=\"listitem\">\n\t\t\t\t\t<a class=\"elementor-icon elementor-social-icon elementor-social-icon-facebook-f elementor-animation-grow elementor-repeater-item-8b93740\" href=\"https:\/\/www.facebook.com\/groups\/374721226040460\/user\/1668936413\/\" target=\"_blank\">\n\t\t\t\t\t\t<span class=\"elementor-screen-only\">Facebook-f<\/span>\n\t\t\t\t\t\t<i aria-hidden=\"true\" class=\"fab fa-facebook-f\"><\/i>\t\t\t\t\t<\/a>\n\t\t\t\t<\/span>\n\t\t\t\t\t\t\t<span class=\"elementor-grid-item\" role=\"listitem\">\n\t\t\t\t\t<a class=\"elementor-icon elementor-social-icon elementor-social-icon-twitter elementor-animation-grow elementor-repeater-item-d2b7695\" href=\"https:\/\/twitter.com\/Acontrapelo1\" target=\"_blank\">\n\t\t\t\t\t\t<span class=\"elementor-screen-only\">Twitter<\/span>\n\t\t\t\t\t\t<i aria-hidden=\"true\" class=\"fab fa-twitter\"><\/i>\t\t\t\t\t<\/a>\n\t\t\t\t<\/span>\n\t\t\t\t\t<\/div>\n\t\t\t\t\t\t<\/div>\n\t\t\t\t<\/div>\n\t\t\t\t<div class=\"elementor-element elementor-element-568aad5 elementor-widget elementor-widget-text-editor\" data-id=\"568aad5\" data-element_type=\"widget\" data-e-type=\"widget\" data-widget_type=\"text-editor.default\">\n\t\t\t\t<div class=\"elementor-widget-container\">\n\t\t\t\t\t\t\t\t\t<p>Enrique Galindo Ferr\u00e1ndez \u00e9s llicenciat en Filosofia per la Universitat Complutense de Madrid.<\/p><p>Professor d&#8217;Ensenyament Secundari des de 2004 \u00e9s coautor de\u00a0<em>Escuela o Barbarie. Entre el neoliberalismo salvaje y el delirio de la izquierda<\/em> (Akal, 2017) i <em>La escuela vaciada: la ense\u00f1anza en la \u00e9poca pospand\u00e9mica\u00a0<\/em>(2020). C<em>oautor de La educaci\u00f3n Cancelada (Sloper, 2022). <\/em><\/p><p>\u00c9s codirector, al costat d&#8217;Olga Garc\u00eda Fern\u00e1ndez, de la col\u00b7lecci\u00f3 d&#8217;Educaci\u00f3 d&#8217;Ediciones Akal.<\/p>\t\t\t\t\t\t\t\t<\/div>\n\t\t\t\t<\/div>\n\t\t\t\t\t<\/div>\n\t\t<\/div>\n\t\t\t\t\t<\/div>\n\t\t<\/section>\n\t\t\t\t<section class=\"elementor-section elementor-inner-section elementor-element elementor-element-1605619 elementor-section-boxed elementor-section-height-default elementor-section-height-default\" data-id=\"1605619\" data-element_type=\"section\" data-e-type=\"section\">\n\t\t\t\t\t\t<div class=\"elementor-container elementor-column-gap-default\">\n\t\t\t\t\t<div class=\"elementor-column elementor-col-50 elementor-inner-column elementor-element elementor-element-7c78022\" data-id=\"7c78022\" data-element_type=\"column\" data-e-type=\"column\">\n\t\t\t<div class=\"elementor-widget-wrap elementor-element-populated\">\n\t\t\t\t\t\t<div class=\"elementor-element elementor-element-bf2c4ba elementor-position-left elementor-vertical-align-middle elementor-widget elementor-widget-image-box\" data-id=\"bf2c4ba\" data-element_type=\"widget\" data-e-type=\"widget\" data-widget_type=\"image-box.default\">\n\t\t\t\t<div class=\"elementor-widget-container\">\n\t\t\t\t\t<div class=\"elementor-image-box-wrapper\"><figure class=\"elementor-image-box-img\"><img loading=\"lazy\" decoding=\"async\" width=\"414\" height=\"476\" src=\"https:\/\/fundacioepisteme.cat\/congres\/wp-content\/uploads\/2022\/09\/Andreu-Navarra.jpg\" class=\"attachment-full size-full wp-image-514\" alt=\"\" srcset=\"https:\/\/fundacioepisteme.cat\/congres\/wp-content\/uploads\/2022\/09\/Andreu-Navarra.jpg 414w, https:\/\/fundacioepisteme.cat\/congres\/wp-content\/uploads\/2022\/09\/Andreu-Navarra-261x300.jpg 261w\" sizes=\"(max-width: 414px) 100vw, 414px\" \/><\/figure><div class=\"elementor-image-box-content\"><h3 class=\"elementor-image-box-title\">Andreu Navarra <\/h3><p class=\"elementor-image-box-description\">hisTORIADOR I ESCRIPTOR<\/p><\/div><\/div>\t\t\t\t<\/div>\n\t\t\t\t<\/div>\n\t\t\t\t<div class=\"elementor-element elementor-element-abfac4d e-grid-align-right e-grid-align-mobile-center elementor-shape-rounded elementor-grid-0 elementor-widget elementor-widget-social-icons\" data-id=\"abfac4d\" data-element_type=\"widget\" data-e-type=\"widget\" data-widget_type=\"social-icons.default\">\n\t\t\t\t<div class=\"elementor-widget-container\">\n\t\t\t\t\t\t\t<div class=\"elementor-social-icons-wrapper elementor-grid\" role=\"list\">\n\t\t\t\t\t\t\t<span class=\"elementor-grid-item\" role=\"listitem\">\n\t\t\t\t\t<a class=\"elementor-icon elementor-social-icon elementor-social-icon-facebook-f elementor-animation-grow elementor-repeater-item-8b93740\" href=\"https:\/\/www.facebook.com\/andreu.navarra\" target=\"_blank\">\n\t\t\t\t\t\t<span class=\"elementor-screen-only\">Facebook-f<\/span>\n\t\t\t\t\t\t<i aria-hidden=\"true\" class=\"fab fa-facebook-f\"><\/i>\t\t\t\t\t<\/a>\n\t\t\t\t<\/span>\n\t\t\t\t\t\t\t<span class=\"elementor-grid-item\" role=\"listitem\">\n\t\t\t\t\t<a class=\"elementor-icon elementor-social-icon elementor-social-icon-twitter elementor-animation-grow elementor-repeater-item-d2b7695\" href=\"https:\/\/twitter.com\/AndreuNavarra\" target=\"_blank\">\n\t\t\t\t\t\t<span class=\"elementor-screen-only\">Twitter<\/span>\n\t\t\t\t\t\t<i aria-hidden=\"true\" class=\"fab fa-twitter\"><\/i>\t\t\t\t\t<\/a>\n\t\t\t\t<\/span>\n\t\t\t\t\t<\/div>\n\t\t\t\t\t\t<\/div>\n\t\t\t\t<\/div>\n\t\t\t\t<div class=\"elementor-element elementor-element-7d61a2d elementor-widget elementor-widget-text-editor\" data-id=\"7d61a2d\" data-element_type=\"widget\" data-e-type=\"widget\" data-widget_type=\"text-editor.default\">\n\t\t\t\t<div class=\"elementor-widget-container\">\n\t\t\t\t\t\t\t\t\t<p>Doctor en Filologia Hisp\u00e0nica, professor i escriptor.<\/p><p>Docent de secund\u00e0ria, tamb\u00e9 ensenya Hist\u00f2ria de la Cultura Contempor\u00e0nia a la Universitat Oberta de Catalunya. \u00a0<\/p><p>Col\u00b7labora ass\u00edduament en diversos mitjans de la premsa escrita i \u00e9s autor, entre altres t\u00edtols, de <em>1914. Aliad\u00f3filos y german\u00f3filos en la cultura espa\u00f1ola<\/em>, <em>El ate\u00edsmo. La aventura de pensar libremente en Espa\u00f1a<\/em>, <em>El espejo blanco o La revoluci\u00f3n imposible: vida y muerte de Andreu Nin.<\/em><\/p><p>En l&#8217;\u00e0mbit educatiu \u00e9s autor de llibres com <em>Devaluaci\u00f3n cont\u00ednua. Informe urgente sobre alumnos y profesores<\/em>, <em>Prohibido aprender<\/em>\u00a0i c<em style=\"font-size: 16px;\">oordinador del llibre, al costat de David Rabad\u00e0, de La educaci\u00f3n Cancelada (Sloper, 2022).<\/em><\/p>\t\t\t\t\t\t\t\t<\/div>\n\t\t\t\t<\/div>\n\t\t\t\t\t<\/div>\n\t\t<\/div>\n\t\t\t\t<div class=\"elementor-column elementor-col-50 elementor-inner-column elementor-element elementor-element-d5d2e60\" data-id=\"d5d2e60\" data-element_type=\"column\" data-e-type=\"column\">\n\t\t\t<div class=\"elementor-widget-wrap elementor-element-populated\">\n\t\t\t\t\t\t<div class=\"elementor-element elementor-element-ebdcae8 elementor-position-left elementor-vertical-align-middle elementor-widget elementor-widget-image-box\" data-id=\"ebdcae8\" data-element_type=\"widget\" data-e-type=\"widget\" data-widget_type=\"image-box.default\">\n\t\t\t\t<div class=\"elementor-widget-container\">\n\t\t\t\t\t<div class=\"elementor-image-box-wrapper\"><figure class=\"elementor-image-box-img\"><img loading=\"lazy\" decoding=\"async\" width=\"393\" height=\"469\" src=\"https:\/\/fundacioepisteme.cat\/congres\/wp-content\/uploads\/2022\/09\/Ferran-Gallego_Ok_ret.jpg\" class=\"attachment-full size-full wp-image-990\" alt=\"\" srcset=\"https:\/\/fundacioepisteme.cat\/congres\/wp-content\/uploads\/2022\/09\/Ferran-Gallego_Ok_ret.jpg 393w, https:\/\/fundacioepisteme.cat\/congres\/wp-content\/uploads\/2022\/09\/Ferran-Gallego_Ok_ret-251x300.jpg 251w\" sizes=\"(max-width: 393px) 100vw, 393px\" \/><\/figure><div class=\"elementor-image-box-content\"><h3 class=\"elementor-image-box-title\">Ferran Gallego<\/h3><p class=\"elementor-image-box-description\">HISTORIADOR I ESCRIPTOR<\/p><\/div><\/div>\t\t\t\t<\/div>\n\t\t\t\t<\/div>\n\t\t\t\t<div class=\"elementor-element elementor-element-0e70386 e-grid-align-right e-grid-align-mobile-center elementor-shape-rounded elementor-grid-0 elementor-widget elementor-widget-social-icons\" data-id=\"0e70386\" data-element_type=\"widget\" data-e-type=\"widget\" data-widget_type=\"social-icons.default\">\n\t\t\t\t<div class=\"elementor-widget-container\">\n\t\t\t\t\t\t\t<div class=\"elementor-social-icons-wrapper elementor-grid\">\n\t\t\t\t\t\t\t<span class=\"elementor-grid-item\">\n\t\t\t\t\t<a class=\"elementor-icon elementor-social-icon elementor-social-icon-facebook-f elementor-animation-grow elementor-repeater-item-8b93740\" href=\"https:\/\/www.facebook.com\/profile.php?id=100008147348591\" target=\"_blank\">\n\t\t\t\t\t\t<span class=\"elementor-screen-only\">Facebook-f<\/span>\n\t\t\t\t\t\t<i aria-hidden=\"true\" class=\"fab fa-facebook-f\"><\/i>\t\t\t\t\t<\/a>\n\t\t\t\t<\/span>\n\t\t\t\t\t<\/div>\n\t\t\t\t\t\t<\/div>\n\t\t\t\t<\/div>\n\t\t\t\t<div class=\"elementor-element elementor-element-f2aa3e2 elementor-widget elementor-widget-text-editor\" data-id=\"f2aa3e2\" data-element_type=\"widget\" data-e-type=\"widget\" data-widget_type=\"text-editor.default\">\n\t\t\t\t<div class=\"elementor-widget-container\">\n\t\t\t\t\t\t\t\t\t<p>Llicenciat en Filosofia i Lletres. Doctor en Hist\u00f2ria Contempor\u00e0nia.\u00a0<\/p><p>Professor de la Universitat Aut\u00f2noma de Barcelona (UAB) i escriptor.<\/p><p>Autor de llibres com <em>Los or\u00edgenes del reformismo militar en Am\u00e9rica Latina<\/em>, <em>Ej\u00e9rcito, nacionalismo y reformismo en Am\u00e9rica Latina<\/em>, <em>L&#8217;extrema dreta. Detectar i debatre els trets basics del feixisme<\/em>, i <em>De Munich a Auschwitz<\/em>, <em>Por qu\u00e9 Le Pen<\/em>, <em>Neofascistas. Democracia y extrema derecha en Francia e Italia<\/em>.<\/p><p>Guardonat amb el Premio Internacional de Ensayo Caballero Bonald per <em>Todos los hombres del F\u00fchrer<\/em>. Premi de Periodisme \u00abEl Correo\u00bb 2002.<\/p><p style=\"margin-top: 0cm; font-variant-ligatures: normal; font-variant-caps: normal; orphans: 2; text-align: start; widows: 2; -webkit-text-stroke-width: 0px; text-decoration-thickness: initial; text-decoration-style: initial; text-decoration-color: initial; word-spacing: 0px;\">\u00a0<\/p>\t\t\t\t\t\t\t\t<\/div>\n\t\t\t\t<\/div>\n\t\t\t\t\t<\/div>\n\t\t<\/div>\n\t\t\t\t\t<\/div>\n\t\t<\/section>\n\t\t\t\t<section class=\"elementor-section elementor-inner-section elementor-element elementor-element-1e9bfb1 elementor-section-boxed elementor-section-height-default elementor-section-height-default\" data-id=\"1e9bfb1\" data-element_type=\"section\" data-e-type=\"section\">\n\t\t\t\t\t\t<div class=\"elementor-container elementor-column-gap-default\">\n\t\t\t\t\t<div class=\"elementor-column elementor-col-50 elementor-inner-column elementor-element elementor-element-5be3dd5\" data-id=\"5be3dd5\" data-element_type=\"column\" data-e-type=\"column\">\n\t\t\t<div class=\"elementor-widget-wrap elementor-element-populated\">\n\t\t\t\t\t\t<div class=\"elementor-element elementor-element-0ae01c9 elementor-position-left elementor-vertical-align-middle elementor-widget elementor-widget-image-box\" data-id=\"0ae01c9\" data-element_type=\"widget\" data-e-type=\"widget\" data-widget_type=\"image-box.default\">\n\t\t\t\t<div class=\"elementor-widget-container\">\n\t\t\t\t\t<div class=\"elementor-image-box-wrapper\"><figure class=\"elementor-image-box-img\"><img loading=\"lazy\" decoding=\"async\" width=\"600\" height=\"798\" src=\"https:\/\/fundacioepisteme.cat\/congres\/wp-content\/uploads\/2022\/09\/Maria-Elizalde.jpg\" class=\"attachment-full size-full wp-image-975\" alt=\"\" srcset=\"https:\/\/fundacioepisteme.cat\/congres\/wp-content\/uploads\/2022\/09\/Maria-Elizalde.jpg 600w, https:\/\/fundacioepisteme.cat\/congres\/wp-content\/uploads\/2022\/09\/Maria-Elizalde-226x300.jpg 226w\" sizes=\"(max-width: 600px) 100vw, 600px\" \/><\/figure><div class=\"elementor-image-box-content\"><h3 class=\"elementor-image-box-title\">Mar\u00eda Elizalde <br><\/h3><p class=\"elementor-image-box-description\">PROFESSORA DE FILOSOFIA I CONFERENCIANT<\/p><\/div><\/div>\t\t\t\t<\/div>\n\t\t\t\t<\/div>\n\t\t\t\t<div class=\"elementor-element elementor-element-ca2b653 e-grid-align-right e-grid-align-mobile-center elementor-shape-rounded elementor-grid-0 elementor-widget elementor-widget-social-icons\" data-id=\"ca2b653\" data-element_type=\"widget\" data-e-type=\"widget\" data-widget_type=\"social-icons.default\">\n\t\t\t\t<div class=\"elementor-widget-container\">\n\t\t\t\t\t\t\t<div class=\"elementor-social-icons-wrapper elementor-grid\">\n\t\t\t\t\t\t\t<span class=\"elementor-grid-item\">\n\t\t\t\t\t<a class=\"elementor-icon elementor-social-icon elementor-social-icon-facebook-f elementor-animation-grow elementor-repeater-item-8b93740\" href=\"https:\/\/www.facebook.com\/melizaldefrez\" target=\"_blank\">\n\t\t\t\t\t\t<span class=\"elementor-screen-only\">Facebook-f<\/span>\n\t\t\t\t\t\t<i aria-hidden=\"true\" class=\"fab fa-facebook-f\"><\/i>\t\t\t\t\t<\/a>\n\t\t\t\t<\/span>\n\t\t\t\t\t<\/div>\n\t\t\t\t\t\t<\/div>\n\t\t\t\t<\/div>\n\t\t\t\t<div class=\"elementor-element elementor-element-a5d69ec elementor-widget elementor-widget-text-editor\" data-id=\"a5d69ec\" data-element_type=\"widget\" data-e-type=\"widget\" data-widget_type=\"text-editor.default\">\n\t\t\t\t<div class=\"elementor-widget-container\">\n\t\t\t\t\t\t\t\t\t<p>Graduada en Filosof\u00eda i\u00a0 en Documentaci\u00f3 per la Universitat de Barcelona. Doctora en Pensament Espanyol i Iberoameric\u00e0.<\/p><p>Des de fa 15 anys col\u00b7labora en seminaris, confer\u00e8ncies i assignatures a diferentes universitats (UOC, Universitat La Salle Bogot\u00e1, Universitat Ramon Llull i UB). A m\u00e9s, els \u00faltims anys \u00e9s professora de Filosofia a instituts de secund\u00e0ria.<\/p><p>Especialista en Mar\u00eda Zambrano, ha publicat, investigat i participat en nombrosos esdeveniments al voltant de la seva figura.<\/p>\t\t\t\t\t\t\t\t<\/div>\n\t\t\t\t<\/div>\n\t\t\t\t\t<\/div>\n\t\t<\/div>\n\t\t\t\t<div class=\"elementor-column elementor-col-50 elementor-inner-column elementor-element elementor-element-4cd85e4\" data-id=\"4cd85e4\" data-element_type=\"column\" data-e-type=\"column\">\n\t\t\t<div class=\"elementor-widget-wrap elementor-element-populated\">\n\t\t\t\t\t\t<div class=\"elementor-element elementor-element-ae156c8 elementor-position-left elementor-vertical-align-middle elementor-widget elementor-widget-image-box\" data-id=\"ae156c8\" data-element_type=\"widget\" data-e-type=\"widget\" data-widget_type=\"image-box.default\">\n\t\t\t\t<div class=\"elementor-widget-container\">\n\t\t\t\t\t<div class=\"elementor-image-box-wrapper\"><figure class=\"elementor-image-box-img\"><img loading=\"lazy\" decoding=\"async\" width=\"376\" height=\"452\" src=\"https:\/\/fundacioepisteme.cat\/congres\/wp-content\/uploads\/2022\/09\/IMG-Jacob.jpg\" class=\"attachment-full size-full wp-image-971\" alt=\"\" srcset=\"https:\/\/fundacioepisteme.cat\/congres\/wp-content\/uploads\/2022\/09\/IMG-Jacob.jpg 376w, https:\/\/fundacioepisteme.cat\/congres\/wp-content\/uploads\/2022\/09\/IMG-Jacob-250x300.jpg 250w\" sizes=\"(max-width: 376px) 100vw, 376px\" \/><\/figure><div class=\"elementor-image-box-content\"><h3 class=\"elementor-image-box-title\">Jacob Guinot <\/h3><p class=\"elementor-image-box-description\">professor d'Administraci\u00f3 d'Empreses i M\u00e0rqueting<\/p><\/div><\/div>\t\t\t\t<\/div>\n\t\t\t\t<\/div>\n\t\t\t\t<div class=\"elementor-element elementor-element-3e4f05b e-grid-align-right e-grid-align-mobile-center elementor-shape-rounded elementor-grid-0 elementor-widget elementor-widget-social-icons\" data-id=\"3e4f05b\" data-element_type=\"widget\" data-e-type=\"widget\" data-widget_type=\"social-icons.default\">\n\t\t\t\t<div class=\"elementor-widget-container\">\n\t\t\t\t\t\t\t<div class=\"elementor-social-icons-wrapper elementor-grid\">\n\t\t\t\t\t\t\t<span class=\"elementor-grid-item\">\n\t\t\t\t\t<a class=\"elementor-icon elementor-social-icon elementor-social-icon-twitter elementor-animation-grow elementor-repeater-item-d2b7695\" href=\"https:\/\/twitter.com\/guinot_jacob\" target=\"_blank\">\n\t\t\t\t\t\t<span class=\"elementor-screen-only\">Twitter<\/span>\n\t\t\t\t\t\t<i aria-hidden=\"true\" class=\"fab fa-twitter\"><\/i>\t\t\t\t\t<\/a>\n\t\t\t\t<\/span>\n\t\t\t\t\t<\/div>\n\t\t\t\t\t\t<\/div>\n\t\t\t\t<\/div>\n\t\t\t\t<div class=\"elementor-element elementor-element-a2271a6 elementor-widget elementor-widget-text-editor\" data-id=\"a2271a6\" data-element_type=\"widget\" data-e-type=\"widget\" data-widget_type=\"text-editor.default\">\n\t\t\t\t<div class=\"elementor-widget-container\">\n\t\t\t\t\t\t\t\t\t<p>Diplomat en Relacions laborals i Llicenciat en Ci\u00e8ncies del treball. Doctor en Organitzaci\u00f3 d&#8217;empreses.<\/p><p>Professor de la Universitat Jaume I des del 2010 i acreditat a professor titular d&#8217;Universitat. Premi extraordinari de doctorat. Director del Grup d&#8217;innovaci\u00f3 educativa sobre la Universitat del Coneixement a la Universitat Jaume I.<\/p><p>Els seus treballs acad\u00e8mics han estat publicats en revistes d&#8217;alt impacte cient\u00edfic i tamb\u00e9 ha signat articles d&#8217;opini\u00f3 en diversos mitjans nacionals.<\/p>\t\t\t\t\t\t\t\t<\/div>\n\t\t\t\t<\/div>\n\t\t\t\t\t<\/div>\n\t\t<\/div>\n\t\t\t\t\t<\/div>\n\t\t<\/section>\n\t\t\t\t<section class=\"elementor-section elementor-inner-section elementor-element elementor-element-93ef785 elementor-section-boxed elementor-section-height-default elementor-section-height-default\" data-id=\"93ef785\" data-element_type=\"section\" data-e-type=\"section\">\n\t\t\t\t\t\t<div class=\"elementor-container elementor-column-gap-default\">\n\t\t\t\t\t<div class=\"elementor-column elementor-col-50 elementor-inner-column elementor-element elementor-element-f6a9f38\" data-id=\"f6a9f38\" data-element_type=\"column\" data-e-type=\"column\">\n\t\t\t<div class=\"elementor-widget-wrap elementor-element-populated\">\n\t\t\t\t\t\t<div class=\"elementor-element elementor-element-3253c2a elementor-position-left elementor-vertical-align-middle elementor-widget elementor-widget-image-box\" data-id=\"3253c2a\" data-element_type=\"widget\" data-e-type=\"widget\" data-widget_type=\"image-box.default\">\n\t\t\t\t<div class=\"elementor-widget-container\">\n\t\t\t\t\t<div class=\"elementor-image-box-wrapper\"><figure class=\"elementor-image-box-img\"><img loading=\"lazy\" decoding=\"async\" width=\"400\" height=\"400\" src=\"https:\/\/fundacioepisteme.cat\/congres\/wp-content\/uploads\/2022\/09\/Fdez-Liria.jpg\" class=\"attachment-full size-full wp-image-528\" alt=\"\" srcset=\"https:\/\/fundacioepisteme.cat\/congres\/wp-content\/uploads\/2022\/09\/Fdez-Liria.jpg 400w, https:\/\/fundacioepisteme.cat\/congres\/wp-content\/uploads\/2022\/09\/Fdez-Liria-300x300.jpg 300w, https:\/\/fundacioepisteme.cat\/congres\/wp-content\/uploads\/2022\/09\/Fdez-Liria-150x150.jpg 150w, https:\/\/fundacioepisteme.cat\/congres\/wp-content\/uploads\/2022\/09\/Fdez-Liria-100x100.jpg 100w\" sizes=\"(max-width: 400px) 100vw, 400px\" \/><\/figure><div class=\"elementor-image-box-content\"><h3 class=\"elementor-image-box-title\">Carlos Fern\u00e1ndez Liria<\/h3><p class=\"elementor-image-box-description\">professor de filosofia i escriptor<\/p><\/div><\/div>\t\t\t\t<\/div>\n\t\t\t\t<\/div>\n\t\t\t\t<div class=\"elementor-element elementor-element-874d368 e-grid-align-right e-grid-align-mobile-center elementor-shape-rounded elementor-grid-0 elementor-widget elementor-widget-social-icons\" data-id=\"874d368\" data-element_type=\"widget\" data-e-type=\"widget\" data-widget_type=\"social-icons.default\">\n\t\t\t\t<div class=\"elementor-widget-container\">\n\t\t\t\t\t\t\t<div class=\"elementor-social-icons-wrapper elementor-grid\" role=\"list\">\n\t\t\t\t\t\t\t<span class=\"elementor-grid-item\" role=\"listitem\">\n\t\t\t\t\t<a class=\"elementor-icon elementor-social-icon elementor-social-icon-facebook-f elementor-animation-grow elementor-repeater-item-8b93740\" href=\"https:\/\/www.facebook.com\/FdzLiriaCarlos\" target=\"_blank\">\n\t\t\t\t\t\t<span class=\"elementor-screen-only\">Facebook-f<\/span>\n\t\t\t\t\t\t<i aria-hidden=\"true\" class=\"fab fa-facebook-f\"><\/i>\t\t\t\t\t<\/a>\n\t\t\t\t<\/span>\n\t\t\t\t\t\t\t<span class=\"elementor-grid-item\" role=\"listitem\">\n\t\t\t\t\t<a class=\"elementor-icon elementor-social-icon elementor-social-icon-twitter elementor-animation-grow elementor-repeater-item-d2b7695\" href=\"https:\/\/twitter.com\/FdezLiriaCarlos\" target=\"_blank\">\n\t\t\t\t\t\t<span class=\"elementor-screen-only\">Twitter<\/span>\n\t\t\t\t\t\t<i aria-hidden=\"true\" class=\"fab fa-twitter\"><\/i>\t\t\t\t\t<\/a>\n\t\t\t\t<\/span>\n\t\t\t\t\t\t\t<span class=\"elementor-grid-item\" role=\"listitem\">\n\t\t\t\t\t<a class=\"elementor-icon elementor-social-icon elementor-social-icon-youtube elementor-animation-grow elementor-repeater-item-71af9ec\" href=\"https:\/\/www.youtube.com\/watch?v=tgrcZRqe8CY&#038;t=33s\" target=\"_blank\">\n\t\t\t\t\t\t<span class=\"elementor-screen-only\">Youtube<\/span>\n\t\t\t\t\t\t<i aria-hidden=\"true\" class=\"fab fa-youtube\"><\/i>\t\t\t\t\t<\/a>\n\t\t\t\t<\/span>\n\t\t\t\t\t<\/div>\n\t\t\t\t\t\t<\/div>\n\t\t\t\t<\/div>\n\t\t\t\t<div class=\"elementor-element elementor-element-7de4f79 elementor-widget elementor-widget-text-editor\" data-id=\"7de4f79\" data-element_type=\"widget\" data-e-type=\"widget\" data-widget_type=\"text-editor.default\">\n\t\t\t\t<div class=\"elementor-widget-container\">\n\t\t\t\t\t\t\t\t\t<p>Professor de Filosofia, assagista i guionista espanyol.<\/p><p>Carlos Fern\u00e1ndez Ll\u00edria es considera un defensor de l&#8217;aposta pol\u00edtica de la Il\u00b7lustraci\u00f3, fet que ha assajat en diferents fronts de recerca. A m\u00e9s de la seva dedicaci\u00f3 docent, ha publicat diversos llibres d&#8217;assaig sobre disciplines com filosofia, antropologia i pol\u00edtica. C<em>oautor de La educaci\u00f3n Cancelada (Sloper, 2022).<\/em> Col\u00b7laborador en diverses revistes i mitjans de comunicaci\u00f3 com <em>Gara<\/em>, <em>P\u00fablico<\/em>, la\u00a0revista Archipi\u00e9lago,\u00a0<i>Viento Sur<\/i>,\u00a0<i>El Viejo Topo,\u00a0<a class=\"mw-redirect\" title=\"Eldiario.es\" href=\"https:\/\/es.wikipedia.org\/wiki\/Eldiario.es\">Eldiario.es<\/a><\/i> i webs d&#8217;internet com <a title=\"Rebeli\u00f3n (sitio de Internet)\" href=\"https:\/\/es.wikipedia.org\/wiki\/Rebeli%C3%B3n_(sitio_de_Internet)\">Rebelion.org<\/a>\u00a0y\u00a0<a class=\"mw-redirect\" title=\"Cuarto Poder (peri\u00f3dico digital)\" href=\"https:\/\/es.wikipedia.org\/wiki\/Cuarto_Poder_(peri%C3%B3dico_digital)\">Cuartopoder.<\/a><\/p><p>Comprom\u00e8s contra l&#8217;anomenat \u2032Proc\u00e9s de Bolonya\u2032, ha participat activament en gaireb\u00e9 totes les activitats cr\u00edtiques dutes a terme pels diferents moviments estudiantils contra la seva implantaci\u00f3, aix\u00ed com en diferents debats sobre el tema en els principals mitjans de comunicaci\u00f3. Respecte aix\u00f2, va publicar el llibre <em>El Plan Bolonia<\/em> i va prologar <em>Bolonia no existe<\/em>, un llibre que recull articles d&#8217;estudiants compromesos amb la lluita contra la mercantilitzaci\u00f3 de l&#8217;ensenyament.<\/p>\t\t\t\t\t\t\t\t<\/div>\n\t\t\t\t<\/div>\n\t\t\t\t\t<\/div>\n\t\t<\/div>\n\t\t\t\t<div class=\"elementor-column elementor-col-50 elementor-inner-column elementor-element elementor-element-6b75492\" data-id=\"6b75492\" data-element_type=\"column\" data-e-type=\"column\">\n\t\t\t<div class=\"elementor-widget-wrap elementor-element-populated\">\n\t\t\t\t\t\t<div class=\"elementor-element elementor-element-498808b elementor-position-left elementor-vertical-align-middle elementor-widget elementor-widget-image-box\" data-id=\"498808b\" data-element_type=\"widget\" data-e-type=\"widget\" data-widget_type=\"image-box.default\">\n\t\t\t\t<div class=\"elementor-widget-container\">\n\t\t\t\t\t<div class=\"elementor-image-box-wrapper\"><figure class=\"elementor-image-box-img\"><img loading=\"lazy\" decoding=\"async\" width=\"1837\" height=\"1378\" src=\"https:\/\/fundacioepisteme.cat\/congres\/wp-content\/uploads\/2022\/09\/josep-otonaltaresolucion.jpg\" class=\"attachment-full size-full wp-image-536\" alt=\"\" srcset=\"https:\/\/fundacioepisteme.cat\/congres\/wp-content\/uploads\/2022\/09\/josep-otonaltaresolucion.jpg 1837w, https:\/\/fundacioepisteme.cat\/congres\/wp-content\/uploads\/2022\/09\/josep-otonaltaresolucion-300x225.jpg 300w, https:\/\/fundacioepisteme.cat\/congres\/wp-content\/uploads\/2022\/09\/josep-otonaltaresolucion-1024x768.jpg 1024w, https:\/\/fundacioepisteme.cat\/congres\/wp-content\/uploads\/2022\/09\/josep-otonaltaresolucion-768x576.jpg 768w, https:\/\/fundacioepisteme.cat\/congres\/wp-content\/uploads\/2022\/09\/josep-otonaltaresolucion-1536x1152.jpg 1536w, https:\/\/fundacioepisteme.cat\/congres\/wp-content\/uploads\/2022\/09\/josep-otonaltaresolucion-600x450.jpg 600w\" sizes=\"(max-width: 1837px) 100vw, 1837px\" \/><\/figure><div class=\"elementor-image-box-content\"><h3 class=\"elementor-image-box-title\">Josep Oton<\/h3><p class=\"elementor-image-box-description\">Professor d'hist\u00f2ria i escriptor<\/p><\/div><\/div>\t\t\t\t<\/div>\n\t\t\t\t<\/div>\n\t\t\t\t<div class=\"elementor-element elementor-element-e9dde59 e-grid-align-right e-grid-align-mobile-center elementor-shape-rounded elementor-grid-0 elementor-widget elementor-widget-social-icons\" data-id=\"e9dde59\" data-element_type=\"widget\" data-e-type=\"widget\" data-widget_type=\"social-icons.default\">\n\t\t\t\t<div class=\"elementor-widget-container\">\n\t\t\t\t\t\t\t<div class=\"elementor-social-icons-wrapper elementor-grid\">\n\t\t\t\t\t\t\t<span class=\"elementor-grid-item\">\n\t\t\t\t\t<a class=\"elementor-icon elementor-social-icon elementor-social-icon-twitter elementor-animation-grow elementor-repeater-item-d2b7695\" href=\"https:\/\/twitter.com\/laberintia11\" target=\"_blank\">\n\t\t\t\t\t\t<span class=\"elementor-screen-only\">Twitter<\/span>\n\t\t\t\t\t\t<i aria-hidden=\"true\" class=\"fab fa-twitter\"><\/i>\t\t\t\t\t<\/a>\n\t\t\t\t<\/span>\n\t\t\t\t\t<\/div>\n\t\t\t\t\t\t<\/div>\n\t\t\t\t<\/div>\n\t\t\t\t<div class=\"elementor-element elementor-element-629ec78 elementor-widget elementor-widget-text-editor\" data-id=\"629ec78\" data-element_type=\"widget\" data-e-type=\"widget\" data-widget_type=\"text-editor.default\">\n\t\t\t\t<div class=\"elementor-widget-container\">\n\t\t\t\t\t\t\t\t\t<p>Llicenciat en Geografia i Hist\u00f2ria. Doctor en Hist\u00f2ria.<\/p><p><em>Secretari de la Fundaci\u00f3 Episteme.<\/em><\/p><p>T\u00e8cnic de Planificaci\u00f3 Escolar (Departament d\u2019Ensenyament) (1998-2003). Catedr\u00e0tic d\u2019Hist\u00f2ria d\u2019Ensenyament Secundari. President de l\u2019Associaci\u00f3 de Catedr\u00e0tics d\u2019Ensenyaments Secundaris de Catalunya (2020).<\/p><p>Articulista d&#8217;opini\u00f3 i autor de\u00a0 llibres de tem\u00e0tiques diverses; en l&#8217;\u00e0mbit educatiu, <em>Hist\u00f2ria i pedagogia en l&#8217;obra de Simone Weil, <\/em>fil\u00f2sofa i professora a qui ha dedicat articles i publicacions.<\/p><p>Premis: Premi d\u2019Assaig Serrat i Moret (2006). Premi d\u2019Assaig pedag\u00f2gic Joan Profit\u00f3s. Premi de la C\u00e0tedra Victoriano Mu\u00f1oz. Premi d\u2019Assaig Joan Maragall.<\/p>\t\t\t\t\t\t\t\t<\/div>\n\t\t\t\t<\/div>\n\t\t\t\t\t<\/div>\n\t\t<\/div>\n\t\t\t\t\t<\/div>\n\t\t<\/section>\n\t\t\t\t<section class=\"elementor-section elementor-inner-section elementor-element elementor-element-54a6e68 elementor-section-boxed elementor-section-height-default elementor-section-height-default\" data-id=\"54a6e68\" data-element_type=\"section\" data-e-type=\"section\">\n\t\t\t\t\t\t<div class=\"elementor-container elementor-column-gap-default\">\n\t\t\t\t\t<div class=\"elementor-column elementor-col-50 elementor-inner-column elementor-element elementor-element-87aea14\" data-id=\"87aea14\" data-element_type=\"column\" data-e-type=\"column\">\n\t\t\t<div class=\"elementor-widget-wrap elementor-element-populated\">\n\t\t\t\t\t\t<div class=\"elementor-element elementor-element-bdb87ad elementor-position-left elementor-vertical-align-middle elementor-widget elementor-widget-image-box\" data-id=\"bdb87ad\" data-element_type=\"widget\" data-e-type=\"widget\" data-widget_type=\"image-box.default\">\n\t\t\t\t<div class=\"elementor-widget-container\">\n\t\t\t\t\t<div class=\"elementor-image-box-wrapper\"><figure class=\"elementor-image-box-img\"><img loading=\"lazy\" decoding=\"async\" width=\"362\" height=\"360\" src=\"https:\/\/fundacioepisteme.cat\/congres\/wp-content\/uploads\/2022\/09\/Irene-cuadrada.jpg\" class=\"attachment-full size-full wp-image-654\" alt=\"\" srcset=\"https:\/\/fundacioepisteme.cat\/congres\/wp-content\/uploads\/2022\/09\/Irene-cuadrada.jpg 362w, https:\/\/fundacioepisteme.cat\/congres\/wp-content\/uploads\/2022\/09\/Irene-cuadrada-300x298.jpg 300w, https:\/\/fundacioepisteme.cat\/congres\/wp-content\/uploads\/2022\/09\/Irene-cuadrada-150x150.jpg 150w, https:\/\/fundacioepisteme.cat\/congres\/wp-content\/uploads\/2022\/09\/Irene-cuadrada-100x100.jpg 100w\" sizes=\"(max-width: 362px) 100vw, 362px\" \/><\/figure><div class=\"elementor-image-box-content\"><h3 class=\"elementor-image-box-title\">Irene Murcia<\/h3><p class=\"elementor-image-box-description\">Professora de matem\u00e0tiques i presidenta d'ocre<\/p><\/div><\/div>\t\t\t\t<\/div>\n\t\t\t\t<\/div>\n\t\t\t\t<div class=\"elementor-element elementor-element-e475b3b e-grid-align-right e-grid-align-mobile-center elementor-shape-rounded elementor-grid-0 elementor-widget elementor-widget-social-icons\" data-id=\"e475b3b\" data-element_type=\"widget\" data-e-type=\"widget\" data-widget_type=\"social-icons.default\">\n\t\t\t\t<div class=\"elementor-widget-container\">\n\t\t\t\t\t\t\t<div class=\"elementor-social-icons-wrapper elementor-grid\" role=\"list\">\n\t\t\t\t\t\t\t<span class=\"elementor-grid-item\" role=\"listitem\">\n\t\t\t\t\t<a class=\"elementor-icon elementor-social-icon elementor-social-icon-facebook-f elementor-animation-grow elementor-repeater-item-d9d03cf\" href=\"https:\/\/www.facebook.com\/irene.murciaburgales\" target=\"_blank\">\n\t\t\t\t\t\t<span class=\"elementor-screen-only\">Facebook-f<\/span>\n\t\t\t\t\t\t<i aria-hidden=\"true\" class=\"fab fa-facebook-f\"><\/i>\t\t\t\t\t<\/a>\n\t\t\t\t<\/span>\n\t\t\t\t\t\t\t<span class=\"elementor-grid-item\" role=\"listitem\">\n\t\t\t\t\t<a class=\"elementor-icon elementor-social-icon elementor-social-icon-twitter elementor-animation-grow elementor-repeater-item-d2b7695\" href=\"https:\/\/twitter.com\/IreneMurciaBurg\" target=\"_blank\">\n\t\t\t\t\t\t<span class=\"elementor-screen-only\">Twitter<\/span>\n\t\t\t\t\t\t<i aria-hidden=\"true\" class=\"fab fa-twitter\"><\/i>\t\t\t\t\t<\/a>\n\t\t\t\t<\/span>\n\t\t\t\t\t\t\t<span class=\"elementor-grid-item\" role=\"listitem\">\n\t\t\t\t\t<a class=\"elementor-icon elementor-social-icon elementor-social-icon-link elementor-animation-grow elementor-repeater-item-2c65955\" href=\"https:\/\/www.facebook.com\/Plataforma-No-Als-%C3%80mbits-106146721728936\/\" target=\"_blank\">\n\t\t\t\t\t\t<span class=\"elementor-screen-only\">Link<\/span>\n\t\t\t\t\t\t<i aria-hidden=\"true\" class=\"fas fa-link\"><\/i>\t\t\t\t\t<\/a>\n\t\t\t\t<\/span>\n\t\t\t\t\t<\/div>\n\t\t\t\t\t\t<\/div>\n\t\t\t\t<\/div>\n\t\t\t\t<div class=\"elementor-element elementor-element-ae491de elementor-widget elementor-widget-text-editor\" data-id=\"ae491de\" data-element_type=\"widget\" data-e-type=\"widget\" data-widget_type=\"text-editor.default\">\n\t\t\t\t<div class=\"elementor-widget-container\">\n\t\t\t\t\t\t\t\t\t<p>Llicenciada en Matem\u00e0tiques i en Estad\u00edstica i Recerca Operativa, per la Universitat de Val\u00e8ncia. M\u00e0ster en Educaci\u00f3 Inclusiva, per la\u00a0UNED.<br \/><br \/>Professora de Matem\u00e0tiques en l&#8217;Ensenyament P\u00fablic, en les Comunitats de Castella-la Manxa i la Valenciana, de 1995 a 2021.<br \/><br \/>Presidenta de l&#8217;Observatori Cr\u00edtic de la Realitat Educativa\u00a0 (OCRE), que t\u00e9 com a objectiu principal la lluita perqu\u00e8 tot l&#8217;alumnat, independentment de les seves condicions socioecon\u00f2miques, tingui la millor formaci\u00f3 per a aconseguir, amb rigor i responsabilitat, qualsevol prop\u00f2sit.<\/p><p>Membre de diverses associacions humanit\u00e0ries o en defensa de la sanitat i educaci\u00f3 p\u00fabliques. Centenars d&#8217;hores de multituds de cursets fets pel seu compte.<\/p>\t\t\t\t\t\t\t\t<\/div>\n\t\t\t\t<\/div>\n\t\t\t\t\t<\/div>\n\t\t<\/div>\n\t\t\t\t<div class=\"elementor-column elementor-col-50 elementor-inner-column elementor-element elementor-element-4e207c0\" data-id=\"4e207c0\" data-element_type=\"column\" data-e-type=\"column\">\n\t\t\t<div class=\"elementor-widget-wrap elementor-element-populated\">\n\t\t\t\t\t\t<div class=\"elementor-element elementor-element-595e617 elementor-position-left elementor-vertical-align-middle elementor-widget elementor-widget-image-box\" data-id=\"595e617\" data-element_type=\"widget\" data-e-type=\"widget\" data-widget_type=\"image-box.default\">\n\t\t\t\t<div class=\"elementor-widget-container\">\n\t\t\t\t\t<div class=\"elementor-image-box-wrapper\"><figure class=\"elementor-image-box-img\"><img loading=\"lazy\" decoding=\"async\" width=\"400\" height=\"400\" src=\"https:\/\/fundacioepisteme.cat\/congres\/wp-content\/uploads\/2022\/09\/Pascual-Gil.jpg\" class=\"attachment-full size-full wp-image-549\" alt=\"\" srcset=\"https:\/\/fundacioepisteme.cat\/congres\/wp-content\/uploads\/2022\/09\/Pascual-Gil.jpg 400w, https:\/\/fundacioepisteme.cat\/congres\/wp-content\/uploads\/2022\/09\/Pascual-Gil-300x300.jpg 300w, https:\/\/fundacioepisteme.cat\/congres\/wp-content\/uploads\/2022\/09\/Pascual-Gil-150x150.jpg 150w, https:\/\/fundacioepisteme.cat\/congres\/wp-content\/uploads\/2022\/09\/Pascual-Gil-100x100.jpg 100w\" sizes=\"(max-width: 400px) 100vw, 400px\" \/><\/figure><div class=\"elementor-image-box-content\"><h3 class=\"elementor-image-box-title\">Pascual Gil <\/h3><p class=\"elementor-image-box-description\">professor d'hist\u00f2ria i escriptor<\/p><\/div><\/div>\t\t\t\t<\/div>\n\t\t\t\t<\/div>\n\t\t\t\t<div class=\"elementor-element elementor-element-e69d69e e-grid-align-right e-grid-align-mobile-center elementor-shape-rounded elementor-grid-0 elementor-widget elementor-widget-social-icons\" data-id=\"e69d69e\" data-element_type=\"widget\" data-e-type=\"widget\" data-widget_type=\"social-icons.default\">\n\t\t\t\t<div class=\"elementor-widget-container\">\n\t\t\t\t\t\t\t<div class=\"elementor-social-icons-wrapper elementor-grid\" role=\"list\">\n\t\t\t\t\t\t\t<span class=\"elementor-grid-item\" role=\"listitem\">\n\t\t\t\t\t<a class=\"elementor-icon elementor-social-icon elementor-social-icon-facebook-f elementor-animation-grow elementor-repeater-item-8b93740\" href=\"https:\/\/www.facebook.com\/pascual.gilgutierrez\" target=\"_blank\">\n\t\t\t\t\t\t<span class=\"elementor-screen-only\">Facebook-f<\/span>\n\t\t\t\t\t\t<i aria-hidden=\"true\" class=\"fab fa-facebook-f\"><\/i>\t\t\t\t\t<\/a>\n\t\t\t\t<\/span>\n\t\t\t\t\t\t\t<span class=\"elementor-grid-item\" role=\"listitem\">\n\t\t\t\t\t<a class=\"elementor-icon elementor-social-icon elementor-social-icon-twitter elementor-animation-grow elementor-repeater-item-d2b7695\" href=\"https:\/\/twitter.com\/PascualGil1\" target=\"_blank\">\n\t\t\t\t\t\t<span class=\"elementor-screen-only\">Twitter<\/span>\n\t\t\t\t\t\t<i aria-hidden=\"true\" class=\"fab fa-twitter\"><\/i>\t\t\t\t\t<\/a>\n\t\t\t\t<\/span>\n\t\t\t\t\t<\/div>\n\t\t\t\t\t\t<\/div>\n\t\t\t\t<\/div>\n\t\t\t\t<div class=\"elementor-element elementor-element-70f8e79 elementor-widget elementor-widget-text-editor\" data-id=\"70f8e79\" data-element_type=\"widget\" data-e-type=\"widget\" data-widget_type=\"text-editor.default\">\n\t\t\t\t<div class=\"elementor-widget-container\">\n\t\t\t\t\t\t\t\t\t<p>Graduat en Hist\u00f2ria. M\u00e0ster en Mediterrani Antic i especialista en M\u00f3n Grecorom\u00e0.<\/p><p>Professor d&#8217;Hist\u00f2ria i Geografia en Secund\u00e0ria i Batxillerat a la Comunitat Valenciana.<\/p><p>Actualment, doctorant en Hist\u00f2ria Antiga.<\/p><p>Autor de l&#8217;assaig \u00abSchola delenda est?\u00bb. Coautor de l&#8217;assaig col\u00b7lectiu <em>La educaci\u00f3n cancelada <\/em>(Sloper, 2022).<\/p><p>Col\u00b7labora amb diversos articles per a revistes educatives com Magisnet i El Diario de la Educaci\u00f3n.<\/p>\t\t\t\t\t\t\t\t<\/div>\n\t\t\t\t<\/div>\n\t\t\t\t\t<\/div>\n\t\t<\/div>\n\t\t\t\t\t<\/div>\n\t\t<\/section>\n\t\t\t\t<section class=\"elementor-section elementor-inner-section elementor-element elementor-element-6990033 elementor-section-boxed elementor-section-height-default elementor-section-height-default\" data-id=\"6990033\" data-element_type=\"section\" data-e-type=\"section\">\n\t\t\t\t\t\t<div class=\"elementor-container elementor-column-gap-default\">\n\t\t\t\t\t<div class=\"elementor-column elementor-col-50 elementor-inner-column elementor-element elementor-element-e54ff2a\" data-id=\"e54ff2a\" data-element_type=\"column\" data-e-type=\"column\">\n\t\t\t<div class=\"elementor-widget-wrap elementor-element-populated\">\n\t\t\t\t\t\t<div class=\"elementor-element elementor-element-2677e35 elementor-position-left elementor-vertical-align-middle elementor-widget elementor-widget-image-box\" data-id=\"2677e35\" data-element_type=\"widget\" data-e-type=\"widget\" data-widget_type=\"image-box.default\">\n\t\t\t\t<div class=\"elementor-widget-container\">\n\t\t\t\t\t<div class=\"elementor-image-box-wrapper\"><figure class=\"elementor-image-box-img\"><img loading=\"lazy\" decoding=\"async\" width=\"594\" height=\"834\" src=\"https:\/\/fundacioepisteme.cat\/congres\/wp-content\/uploads\/2022\/09\/Pepe-Sabater-ok.jpg\" class=\"attachment-full size-full wp-image-553\" alt=\"\" srcset=\"https:\/\/fundacioepisteme.cat\/congres\/wp-content\/uploads\/2022\/09\/Pepe-Sabater-ok.jpg 594w, https:\/\/fundacioepisteme.cat\/congres\/wp-content\/uploads\/2022\/09\/Pepe-Sabater-ok-214x300.jpg 214w\" sizes=\"(max-width: 594px) 100vw, 594px\" \/><\/figure><div class=\"elementor-image-box-content\"><h3 class=\"elementor-image-box-title\">Pepe Sabater <\/h3><p class=\"elementor-image-box-description\">Professor de F\u00edsica i Qu\u00edmica<\/p><\/div><\/div>\t\t\t\t<\/div>\n\t\t\t\t<\/div>\n\t\t\t\t<div class=\"elementor-element elementor-element-fad2827 e-grid-align-right e-grid-align-mobile-center elementor-shape-rounded elementor-grid-0 elementor-widget elementor-widget-social-icons\" data-id=\"fad2827\" data-element_type=\"widget\" data-e-type=\"widget\" data-widget_type=\"social-icons.default\">\n\t\t\t\t<div class=\"elementor-widget-container\">\n\t\t\t\t\t\t\t<div class=\"elementor-social-icons-wrapper elementor-grid\" role=\"list\">\n\t\t\t\t\t\t\t<span class=\"elementor-grid-item\" role=\"listitem\">\n\t\t\t\t\t<a class=\"elementor-icon elementor-social-icon elementor-social-icon-facebook-f elementor-animation-grow elementor-repeater-item-bd14829\" href=\"https:\/\/www.facebook.com\/Plataforma-No-Als-%C3%80mbits-106146721728936\/\" target=\"_blank\">\n\t\t\t\t\t\t<span class=\"elementor-screen-only\">Facebook-f<\/span>\n\t\t\t\t\t\t<i aria-hidden=\"true\" class=\"fab fa-facebook-f\"><\/i>\t\t\t\t\t<\/a>\n\t\t\t\t<\/span>\n\t\t\t\t\t\t\t<span class=\"elementor-grid-item\" role=\"listitem\">\n\t\t\t\t\t<a class=\"elementor-icon elementor-social-icon elementor-social-icon-twitter elementor-animation-grow elementor-repeater-item-d2b7695\" href=\"https:\/\/twitter.com\/pepe_sabater\" target=\"_blank\">\n\t\t\t\t\t\t<span class=\"elementor-screen-only\">Twitter<\/span>\n\t\t\t\t\t\t<i aria-hidden=\"true\" class=\"fab fa-twitter\"><\/i>\t\t\t\t\t<\/a>\n\t\t\t\t<\/span>\n\t\t\t\t\t<\/div>\n\t\t\t\t\t\t<\/div>\n\t\t\t\t<\/div>\n\t\t\t\t<div class=\"elementor-element elementor-element-4f572b2 elementor-widget elementor-widget-text-editor\" data-id=\"4f572b2\" data-element_type=\"widget\" data-e-type=\"widget\" data-widget_type=\"text-editor.default\">\n\t\t\t\t<div class=\"elementor-widget-container\">\n\t\t\t\t\t\t\t\t\t<p>Llicenciat en Ci\u00e8ncies Qu\u00edmiques per la Universitat de Val\u00e8ncia.<\/p><p>Docent des de l&#8217;any 1992, treballa actualment en l&#8217;institut Ram\u00f3n Llull de Val\u00e8ncia.<\/p><p>Impulsor de l&#8217;Associaci\u00f3 de Professionals de l&#8217;Ensenyament de F\u00edsica i de Qu\u00edmica de la Comunitat Valenciana (PFQCV).<\/p><p>Docent cr\u00edtic amb el treball per \u00e0mbits, impulsor de la Plataforma contra els \u00c0mbits Imposats i membre fundador de l&#8217;Observatori Cr\u00edtic de la Realitat Educativa (OCRE), associaci\u00f3 cr\u00edtica amb la deriva educativa impulsada per les lleis actuals.<\/p>\t\t\t\t\t\t\t\t<\/div>\n\t\t\t\t<\/div>\n\t\t\t\t\t<\/div>\n\t\t<\/div>\n\t\t\t\t<div class=\"elementor-column elementor-col-50 elementor-inner-column elementor-element elementor-element-58e461d\" data-id=\"58e461d\" data-element_type=\"column\" data-e-type=\"column\">\n\t\t\t<div class=\"elementor-widget-wrap elementor-element-populated\">\n\t\t\t\t\t\t<div class=\"elementor-element elementor-element-dddbf79 elementor-position-left elementor-vertical-align-middle elementor-widget elementor-widget-image-box\" data-id=\"dddbf79\" data-element_type=\"widget\" data-e-type=\"widget\" data-widget_type=\"image-box.default\">\n\t\t\t\t<div class=\"elementor-widget-container\">\n\t\t\t\t\t<div class=\"elementor-image-box-wrapper\"><figure class=\"elementor-image-box-img\"><img loading=\"lazy\" decoding=\"async\" width=\"200\" height=\"281\" src=\"https:\/\/fundacioepisteme.cat\/congres\/wp-content\/uploads\/2022\/09\/JoanRa_zoom.jpg\" class=\"attachment-full size-full wp-image-559\" alt=\"\" \/><\/figure><div class=\"elementor-image-box-content\"><h3 class=\"elementor-image-box-title\">JoanRa Pla<\/h3><p class=\"elementor-image-box-description\">professor de f\u00edsica i qu\u00edmica<\/p><\/div><\/div>\t\t\t\t<\/div>\n\t\t\t\t<\/div>\n\t\t\t\t<div class=\"elementor-element elementor-element-2235f74 e-grid-align-right e-grid-align-mobile-center elementor-shape-rounded elementor-grid-0 elementor-widget elementor-widget-social-icons\" data-id=\"2235f74\" data-element_type=\"widget\" data-e-type=\"widget\" data-widget_type=\"social-icons.default\">\n\t\t\t\t<div class=\"elementor-widget-container\">\n\t\t\t\t\t\t\t<div class=\"elementor-social-icons-wrapper elementor-grid\" role=\"list\">\n\t\t\t\t\t\t\t<span class=\"elementor-grid-item\" role=\"listitem\">\n\t\t\t\t\t<a class=\"elementor-icon elementor-social-icon elementor-social-icon-twitter elementor-animation-grow elementor-repeater-item-cecb4b7\" href=\"https:\/\/twitter.com\/JoanRaPLl\" target=\"_blank\">\n\t\t\t\t\t\t<span class=\"elementor-screen-only\">Twitter<\/span>\n\t\t\t\t\t\t<i aria-hidden=\"true\" class=\"fab fa-twitter\"><\/i>\t\t\t\t\t<\/a>\n\t\t\t\t<\/span>\n\t\t\t\t\t\t\t<span class=\"elementor-grid-item\" role=\"listitem\">\n\t\t\t\t\t<a class=\"elementor-icon elementor-social-icon elementor-social-icon-link elementor-animation-grow elementor-repeater-item-acc1819\" href=\"https:\/\/www.change.org\/p\/no-als-nous-curr%C3%ADculums-d-eso-i-batxillerat-imposats?recruiter=18776299&#038;utm_source=share_petition&#038;utm_medium=twitter&#038;utm_campaign=psf_combo_share_message&#038;recruited_by_id=c10b1bb0-db42-012f-1132-4040496dcccb&#038;share_bandit_exp=message-32358858-es-ES\" target=\"_blank\">\n\t\t\t\t\t\t<span class=\"elementor-screen-only\">Link<\/span>\n\t\t\t\t\t\t<i aria-hidden=\"true\" class=\"fas fa-link\"><\/i>\t\t\t\t\t<\/a>\n\t\t\t\t<\/span>\n\t\t\t\t\t<\/div>\n\t\t\t\t\t\t<\/div>\n\t\t\t\t<\/div>\n\t\t\t\t<div class=\"elementor-element elementor-element-3036dd9 elementor-widget elementor-widget-text-editor\" data-id=\"3036dd9\" data-element_type=\"widget\" data-e-type=\"widget\" data-widget_type=\"text-editor.default\">\n\t\t\t\t<div class=\"elementor-widget-container\">\n\t\t\t\t\t\t\t\t\t<p>Llicenciat en Biologia per la UB (especialitat en Biologia Agroaliment\u00e0ria i Biotecnologia).<\/p><p>Grau Professional de M\u00fasica pel CMMB (especialitat piano).<\/p><p>Professor de secund\u00e0ria per les especialitats de F\u00edsica i Qu\u00edmica i Biologia i Geologia a l&#8217;INS Vilanova del Vall\u00e8s i Cap de Departament de Ci\u00e8ncies Naturals. Recerca cient\u00edfica en bioqu\u00edmica agr\u00e0ria a la Universiteit Leiden (Pa\u00efsos Baixos), professor de piano i treballador aut\u00f2nom dins del sector agrari, entre d&#8217;altres.\u00a0<\/p><p>Membre de la Plataforma en defensa d&#8217;una educaci\u00f3 p\u00fablica i de qualitat.<\/p>\t\t\t\t\t\t\t\t<\/div>\n\t\t\t\t<\/div>\n\t\t\t\t\t<\/div>\n\t\t<\/div>\n\t\t\t\t\t<\/div>\n\t\t<\/section>\n\t\t\t\t\t<\/div>\n\t\t<\/div>\n\t\t\t\t\t<\/div>\n\t\t<\/section>\n\t\t\t\t<section class=\"elementor-section elementor-top-section elementor-element elementor-element-9d50337 elementor-section-boxed elementor-section-height-default elementor-section-height-default\" data-id=\"9d50337\" data-element_type=\"section\" data-e-type=\"section\">\n\t\t\t\t\t\t<div class=\"elementor-container elementor-column-gap-default\">\n\t\t\t\t\t<div class=\"elementor-column elementor-col-100 elementor-top-column elementor-element elementor-element-246a499\" data-id=\"246a499\" data-element_type=\"column\" data-e-type=\"column\">\n\t\t\t<div class=\"elementor-widget-wrap elementor-element-populated\">\n\t\t\t\t\t\t<div class=\"elementor-element elementor-element-99e9ad5 elementor-widget elementor-widget-spacer\" data-id=\"99e9ad5\" data-element_type=\"widget\" data-e-type=\"widget\" data-widget_type=\"spacer.default\">\n\t\t\t\t<div class=\"elementor-widget-container\">\n\t\t\t\t\t\t\t<div class=\"elementor-spacer\">\n\t\t\t<div class=\"elementor-spacer-inner\"><\/div>\n\t\t<\/div>\n\t\t\t\t\t\t<\/div>\n\t\t\t\t<\/div>\n\t\t\t\t\t<\/div>\n\t\t<\/div>\n\t\t\t\t\t<\/div>\n\t\t<\/section>\n\t\t\t\t<section class=\"elementor-section elementor-top-section elementor-element elementor-element-6e3a1e5a elementor-section-boxed elementor-section-height-default elementor-section-height-default\" data-id=\"6e3a1e5a\" data-element_type=\"section\" data-e-type=\"section\">\n\t\t\t\t\t\t<div class=\"elementor-container elementor-column-gap-default\">\n\t\t\t\t\t<div class=\"elementor-column elementor-col-100 elementor-top-column elementor-element elementor-element-a6466c\" data-id=\"a6466c\" data-element_type=\"column\" data-e-type=\"column\">\n\t\t\t<div class=\"elementor-widget-wrap elementor-element-populated\">\n\t\t\t\t\t\t<div class=\"elementor-element elementor-element-3b7e3388 elementor-share-buttons--view-icon elementor-share-buttons--shape-circle elementor-share-buttons--skin-gradient elementor-grid-0 elementor-share-buttons--color-official elementor-widget elementor-widget-share-buttons\" data-id=\"3b7e3388\" data-element_type=\"widget\" data-e-type=\"widget\" data-widget_type=\"share-buttons.default\">\n\t\t\t\t<div class=\"elementor-widget-container\">\n\t\t\t\t\t\t\t<div class=\"elementor-grid\" role=\"list\">\n\t\t\t\t\t\t\t\t<div class=\"elementor-grid-item\" role=\"listitem\">\n\t\t\t\t\t\t<div class=\"elementor-share-btn elementor-share-btn_facebook\" role=\"button\" tabindex=\"0\" aria-label=\"Compartir en facebook\">\n\t\t\t\t\t\t\t\t\t\t\t\t\t\t\t<span class=\"elementor-share-btn__icon\">\n\t\t\t\t\t\t\t\t<i class=\"fab fa-facebook\" aria-hidden=\"true\"><\/i>\t\t\t\t\t\t\t<\/span>\n\t\t\t\t\t\t\t\t\t\t\t\t\t\t\t\t\t\t\t\t<\/div>\n\t\t\t\t\t<\/div>\n\t\t\t\t\t\t\t\t\t<div class=\"elementor-grid-item\" role=\"listitem\">\n\t\t\t\t\t\t<div class=\"elementor-share-btn elementor-share-btn_twitter\" role=\"button\" tabindex=\"0\" aria-label=\"Compartir en twitter\">\n\t\t\t\t\t\t\t\t\t\t\t\t\t\t\t<span class=\"elementor-share-btn__icon\">\n\t\t\t\t\t\t\t\t<i class=\"fab fa-twitter\" aria-hidden=\"true\"><\/i>\t\t\t\t\t\t\t<\/span>\n\t\t\t\t\t\t\t\t\t\t\t\t\t\t\t\t\t\t\t\t<\/div>\n\t\t\t\t\t<\/div>\n\t\t\t\t\t\t<\/div>\n\t\t\t\t\t\t<\/div>\n\t\t\t\t<\/div>\n\t\t\t\t\t<\/div>\n\t\t<\/div>\n\t\t\t\t\t<\/div>\n\t\t<\/section>\n\t\t\t\t<\/div>\n\t\t","protected":false},"excerpt":{"rendered":"<p>PONENTS Nuno Crato Ministre d&#8217;Educaci\u00f3 de Portugal (2011-2015) Facebook-f Twitter Link Ministre d&#8217;Educaci\u00f3 i Ci\u00e8ncia de Portugal (2011-2015). Llicenciat en Economia i doctor en Matem\u00e0tiques Aplicades. Professor de Matem\u00e0tiques i Estad\u00edstica des de 2000 a l&#8217;Institut Superior d&#8217;Economia i Gesti\u00f3 (ISEG), Universitat de Lisboa. Investigador en models de probabilitat i estad\u00edstica.&nbsp; Va ser tamb\u00e9 prorrector [&hellip;]<\/p>\n","protected":false},"author":1,"featured_media":0,"parent":0,"menu_order":0,"comment_status":"open","ping_status":"closed","template":"","meta":{"ocean_post_layout":"","ocean_both_sidebars_style":"","ocean_both_sidebars_content_width":0,"ocean_both_sidebars_sidebars_width":0,"ocean_sidebar":"0","ocean_second_sidebar":"0","ocean_disable_margins":"enable","ocean_add_body_class":"","ocean_shortcode_before_top_bar":"","ocean_shortcode_after_top_bar":"","ocean_shortcode_before_header":"","ocean_shortcode_after_header":"","ocean_has_shortcode":"","ocean_shortcode_after_title":"","ocean_shortcode_before_footer_widgets":"","ocean_shortcode_after_footer_widgets":"","ocean_shortcode_before_footer_bottom":"","ocean_shortcode_after_footer_bottom":"","ocean_display_top_bar":"default","ocean_display_header":"default","ocean_header_style":"","ocean_center_header_left_menu":"0","ocean_custom_header_template":"0","ocean_custom_logo":0,"ocean_custom_retina_logo":0,"ocean_custom_logo_max_width":0,"ocean_custom_logo_tablet_max_width":0,"ocean_custom_logo_mobile_max_width":0,"ocean_custom_logo_max_height":0,"ocean_custom_logo_tablet_max_height":0,"ocean_custom_logo_mobile_max_height":0,"ocean_header_custom_menu":"0","ocean_menu_typo_font_family":"0","ocean_menu_typo_font_subset":"","ocean_menu_typo_font_size":0,"ocean_menu_typo_font_size_tablet":0,"ocean_menu_typo_font_size_mobile":0,"ocean_menu_typo_font_size_unit":"px","ocean_menu_typo_font_weight":"","ocean_menu_typo_font_weight_tablet":"","ocean_menu_typo_font_weight_mobile":"","ocean_menu_typo_transform":"","ocean_menu_typo_transform_tablet":"","ocean_menu_typo_transform_mobile":"","ocean_menu_typo_line_height":0,"ocean_menu_typo_line_height_tablet":0,"ocean_menu_typo_line_height_mobile":0,"ocean_menu_typo_line_height_unit":"","ocean_menu_typo_spacing":0,"ocean_menu_typo_spacing_tablet":0,"ocean_menu_typo_spacing_mobile":0,"ocean_menu_typo_spacing_unit":"","ocean_menu_link_color":"","ocean_menu_link_color_hover":"","ocean_menu_link_color_active":"","ocean_menu_link_background":"","ocean_menu_link_hover_background":"","ocean_menu_link_active_background":"","ocean_menu_social_links_bg":"","ocean_menu_social_hover_links_bg":"","ocean_menu_social_links_color":"","ocean_menu_social_hover_links_color":"","ocean_disable_title":"on","ocean_disable_heading":"default","ocean_post_title":"","ocean_post_subheading":"","ocean_post_title_style":"","ocean_post_title_background_color":"","ocean_post_title_background":0,"ocean_post_title_bg_image_position":"","ocean_post_title_bg_image_attachment":"","ocean_post_title_bg_image_repeat":"","ocean_post_title_bg_image_size":"","ocean_post_title_height":0,"ocean_post_title_bg_overlay":0.5,"ocean_post_title_bg_overlay_color":"","ocean_disable_breadcrumbs":"default","ocean_breadcrumbs_color":"","ocean_breadcrumbs_separator_color":"","ocean_breadcrumbs_links_color":"","ocean_breadcrumbs_links_hover_color":"","ocean_display_footer_widgets":"off","ocean_display_footer_bottom":"off","ocean_custom_footer_template":"0","footnotes":""},"class_list":["post-96","page","type-page","status-publish","hentry","entry","owp-thumbs-layout-horizontal","owp-btn-normal","owp-tabs-layout-horizontal","has-no-thumbnails","has-product-nav"],"jetpack_sharing_enabled":true,"_links":{"self":[{"href":"https:\/\/fundacioepisteme.cat\/congres\/wp-json\/wp\/v2\/pages\/96","targetHints":{"allow":["GET"]}}],"collection":[{"href":"https:\/\/fundacioepisteme.cat\/congres\/wp-json\/wp\/v2\/pages"}],"about":[{"href":"https:\/\/fundacioepisteme.cat\/congres\/wp-json\/wp\/v2\/types\/page"}],"author":[{"embeddable":true,"href":"https:\/\/fundacioepisteme.cat\/congres\/wp-json\/wp\/v2\/users\/1"}],"replies":[{"embeddable":true,"href":"https:\/\/fundacioepisteme.cat\/congres\/wp-json\/wp\/v2\/comments?post=96"}],"version-history":[{"count":403,"href":"https:\/\/fundacioepisteme.cat\/congres\/wp-json\/wp\/v2\/pages\/96\/revisions"}],"predecessor-version":[{"id":1938,"href":"https:\/\/fundacioepisteme.cat\/congres\/wp-json\/wp\/v2\/pages\/96\/revisions\/1938"}],"wp:attachment":[{"href":"https:\/\/fundacioepisteme.cat\/congres\/wp-json\/wp\/v2\/media?parent=96"}],"curies":[{"name":"wp","href":"https:\/\/api.w.org\/{rel}","templated":true}]}}