{"id":84,"date":"2022-09-16T18:57:48","date_gmt":"2022-09-16T16:57:48","guid":{"rendered":"https:\/\/fundacioepisteme.cat\/congres\/?page_id=84"},"modified":"2026-01-27T17:40:55","modified_gmt":"2026-01-27T16:40:55","slug":"presentacio","status":"publish","type":"page","link":"https:\/\/fundacioepisteme.cat\/forum2026\/presentacio\/","title":{"rendered":"Presentaci\u00f3"},"content":{"rendered":"\t\t<div data-elementor-type=\"wp-page\" data-elementor-id=\"84\" class=\"elementor elementor-84\" data-elementor-post-type=\"page\">\n\t\t\t\t\t\t<section class=\"elementor-section elementor-top-section elementor-element elementor-element-f0fbb07 elementor-section-stretched elementor-section-height-min-height elementor-section-boxed elementor-section-height-default elementor-section-items-middle\" data-id=\"f0fbb07\" data-element_type=\"section\" data-e-type=\"section\" data-settings=\"{&quot;stretch_section&quot;:&quot;section-stretched&quot;,&quot;background_background&quot;:&quot;classic&quot;}\">\n\t\t\t\t\t\t<div class=\"elementor-container elementor-column-gap-no\">\n\t\t\t\t\t<div class=\"elementor-column elementor-col-100 elementor-top-column elementor-element elementor-element-ccf9b99\" data-id=\"ccf9b99\" data-element_type=\"column\" data-e-type=\"column\">\n\t\t\t<div class=\"elementor-widget-wrap elementor-element-populated\">\n\t\t\t\t\t\t<div class=\"elementor-element elementor-element-3d48e3f elementor-widget elementor-widget-video\" data-id=\"3d48e3f\" data-element_type=\"widget\" data-e-type=\"widget\" data-settings=\"{&quot;youtube_url&quot;:&quot;https:\\\/\\\/youtu.be\\\/on49Xm-8a0A&quot;,&quot;autoplay&quot;:&quot;yes&quot;,&quot;play_on_mobile&quot;:&quot;yes&quot;,&quot;loop&quot;:&quot;yes&quot;,&quot;video_type&quot;:&quot;youtube&quot;,&quot;controls&quot;:&quot;yes&quot;}\" data-widget_type=\"video.default\">\n\t\t\t\t<div class=\"elementor-widget-container\">\n\t\t\t\t\t\t\t<div class=\"elementor-wrapper elementor-open-inline\">\n\t\t\t<div class=\"elementor-video\"><\/div>\t\t<\/div>\n\t\t\t\t\t\t<\/div>\n\t\t\t\t<\/div>\n\t\t\t\t\t<\/div>\n\t\t<\/div>\n\t\t\t\t\t<\/div>\n\t\t<\/section>\n\t\t\t\t<section class=\"elementor-section elementor-top-section elementor-element elementor-element-5d8489c2 elementor-section-content-top elementor-section-stretched elementor-section-boxed elementor-section-height-default elementor-section-height-default\" data-id=\"5d8489c2\" data-element_type=\"section\" data-e-type=\"section\" data-settings=\"{&quot;stretch_section&quot;:&quot;section-stretched&quot;}\">\n\t\t\t\t\t\t\t<div class=\"elementor-background-overlay\"><\/div>\n\t\t\t\t\t\t\t<div class=\"elementor-container elementor-column-gap-no\">\n\t\t\t\t\t<div class=\"elementor-column elementor-col-50 elementor-top-column elementor-element elementor-element-42791e2\" data-id=\"42791e2\" data-element_type=\"column\" data-e-type=\"column\">\n\t\t\t<div class=\"elementor-widget-wrap elementor-element-populated\">\n\t\t\t\t\t\t<div class=\"elementor-element elementor-element-737eaf7 elementor-widget elementor-widget-heading\" data-id=\"737eaf7\" data-element_type=\"widget\" data-e-type=\"widget\" data-widget_type=\"heading.default\">\n\t\t\t\t<div class=\"elementor-widget-container\">\n\t\t\t\t\t<h1 class=\"elementor-heading-title elementor-size-small\">PRESENTACI\u00d3<\/h1>\t\t\t\t<\/div>\n\t\t\t\t<\/div>\n\t\t\t\t<div class=\"elementor-element elementor-element-66e5d22 elementor-widget elementor-widget-text-editor\" data-id=\"66e5d22\" data-element_type=\"widget\" data-e-type=\"widget\" data-widget_type=\"text-editor.default\">\n\t\t\t\t<div class=\"elementor-widget-container\">\n\t\t\t\t\t\t\t\t\t<p>La Fundaci\u00f3 Episteme organitza el\u00a0<strong style=\"font-style: inherit;\">I F\u00f2rum d\u2019Acad\u00e8mics\u00a0 per les Evid\u00e8ncies Educatives\u00a0<\/strong>destinat a analitzar i transmetre qu\u00e8 ens diuen les dades, els resultats, l&#8217;experi\u00e8ncia docent i la recerca emp\u00edrica enfront de determinats models educatius.\u00a0<\/p><p>Amb el t\u00edtol\u00a0<strong style=\"font-style: inherit;\">\u201cEuropa i el seu llegat: Ci\u00e8ncia, Humanitats i Educaci\u00f3\u201d<\/strong> la trobada comptar\u00e0 amb quatre pon\u00e8ncies d\u2019experts a c\u00e0rrec de l\u2019exministre d\u2019Educaci\u00f3 i Ci\u00e8ncia de Portugal (2011-2015) <strong style=\"font-style: inherit;\">Nuno\u00a0Crato<\/strong>, la Professora Titular de Teoria de l\u2019Educaci\u00f3 en el Departament de Pedagogia de la Universidad Aut\u00f3noma de Madrid\u00a0<strong style=\"font-style: inherit;\">Bianca\u00a0Thoilliez<\/strong>, el doctor en Ci\u00e8ncies F\u00edsiques, docent i expresident del Consejo Escolar del Estado <strong style=\"font-style: inherit;\">Francisco L\u00f3pez Rup\u00e9rez<\/strong> i l\u2019inspector d\u2019Educaci\u00f3 IB i professor de la UIB <strong style=\"font-style: inherit;\">Miguel \u00c1ngel Tirado<\/strong>.\u00a0<\/p><p>La sessi\u00f3 es completar\u00e0 amb dues taules d\u2019an\u00e0lisi posteriors. La primera estar\u00e0 formada pel secretari general del sindicat Professors de Secund\u00e0ria <strong>Ignasi Fern\u00e1ndez Daroca<\/strong> i els professors <strong>David Rabad\u00e0, Otilia Dan<\/strong> i <strong>Jordi Os\u00faa<\/strong>, sota moderaci\u00f3 d&#8217;<strong>Eva Serra<\/strong>. La segona anir\u00e0 a c\u00e0rrec dels docents <strong>Aurora Trigo, Antoni Hern\u00e1ndez-Fern\u00e1ndez, Ramon Casals<\/strong> i la responsable de la plataforma de fam\u00edlies, <strong>Dori Huertas<\/strong>, sota moderaci\u00f3 de <strong>Xavier Mass\u00f3.<\/strong> L&#8217;acte comptar\u00e0 amb les presentacions de <strong>Felipe de Vicente<\/strong> i <strong>Josep Oton<\/strong>.<\/p><p>La <strong>Fundaci\u00f3 Episteme<\/strong> enceta aix\u00ed la primera gran trobada presencial d&#8217;un nou cicle destinat a transmetre les evid\u00e8ncies educatives com a eines fonamentals per a dissenyar sistemes educatius contrastats. Dirigit a docents, fam\u00edlies i autoritats educatives, el <strong style=\"font-style: inherit;\">F\u00f2rum d\u2019Acad\u00e8mics per les Evid\u00e8ncies Educatives<\/strong> neix com a resposta de la societat civil enfront d&#8217;una imperiosa necessitat de recompondre els est\u00e0ndards educatius des de la responsabilitat compartida, on tots els actors s\u00f3n decisius. El format, dissenyat en clau positiva proposa una inspiraci\u00f3 cap a la cultura cl\u00e0ssica a trav\u00e9s de la gran obra de l&#8217;autor renaixentista florent\u00ed <strong>Sandro Botticelli, <em>La primavera<\/em><\/strong>, apel\u00b7lant el ren\u00e9ixer del coneixement per a sostenir els valors cap a un nou ordre europeu.<\/p><p>Aquesta primera trobada dona continu\u00eftat a l&#8217;espai telem\u00e0tic de <em><strong>F\u00f2rum Episteme<\/strong><\/em> -actiu des de 2020- i el digital <strong><em>Educational Evidence<\/em><\/strong>, creat el 2024. Aquest acte compta amb la col\u00b7laboraci\u00f3 del sindicat de Professors de Secund\u00e0ria (aspepc\u00b7sps), l&#8217;Associaci\u00f3 de Catedr\u00e0tics (ACESC) i el digital <em>Educational Evidence<\/em>.<\/p>\t\t\t\t\t\t\t\t<\/div>\n\t\t\t\t<\/div>\n\t\t\t\t\t<\/div>\n\t\t<\/div>\n\t\t\t\t<div class=\"elementor-column elementor-col-50 elementor-top-column elementor-element elementor-element-8e12b3e\" data-id=\"8e12b3e\" data-element_type=\"column\" data-e-type=\"column\">\n\t\t\t<div class=\"elementor-widget-wrap\">\n\t\t\t\t\t\t\t<\/div>\n\t\t<\/div>\n\t\t\t\t\t<\/div>\n\t\t<\/section>\n\t\t\t\t<section class=\"elementor-section elementor-top-section elementor-element elementor-element-436d3c51 elementor-section-boxed elementor-section-height-default elementor-section-height-default\" data-id=\"436d3c51\" data-element_type=\"section\" data-e-type=\"section\">\n\t\t\t\t\t\t<div class=\"elementor-container elementor-column-gap-default\">\n\t\t\t\t\t<div class=\"elementor-column elementor-col-100 elementor-top-column elementor-element elementor-element-3c4a89b3\" data-id=\"3c4a89b3\" data-element_type=\"column\" data-e-type=\"column\">\n\t\t\t<div class=\"elementor-widget-wrap elementor-element-populated\">\n\t\t\t\t\t\t<div class=\"elementor-element elementor-element-3801fc74 elementor-share-buttons--view-icon elementor-share-buttons--shape-circle elementor-share-buttons--skin-gradient elementor-grid-0 elementor-share-buttons--color-official elementor-widget elementor-widget-share-buttons\" data-id=\"3801fc74\" data-element_type=\"widget\" data-e-type=\"widget\" data-widget_type=\"share-buttons.default\">\n\t\t\t\t<div class=\"elementor-widget-container\">\n\t\t\t\t\t\t\t<div class=\"elementor-grid\" role=\"list\">\n\t\t\t\t\t\t\t\t<div class=\"elementor-grid-item\" role=\"listitem\">\n\t\t\t\t\t\t<div class=\"elementor-share-btn elementor-share-btn_facebook\" role=\"button\" tabindex=\"0\" aria-label=\"Compartici\u00f3 en facebook\">\n\t\t\t\t\t\t\t\t\t\t\t\t\t\t\t<span class=\"elementor-share-btn__icon\">\n\t\t\t\t\t\t\t\t<i class=\"fab fa-facebook\" aria-hidden=\"true\"><\/i>\t\t\t\t\t\t\t<\/span>\n\t\t\t\t\t\t\t\t\t\t\t\t\t\t\t\t\t\t\t\t<\/div>\n\t\t\t\t\t<\/div>\n\t\t\t\t\t\t\t\t\t<div class=\"elementor-grid-item\" role=\"listitem\">\n\t\t\t\t\t\t<div class=\"elementor-share-btn elementor-share-btn_twitter\" role=\"button\" tabindex=\"0\" aria-label=\"Compartici\u00f3 en twitter\">\n\t\t\t\t\t\t\t\t\t\t\t\t\t\t\t<span class=\"elementor-share-btn__icon\">\n\t\t\t\t\t\t\t\t<i class=\"fab fa-twitter\" aria-hidden=\"true\"><\/i>\t\t\t\t\t\t\t<\/span>\n\t\t\t\t\t\t\t\t\t\t\t\t\t\t\t\t\t\t\t\t<\/div>\n\t\t\t\t\t<\/div>\n\t\t\t\t\t\t<\/div>\n\t\t\t\t\t\t<\/div>\n\t\t\t\t<\/div>\n\t\t\t\t\t<\/div>\n\t\t<\/div>\n\t\t\t\t\t<\/div>\n\t\t<\/section>\n\t\t\t\t<\/div>\n\t\t","protected":false},"excerpt":{"rendered":"<p>https:\/\/youtu.be\/on49Xm-8a0A PRESENTACI\u00d3 La Fundaci\u00f3 Episteme organitza el\u00a0I F\u00f2rum d\u2019Acad\u00e8mics\u00a0 per les Evid\u00e8ncies Educatives\u00a0destinat a analitzar i transmetre qu\u00e8 ens diuen les dades, els resultats, l&#8217;experi\u00e8ncia docent i la recerca emp\u00edrica enfront de determinats models educatius.\u00a0 Amb el t\u00edtol\u00a0\u201cEuropa i el seu llegat: Ci\u00e8ncia, Humanitats i Educaci\u00f3\u201d la trobada comptar\u00e0 amb quatre pon\u00e8ncies d\u2019experts a c\u00e0rrec [&hellip;]<\/p>\n","protected":false},"author":1,"featured_media":0,"parent":0,"menu_order":0,"comment_status":"open","ping_status":"closed","template":"","meta":{"ocean_post_layout":"","ocean_both_sidebars_style":"","ocean_both_sidebars_content_width":0,"ocean_both_sidebars_sidebars_width":0,"ocean_sidebar":"0","ocean_second_sidebar":"0","ocean_disable_margins":"enable","ocean_add_body_class":"","ocean_shortcode_before_top_bar":"","ocean_shortcode_after_top_bar":"","ocean_shortcode_before_header":"","ocean_shortcode_after_header":"","ocean_has_shortcode":"","ocean_shortcode_after_title":"","ocean_shortcode_before_footer_widgets":"","ocean_shortcode_after_footer_widgets":"","ocean_shortcode_before_footer_bottom":"","ocean_shortcode_after_footer_bottom":"","ocean_display_top_bar":"default","ocean_display_header":"default","ocean_header_style":"","ocean_center_header_left_menu":"0","ocean_custom_header_template":"0","ocean_custom_logo":0,"ocean_custom_retina_logo":0,"ocean_custom_logo_max_width":0,"ocean_custom_logo_tablet_max_width":0,"ocean_custom_logo_mobile_max_width":0,"ocean_custom_logo_max_height":0,"ocean_custom_logo_tablet_max_height":0,"ocean_custom_logo_mobile_max_height":0,"ocean_header_custom_menu":"0","ocean_menu_typo_font_family":"0","ocean_menu_typo_font_subset":"","ocean_menu_typo_font_size":0,"ocean_menu_typo_font_size_tablet":0,"ocean_menu_typo_font_size_mobile":0,"ocean_menu_typo_font_size_unit":"px","ocean_menu_typo_font_weight":"","ocean_menu_typo_font_weight_tablet":"","ocean_menu_typo_font_weight_mobile":"","ocean_menu_typo_transform":"","ocean_menu_typo_transform_tablet":"","ocean_menu_typo_transform_mobile":"","ocean_menu_typo_line_height":0,"ocean_menu_typo_line_height_tablet":0,"ocean_menu_typo_line_height_mobile":0,"ocean_menu_typo_line_height_unit":"","ocean_menu_typo_spacing":0,"ocean_menu_typo_spacing_tablet":0,"ocean_menu_typo_spacing_mobile":0,"ocean_menu_typo_spacing_unit":"","ocean_menu_link_color":"","ocean_menu_link_color_hover":"","ocean_menu_link_color_active":"","ocean_menu_link_background":"","ocean_menu_link_hover_background":"","ocean_menu_link_active_background":"","ocean_menu_social_links_bg":"","ocean_menu_social_hover_links_bg":"","ocean_menu_social_links_color":"","ocean_menu_social_hover_links_color":"","ocean_disable_title":"on","ocean_disable_heading":"default","ocean_post_title":"","ocean_post_subheading":"","ocean_post_title_style":"","ocean_post_title_background_color":"","ocean_post_title_background":0,"ocean_post_title_bg_image_position":"","ocean_post_title_bg_image_attachment":"","ocean_post_title_bg_image_repeat":"","ocean_post_title_bg_image_size":"","ocean_post_title_height":0,"ocean_post_title_bg_overlay":0.5,"ocean_post_title_bg_overlay_color":"","ocean_disable_breadcrumbs":"default","ocean_breadcrumbs_color":"","ocean_breadcrumbs_separator_color":"","ocean_breadcrumbs_links_color":"","ocean_breadcrumbs_links_hover_color":"","ocean_display_footer_widgets":"off","ocean_display_footer_bottom":"off","ocean_custom_footer_template":"0","footnotes":""},"class_list":["post-84","page","type-page","status-publish","hentry","entry","owp-thumbs-layout-horizontal","owp-btn-normal","owp-tabs-layout-horizontal","has-no-thumbnails","has-product-nav"],"_links":{"self":[{"href":"https:\/\/fundacioepisteme.cat\/forum2026\/wp-json\/wp\/v2\/pages\/84","targetHints":{"allow":["GET"]}}],"collection":[{"href":"https:\/\/fundacioepisteme.cat\/forum2026\/wp-json\/wp\/v2\/pages"}],"about":[{"href":"https:\/\/fundacioepisteme.cat\/forum2026\/wp-json\/wp\/v2\/types\/page"}],"author":[{"embeddable":true,"href":"https:\/\/fundacioepisteme.cat\/forum2026\/wp-json\/wp\/v2\/users\/1"}],"replies":[{"embeddable":true,"href":"https:\/\/fundacioepisteme.cat\/forum2026\/wp-json\/wp\/v2\/comments?post=84"}],"version-history":[{"count":104,"href":"https:\/\/fundacioepisteme.cat\/forum2026\/wp-json\/wp\/v2\/pages\/84\/revisions"}],"predecessor-version":[{"id":3589,"href":"https:\/\/fundacioepisteme.cat\/forum2026\/wp-json\/wp\/v2\/pages\/84\/revisions\/3589"}],"wp:attachment":[{"href":"https:\/\/fundacioepisteme.cat\/forum2026\/wp-json\/wp\/v2\/media?parent=84"}],"curies":[{"name":"wp","href":"https:\/\/api.w.org\/{rel}","templated":true}]}}