{"id":96,"date":"2022-09-16T19:16:20","date_gmt":"2022-09-16T17:16:20","guid":{"rendered":"https:\/\/fundacioepisteme.cat\/congres\/?page_id=96"},"modified":"2026-02-08T12:47:14","modified_gmt":"2026-02-08T11:47:14","slug":"ponents","status":"publish","type":"page","link":"https:\/\/fundacioepisteme.cat\/forum2026\/ponents\/","title":{"rendered":"Ponents"},"content":{"rendered":"\t\t<div data-elementor-type=\"wp-page\" data-elementor-id=\"96\" class=\"elementor elementor-96\" data-elementor-post-type=\"page\">\n\t\t\t\t\t\t<section class=\"elementor-section elementor-top-section elementor-element elementor-element-683f4e91 elementor-section-stretched elementor-section-height-min-height elementor-section-boxed elementor-section-height-default elementor-section-items-middle\" data-id=\"683f4e91\" data-element_type=\"section\" data-e-type=\"section\" data-settings=\"{&quot;stretch_section&quot;:&quot;section-stretched&quot;,&quot;background_background&quot;:&quot;classic&quot;}\">\n\t\t\t\t\t\t<div class=\"elementor-container elementor-column-gap-no\">\n\t\t\t\t\t<div class=\"elementor-column elementor-col-100 elementor-top-column elementor-element elementor-element-3293ca28\" data-id=\"3293ca28\" data-element_type=\"column\" data-e-type=\"column\">\n\t\t\t<div class=\"elementor-widget-wrap elementor-element-populated\">\n\t\t\t\t\t\t<div class=\"elementor-element elementor-element-450aff0f elementor-widget elementor-widget-video\" data-id=\"450aff0f\" data-element_type=\"widget\" data-e-type=\"widget\" data-settings=\"{&quot;youtube_url&quot;:&quot;https:\\\/\\\/youtu.be\\\/on49Xm-8a0A&quot;,&quot;autoplay&quot;:&quot;yes&quot;,&quot;play_on_mobile&quot;:&quot;yes&quot;,&quot;loop&quot;:&quot;yes&quot;,&quot;video_type&quot;:&quot;youtube&quot;,&quot;controls&quot;:&quot;yes&quot;}\" data-widget_type=\"video.default\">\n\t\t\t\t<div class=\"elementor-widget-container\">\n\t\t\t\t\t\t\t<div class=\"elementor-wrapper elementor-open-inline\">\n\t\t\t<div class=\"elementor-video\"><\/div>\t\t<\/div>\n\t\t\t\t\t\t<\/div>\n\t\t\t\t<\/div>\n\t\t\t\t\t<\/div>\n\t\t<\/div>\n\t\t\t\t\t<\/div>\n\t\t<\/section>\n\t\t\t\t<section class=\"elementor-section elementor-top-section elementor-element elementor-element-71c1f340 elementor-section-content-middle elementor-section-boxed elementor-section-height-default elementor-section-height-default\" data-id=\"71c1f340\" data-element_type=\"section\" data-e-type=\"section\">\n\t\t\t\t\t\t\t<div class=\"elementor-background-overlay\"><\/div>\n\t\t\t\t\t\t\t<div class=\"elementor-container elementor-column-gap-no\">\n\t\t\t\t\t<div class=\"elementor-column elementor-col-100 elementor-top-column elementor-element elementor-element-13c1cbb3\" data-id=\"13c1cbb3\" data-element_type=\"column\" data-e-type=\"column\">\n\t\t\t<div class=\"elementor-widget-wrap elementor-element-populated\">\n\t\t\t\t\t\t<div class=\"elementor-element elementor-element-4e1d44e5 elementor-widget elementor-widget-heading\" data-id=\"4e1d44e5\" data-element_type=\"widget\" data-e-type=\"widget\" data-widget_type=\"heading.default\">\n\t\t\t\t<div class=\"elementor-widget-container\">\n\t\t\t\t\t<h4 class=\"elementor-heading-title elementor-size-default\">PONENTS<\/h4>\t\t\t\t<\/div>\n\t\t\t\t<\/div>\n\t\t\t\t<section class=\"elementor-section elementor-inner-section elementor-element elementor-element-713661d6 elementor-section-boxed elementor-section-height-default elementor-section-height-default\" data-id=\"713661d6\" data-element_type=\"section\" data-e-type=\"section\">\n\t\t\t\t\t\t<div class=\"elementor-container elementor-column-gap-default\">\n\t\t\t\t\t<div class=\"elementor-column elementor-col-50 elementor-inner-column elementor-element elementor-element-7c8186f\" data-id=\"7c8186f\" data-element_type=\"column\" data-e-type=\"column\">\n\t\t\t<div class=\"elementor-widget-wrap elementor-element-populated\">\n\t\t\t\t\t\t<div class=\"elementor-element elementor-element-54c9e19f elementor-position-left elementor-vertical-align-middle elementor-widget elementor-widget-image-box\" data-id=\"54c9e19f\" data-element_type=\"widget\" data-e-type=\"widget\" data-widget_type=\"image-box.default\">\n\t\t\t\t<div class=\"elementor-widget-container\">\n\t\t\t\t\t<div class=\"elementor-image-box-wrapper\"><figure class=\"elementor-image-box-img\"><img fetchpriority=\"high\" decoding=\"async\" width=\"400\" height=\"391\" src=\"\/forum2026\/wp-content\/uploads\/2026\/01\/Nuno-Crato_400.jpg\" class=\"attachment-full size-full wp-image-3187\" alt=\"\" srcset=\"\/forum2026\/wp-content\/uploads\/2026\/01\/Nuno-Crato_400.jpg 400w, \/forum2026\/wp-content\/uploads\/2026\/01\/Nuno-Crato_400-300x293.jpg 300w\" sizes=\"(max-width: 400px) 100vw, 400px\" \/><\/figure><div class=\"elementor-image-box-content\"><h3 class=\"elementor-image-box-title\">Nuno Crato<\/h3><p class=\"elementor-image-box-description\">Ministre d'Educaci\u00f3 de Portugal (2011-2015)\n<\/p><\/div><\/div>\t\t\t\t<\/div>\n\t\t\t\t<\/div>\n\t\t\t\t<div class=\"elementor-element elementor-element-26e8ee90 e-grid-align-right e-grid-align-mobile-center elementor-shape-rounded elementor-grid-0 elementor-widget elementor-widget-social-icons\" data-id=\"26e8ee90\" data-element_type=\"widget\" data-e-type=\"widget\" data-widget_type=\"social-icons.default\">\n\t\t\t\t<div class=\"elementor-widget-container\">\n\t\t\t\t\t\t\t<div class=\"elementor-social-icons-wrapper elementor-grid\" role=\"list\">\n\t\t\t\t\t\t\t<span class=\"elementor-grid-item\" role=\"listitem\">\n\t\t\t\t\t<a class=\"elementor-icon elementor-social-icon elementor-social-icon-facebook-f elementor-animation-grow elementor-repeater-item-8b93740\" href=\"https:\/\/www.facebook.com\/nuno.crato.739\" target=\"_blank\">\n\t\t\t\t\t\t<span class=\"elementor-screen-only\">Facebook-f<\/span>\n\t\t\t\t\t\t<i aria-hidden=\"true\" class=\"fab fa-facebook-f\"><\/i>\t\t\t\t\t<\/a>\n\t\t\t\t<\/span>\n\t\t\t\t\t\t\t<span class=\"elementor-grid-item\" role=\"listitem\">\n\t\t\t\t\t<a class=\"elementor-icon elementor-social-icon elementor-social-icon-twitter elementor-animation-grow elementor-repeater-item-d2b7695\" href=\"https:\/\/twitter.com\/CratoNuno\" target=\"_blank\">\n\t\t\t\t\t\t<span class=\"elementor-screen-only\">Twitter<\/span>\n\t\t\t\t\t\t<i aria-hidden=\"true\" class=\"fab fa-twitter\"><\/i>\t\t\t\t\t<\/a>\n\t\t\t\t<\/span>\n\t\t\t\t\t\t\t<span class=\"elementor-grid-item\" role=\"listitem\">\n\t\t\t\t\t<a class=\"elementor-icon elementor-social-icon elementor-social-icon-link elementor-animation-grow elementor-repeater-item-7d3795b\" href=\"https:\/\/www.nunocrato.org\/\" target=\"_blank\">\n\t\t\t\t\t\t<span class=\"elementor-screen-only\">Link<\/span>\n\t\t\t\t\t\t<i aria-hidden=\"true\" class=\"fas fa-link\"><\/i>\t\t\t\t\t<\/a>\n\t\t\t\t<\/span>\n\t\t\t\t\t<\/div>\n\t\t\t\t\t\t<\/div>\n\t\t\t\t<\/div>\n\t\t\t\t<div class=\"elementor-element elementor-element-c768044 elementor-widget elementor-widget-text-editor\" data-id=\"c768044\" data-element_type=\"widget\" data-e-type=\"widget\" data-widget_type=\"text-editor.default\">\n\t\t\t\t<div class=\"elementor-widget-container\">\n\t\t\t\t\t\t\t\t\t<p>Ministre d&#8217;Educaci\u00f3 i Ci\u00e8ncia de Portugal (2011-2015).<\/p><p>Llicenciat en Economia i doctor en Matem\u00e0tiques Aplicades.<\/p><p>Professor de Matem\u00e0tiques i Estad\u00edstica des de 2000 a l&#8217;Institut Superior d&#8217;Economia i Gesti\u00f3 (ISEG), Universitat de Lisboa. Investigador en models de probabilitat i estad\u00edstica.\u00a0 Va ser tamb\u00e9 prorrector de la universitat T\u00e8cnica de Lisboa.<\/p><p>Ha treballat per a l&#8217;Institut Superior d&#8217;Economia, la Universitat de les A\u00e7ores, el Stevens Institute of Technology i el Nova Jersey Institute of Technology.\u00a0<\/p><p>Premi Europeu de la Ci\u00e8ncia atorgat per la Comissi\u00f3 europea. En 2008, el president Cavaco Silva va nomenar-lo comendador de l&#8217;Ordre de l&#8217;Infant Don Enrique i el 2016 Gran Creu de la mateixa ordre. En 2022 el president Marcelo Rebelo de Sousa el va distingir amb la Gran Creu de l&#8217;Ordre de la Instrucci\u00f3 P\u00fablica.<\/p><p>\u00c9s membre del Consell Cient\u00edfic per a l&#8217;Educaci\u00f3 Nacional (Conseil\u00a0Scientifique\u00a0de l&#8217;Education\u00a0Nationale)\u00a0del govern franc\u00e8s.<\/p>\t\t\t\t\t\t\t\t<\/div>\n\t\t\t\t<\/div>\n\t\t\t\t\t<\/div>\n\t\t<\/div>\n\t\t\t\t<div class=\"elementor-column elementor-col-50 elementor-inner-column elementor-element elementor-element-3e1c851b\" data-id=\"3e1c851b\" data-element_type=\"column\" data-e-type=\"column\">\n\t\t\t<div class=\"elementor-widget-wrap elementor-element-populated\">\n\t\t\t\t\t\t<div class=\"elementor-element elementor-element-219787d elementor-position-left elementor-vertical-align-middle elementor-widget elementor-widget-image-box\" data-id=\"219787d\" data-element_type=\"widget\" data-e-type=\"widget\" data-widget_type=\"image-box.default\">\n\t\t\t\t<div class=\"elementor-widget-container\">\n\t\t\t\t\t<div class=\"elementor-image-box-wrapper\"><figure class=\"elementor-image-box-img\"><img decoding=\"async\" width=\"399\" height=\"368\" src=\"\/forum2026\/wp-content\/uploads\/2026\/01\/Bianca_400.jpg\" class=\"attachment-full size-full wp-image-3186\" alt=\"\" srcset=\"\/forum2026\/wp-content\/uploads\/2026\/01\/Bianca_400.jpg 399w, \/forum2026\/wp-content\/uploads\/2026\/01\/Bianca_400-300x277.jpg 300w\" sizes=\"(max-width: 399px) 100vw, 399px\" \/><\/figure><div class=\"elementor-image-box-content\"><h3 class=\"elementor-image-box-title\">Bianca Thoilliez<\/h3><p class=\"elementor-image-box-description\">PROFESsORA TITULAR DE TEORiA DE L'EDUCACI\u00d3 (uam)<\/p><\/div><\/div>\t\t\t\t<\/div>\n\t\t\t\t<\/div>\n\t\t\t\t<div class=\"elementor-element elementor-element-64cea699 e-grid-align-right e-grid-align-mobile-center elementor-shape-rounded elementor-grid-0 elementor-widget elementor-widget-social-icons\" data-id=\"64cea699\" data-element_type=\"widget\" data-e-type=\"widget\" data-widget_type=\"social-icons.default\">\n\t\t\t\t<div class=\"elementor-widget-container\">\n\t\t\t\t\t\t\t<div class=\"elementor-social-icons-wrapper elementor-grid\">\n\t\t\t\t\t\t\t<span class=\"elementor-grid-item\">\n\t\t\t\t\t<a class=\"elementor-icon elementor-social-icon elementor-social-icon-twitter elementor-animation-grow elementor-repeater-item-8e3505a\" href=\"https:\/\/x.com\/bthoilliez\" target=\"_blank\">\n\t\t\t\t\t\t<span class=\"elementor-screen-only\">Twitter<\/span>\n\t\t\t\t\t\t<i aria-hidden=\"true\" class=\"fab fa-twitter\"><\/i>\t\t\t\t\t<\/a>\n\t\t\t\t<\/span>\n\t\t\t\t\t<\/div>\n\t\t\t\t\t\t<\/div>\n\t\t\t\t<\/div>\n\t\t\t\t<div class=\"elementor-element elementor-element-55c25e39 elementor-widget elementor-widget-text-editor\" data-id=\"55c25e39\" data-element_type=\"widget\" data-e-type=\"widget\" data-widget_type=\"text-editor.default\">\n\t\t\t\t<div class=\"elementor-widget-container\">\n\t\t\t\t\t\t\t\t\t<p>Professora Titular de Teoria de l&#8217;Educaci\u00f3 en el Departament de Pedagogia de la Universitat Aut\u00f2noma de Madrid (UAM).<\/p><p>Doctora cum laude en Educaci\u00f3 amb Esment Internacional per la UAM, D.E.A. en Pedagogia de la Diversitat Sociocultural i Llicenciada en Pedagogia per la Universitat Complutense de Madrid amb Premi Extraordinari de Llicenciatura i Premi Nacional del Ministeri d&#8217;Educaci\u00f3.<\/p><p>Bec\u00e0ria del Programa Nacional F.P.O. del Ministeri d&#8217;Educaci\u00f3, investigadora visitant en el Institute of Education University of London i a la Pennsylvania State University.<\/p><p>Professora Adjunta en el Departament d&#8217;Educaci\u00f3 de la Universitat Europea de Madrid (2013 i 2015).<br \/><span style=\"font-size: 16px;\">Coordinadora de la Xarxa tem\u00e0tica sobre Filosofia de l&#8217;Educaci\u00f3 de la European Educational Research Association.<\/span><\/p><p>La seva activitat investigadora abasta l&#8217;estudi de la filosofia i la teoria de l&#8217;educaci\u00f3, l&#8217;an\u00e0lisi de pol\u00edtiques educatives i l&#8217;\u00e8tica professional docent.<\/p>\t\t\t\t\t\t\t\t<\/div>\n\t\t\t\t<\/div>\n\t\t\t\t\t<\/div>\n\t\t<\/div>\n\t\t\t\t\t<\/div>\n\t\t<\/section>\n\t\t\t\t<section class=\"elementor-section elementor-inner-section elementor-element elementor-element-ae9ac85 elementor-section-boxed elementor-section-height-default elementor-section-height-default\" data-id=\"ae9ac85\" data-element_type=\"section\" data-e-type=\"section\">\n\t\t\t\t\t\t<div class=\"elementor-container elementor-column-gap-default\">\n\t\t\t\t\t<div class=\"elementor-column elementor-col-50 elementor-inner-column elementor-element elementor-element-02dca3a\" data-id=\"02dca3a\" data-element_type=\"column\" data-e-type=\"column\">\n\t\t\t<div class=\"elementor-widget-wrap elementor-element-populated\">\n\t\t\t\t\t\t<div class=\"elementor-element elementor-element-58bd71e elementor-position-left elementor-vertical-align-middle elementor-widget elementor-widget-image-box\" data-id=\"58bd71e\" data-element_type=\"widget\" data-e-type=\"widget\" data-widget_type=\"image-box.default\">\n\t\t\t\t<div class=\"elementor-widget-container\">\n\t\t\t\t\t<div class=\"elementor-image-box-wrapper\"><figure class=\"elementor-image-box-img\"><img decoding=\"async\" width=\"400\" height=\"343\" src=\"\/forum2026\/wp-content\/uploads\/2026\/01\/FLR_400.jpg\" class=\"attachment-full size-full wp-image-3189\" alt=\"\" srcset=\"\/forum2026\/wp-content\/uploads\/2026\/01\/FLR_400.jpg 400w, \/forum2026\/wp-content\/uploads\/2026\/01\/FLR_400-300x257.jpg 300w\" sizes=\"(max-width: 400px) 100vw, 400px\" \/><\/figure><div class=\"elementor-image-box-content\"><h3 class=\"elementor-image-box-title\">Franscisco L\u00f3pez Rup\u00e9rez<\/h3><p class=\"elementor-image-box-description\">EXPRESIDENT DEL CONSEJO ESCOLAR DEL ESTADO<\/p><\/div><\/div>\t\t\t\t<\/div>\n\t\t\t\t<\/div>\n\t\t\t\t<div class=\"elementor-element elementor-element-c760a93 e-grid-align-right e-grid-align-mobile-center elementor-shape-rounded elementor-grid-0 elementor-widget elementor-widget-social-icons\" data-id=\"c760a93\" data-element_type=\"widget\" data-e-type=\"widget\" data-widget_type=\"social-icons.default\">\n\t\t\t\t<div class=\"elementor-widget-container\">\n\t\t\t\t\t\t\t<div class=\"elementor-social-icons-wrapper elementor-grid\">\n\t\t\t\t\t\t\t<span class=\"elementor-grid-item\">\n\t\t\t\t\t<a class=\"elementor-icon elementor-social-icon elementor-social-icon-link elementor-animation-grow elementor-repeater-item-7d3795b\" href=\"https:\/\/www.ucjc.edu\/profesores\/francisco-lopez-ruperez\/\" target=\"_blank\">\n\t\t\t\t\t\t<span class=\"elementor-screen-only\">Link<\/span>\n\t\t\t\t\t\t<i aria-hidden=\"true\" class=\"fas fa-link\"><\/i>\t\t\t\t\t<\/a>\n\t\t\t\t<\/span>\n\t\t\t\t\t<\/div>\n\t\t\t\t\t\t<\/div>\n\t\t\t\t<\/div>\n\t\t\t\t<div class=\"elementor-element elementor-element-22e11b7 elementor-widget elementor-widget-text-editor\" data-id=\"22e11b7\" data-element_type=\"widget\" data-e-type=\"widget\" data-widget_type=\"text-editor.default\">\n\t\t\t\t<div class=\"elementor-widget-container\">\n\t\t\t\t\t\t\t\t\t<p>Doctor en Ci\u00e8ncies F\u00edsiques \u2013excel\u00b7lent cum laude- per la Universidad Complutense de Madrid i Catedr\u00e0tic d&#8217;Institut.<br \/>Director del Liceo Espa\u00f1ol de Par\u00eds, Director General de Centres Educatius del Ministerio de Educaci\u00f3n y Cultura, Secretari General d&#8217;Educaci\u00f3n y Formaci\u00f3n Professional d&#8217;aquest Ministeri i president del Consejo Escolar del Estado.<\/p><p>Ha exercit com a Conseller d&#8217;Educaci\u00f3 en les Delegacions Permanents d&#8217;Espanya davant l&#8217;OCDE i davant la UNESCO, amb seu a Par\u00eds.<\/p><p>En l&#8217;\u00e0mbit auton\u00f2mic ha estat Viceconseller d&#8217;Educaci\u00f3 de la Comunidad de Madrid i president del Consejo Escolar d&#8217;aquesta Comunitat Aut\u00f2noma.<\/p><p>Autor de m\u00e9s d&#8217;una dotzena de llibres i d&#8217;un centenar de publicacions en revistes especialitzades espanyoles i estrangeres.<br \/>Premi Nacional d&#8217;Innovaci\u00f3 i Recerca Educativa i est\u00e0 en possessi\u00f3 de la Gran Cruz al m\u00e8rit civil de l&#8217;Orden de Alfonso X el Sabio.<\/p><p>En l&#8217;actualitat, \u00e9s Director de la C\u00e0tedra de Pol\u00edtiques Educatives de la Universidad Camilo Jos\u00e9 Cela.<\/p>\t\t\t\t\t\t\t\t<\/div>\n\t\t\t\t<\/div>\n\t\t\t\t\t<\/div>\n\t\t<\/div>\n\t\t\t\t<div class=\"elementor-column elementor-col-50 elementor-inner-column elementor-element elementor-element-009b1bc\" data-id=\"009b1bc\" data-element_type=\"column\" data-e-type=\"column\">\n\t\t\t<div class=\"elementor-widget-wrap elementor-element-populated\">\n\t\t\t\t\t\t<div class=\"elementor-element elementor-element-0084445 elementor-position-left elementor-vertical-align-middle elementor-widget elementor-widget-image-box\" data-id=\"0084445\" data-element_type=\"widget\" data-e-type=\"widget\" data-widget_type=\"image-box.default\">\n\t\t\t\t<div class=\"elementor-widget-container\">\n\t\t\t\t\t<div class=\"elementor-image-box-wrapper\"><figure class=\"elementor-image-box-img\"><img loading=\"lazy\" decoding=\"async\" width=\"399\" height=\"322\" src=\"\/forum2026\/wp-content\/uploads\/2026\/01\/Miguel-Angel_400-1.jpg\" class=\"attachment-full size-full wp-image-3191\" alt=\"\" srcset=\"\/forum2026\/wp-content\/uploads\/2026\/01\/Miguel-Angel_400-1.jpg 399w, \/forum2026\/wp-content\/uploads\/2026\/01\/Miguel-Angel_400-1-300x242.jpg 300w\" sizes=\"(max-width: 399px) 100vw, 399px\" \/><\/figure><div class=\"elementor-image-box-content\"><h3 class=\"elementor-image-box-title\">Miguel \u00c1ngel Tirado Ramos<\/h3><p class=\"elementor-image-box-description\">INSPECTOR D'EDUCACI\u00d3 IB I PROFESSOR UIB<\/p><\/div><\/div>\t\t\t\t<\/div>\n\t\t\t\t<\/div>\n\t\t\t\t<div class=\"elementor-element elementor-element-46c78ce e-grid-align-right e-grid-align-mobile-center elementor-shape-rounded elementor-grid-0 elementor-widget elementor-widget-social-icons\" data-id=\"46c78ce\" data-element_type=\"widget\" data-e-type=\"widget\" data-widget_type=\"social-icons.default\">\n\t\t\t\t<div class=\"elementor-widget-container\">\n\t\t\t\t\t\t\t<div class=\"elementor-social-icons-wrapper elementor-grid\">\n\t\t\t\t\t\t\t<span class=\"elementor-grid-item\">\n\t\t\t\t\t<a class=\"elementor-icon elementor-social-icon elementor-social-icon-link elementor-animation-grow elementor-repeater-item-2f00ecc\" href=\"https:\/\/www.uib.es\/es\/personal\/ABjE2NDIzNA\/\" target=\"_blank\">\n\t\t\t\t\t\t<span class=\"elementor-screen-only\">Link<\/span>\n\t\t\t\t\t\t<i aria-hidden=\"true\" class=\"fas fa-link\"><\/i>\t\t\t\t\t<\/a>\n\t\t\t\t<\/span>\n\t\t\t\t\t<\/div>\n\t\t\t\t\t\t<\/div>\n\t\t\t\t<\/div>\n\t\t\t\t<div class=\"elementor-element elementor-element-81a0f58 elementor-widget elementor-widget-text-editor\" data-id=\"81a0f58\" data-element_type=\"widget\" data-e-type=\"widget\" data-widget_type=\"text-editor.default\">\n\t\t\t\t<div class=\"elementor-widget-container\">\n\t\t\t\t\t\t\t\t\t<p>Doctor per la UIB (Programa Recerca i innovaci\u00f3 en Educaci\u00f3) i Llicenciat en Educaci\u00f3 F\u00edsica pel INEFC de Barcelona (UB), M\u00e0ster en Inform\u00e0tica Educativa (UNED) i Expert Universitari en Content and Language Integrated Learning (UIB).<br \/><br \/>Actualment, treballa d&#8217;Inspector d&#8217;Educaci\u00f3 (Funcionari de Carrera) en la Conselleria d&#8217;Educaci\u00f3 i Universitat. Va ser director de l&#8217;IES Santa Margalida durant quatre anys i cap d&#8217;estudis en el mateix centre durant 7 anys, on tamb\u00e9 va ser professor d&#8217;Educaci\u00f3 F\u00edsica.<br \/><br \/>Ha estat professor en ESO, Batxillerat, Formaci\u00f3 Professional, Ensenyaments de R\u00e8gim Especial i Universitat. Forma part de l&#8217;equip docent del Curs de Desenvolupament de la Funci\u00f3 Directiva dirigit a futurs directors de centres docents, i ha realitzat (i realitza) formaci\u00f3 a professorat en l&#8217;\u00e0mbit de la programaci\u00f3, l&#8217;avaluaci\u00f3 i la innovaci\u00f3.<br \/><br \/>Va ser guardonat en la tercera convocat\u00f2ria dels Premis a Experi\u00e8ncies Educatives Innovadores convocats pel Govern de les illes Balears en 2011, aix\u00ed com en dues edicions dels premis de recerca convocats per la UIB.<\/p>\t\t\t\t\t\t\t\t<\/div>\n\t\t\t\t<\/div>\n\t\t\t\t\t<\/div>\n\t\t<\/div>\n\t\t\t\t\t<\/div>\n\t\t<\/section>\n\t\t\t\t<section class=\"elementor-section elementor-inner-section elementor-element elementor-element-e166a6a elementor-section-boxed elementor-section-height-default elementor-section-height-default\" data-id=\"e166a6a\" data-element_type=\"section\" data-e-type=\"section\">\n\t\t\t\t\t\t<div class=\"elementor-container elementor-column-gap-default\">\n\t\t\t\t\t<div class=\"elementor-column elementor-col-50 elementor-inner-column elementor-element elementor-element-eb421d7\" data-id=\"eb421d7\" data-element_type=\"column\" data-e-type=\"column\">\n\t\t\t<div class=\"elementor-widget-wrap elementor-element-populated\">\n\t\t\t\t\t\t<div class=\"elementor-element elementor-element-f7e213f elementor-position-left elementor-vertical-align-middle elementor-widget elementor-widget-image-box\" data-id=\"f7e213f\" data-element_type=\"widget\" data-e-type=\"widget\" data-widget_type=\"image-box.default\">\n\t\t\t\t<div class=\"elementor-widget-container\">\n\t\t\t\t\t<div class=\"elementor-image-box-wrapper\"><figure class=\"elementor-image-box-img\"><img loading=\"lazy\" decoding=\"async\" width=\"400\" height=\"380\" src=\"\/forum2026\/wp-content\/uploads\/2026\/01\/Ignasi_400.jpg\" class=\"attachment-full size-full wp-image-3193\" alt=\"\" srcset=\"\/forum2026\/wp-content\/uploads\/2026\/01\/Ignasi_400.jpg 400w, \/forum2026\/wp-content\/uploads\/2026\/01\/Ignasi_400-300x285.jpg 300w\" sizes=\"(max-width: 400px) 100vw, 400px\" \/><\/figure><div class=\"elementor-image-box-content\"><h3 class=\"elementor-image-box-title\">Ignasi Fern\u00e1ndez Daroca<\/h3><p class=\"elementor-image-box-description\">secretari general del sindicat professors de secund\u00e0ria<\/p><\/div><\/div>\t\t\t\t<\/div>\n\t\t\t\t<\/div>\n\t\t\t\t<div class=\"elementor-element elementor-element-3bcf0e4 e-grid-align-right e-grid-align-mobile-center elementor-shape-rounded elementor-grid-0 elementor-widget elementor-widget-social-icons\" data-id=\"3bcf0e4\" data-element_type=\"widget\" data-e-type=\"widget\" data-widget_type=\"social-icons.default\">\n\t\t\t\t<div class=\"elementor-widget-container\">\n\t\t\t\t\t\t\t<div class=\"elementor-social-icons-wrapper elementor-grid\">\n\t\t\t\t\t\t\t<span class=\"elementor-grid-item\">\n\t\t\t\t\t<a class=\"elementor-icon elementor-social-icon elementor-social-icon-twitter elementor-animation-grow elementor-repeater-item-0c6d809\" href=\"https:\/\/x.com\/IfSecundaria\" target=\"_blank\">\n\t\t\t\t\t\t<span class=\"elementor-screen-only\">Twitter<\/span>\n\t\t\t\t\t\t<i aria-hidden=\"true\" class=\"fab fa-twitter\"><\/i>\t\t\t\t\t<\/a>\n\t\t\t\t<\/span>\n\t\t\t\t\t<\/div>\n\t\t\t\t\t\t<\/div>\n\t\t\t\t<\/div>\n\t\t\t\t<div class=\"elementor-element elementor-element-8bce128 elementor-widget elementor-widget-text-editor\" data-id=\"8bce128\" data-element_type=\"widget\" data-e-type=\"widget\" data-widget_type=\"text-editor.default\">\n\t\t\t\t<div class=\"elementor-widget-container\">\n\t\t\t\t\t\t\t\t\t<p>Llicenciat en Filologia anglogerm\u00e1nica.<\/p><p>Traductor jurat d&#8217;alemany-catal\u00e0-espanyol.<\/p><p>Catedr\u00e0tic del cos de Secund\u00e0ria -especialitat angl\u00e8s-.<\/p><p>Professor associat d&#8217;alemany en la Universitat Rovira i Virgili (Tarragona) durant els cursos 2000 a 2002.<\/p><p>Llicenciat en Dret, exerceix com a advocat des de l&#8217;any 2001.<\/p><p>En l&#8217;actualitat exerceix com a secretari general del Sindicat de Professors de Secund\u00e0ria (aspepc\u00b7sps).<\/p>\t\t\t\t\t\t\t\t<\/div>\n\t\t\t\t<\/div>\n\t\t\t\t\t<\/div>\n\t\t<\/div>\n\t\t\t\t<div class=\"elementor-column elementor-col-50 elementor-inner-column elementor-element elementor-element-458e19e\" data-id=\"458e19e\" data-element_type=\"column\" data-e-type=\"column\">\n\t\t\t<div class=\"elementor-widget-wrap elementor-element-populated\">\n\t\t\t\t\t\t<div class=\"elementor-element elementor-element-dec9ce2 elementor-position-left elementor-vertical-align-middle elementor-widget elementor-widget-image-box\" data-id=\"dec9ce2\" data-element_type=\"widget\" data-e-type=\"widget\" data-widget_type=\"image-box.default\">\n\t\t\t\t<div class=\"elementor-widget-container\">\n\t\t\t\t\t<div class=\"elementor-image-box-wrapper\"><figure class=\"elementor-image-box-img\"><img loading=\"lazy\" decoding=\"async\" width=\"226\" height=\"219\" src=\"\/forum2026\/wp-content\/uploads\/2026\/01\/David-Rabada-1.jpg\" class=\"attachment-full size-full wp-image-3195\" alt=\"\" \/><\/figure><div class=\"elementor-image-box-content\"><h3 class=\"elementor-image-box-title\">David Rabad\u00e0 i Vives<\/h3><p class=\"elementor-image-box-description\">professor i divulgador cient\u00edfic<\/p><\/div><\/div>\t\t\t\t<\/div>\n\t\t\t\t<\/div>\n\t\t\t\t<div class=\"elementor-element elementor-element-265f0b7 e-grid-align-right e-grid-align-mobile-center elementor-shape-rounded elementor-grid-0 elementor-widget elementor-widget-social-icons\" data-id=\"265f0b7\" data-element_type=\"widget\" data-e-type=\"widget\" data-widget_type=\"social-icons.default\">\n\t\t\t\t<div class=\"elementor-widget-container\">\n\t\t\t\t\t\t\t<div class=\"elementor-social-icons-wrapper elementor-grid\" role=\"list\">\n\t\t\t\t\t\t\t<span class=\"elementor-grid-item\" role=\"listitem\">\n\t\t\t\t\t<a class=\"elementor-icon elementor-social-icon elementor-social-icon-facebook-f elementor-animation-grow elementor-repeater-item-8b93740\" href=\"https:\/\/www.facebook.com\/david.rabadavives.3\" target=\"_blank\">\n\t\t\t\t\t\t<span class=\"elementor-screen-only\">Facebook-f<\/span>\n\t\t\t\t\t\t<i aria-hidden=\"true\" class=\"fab fa-facebook-f\"><\/i>\t\t\t\t\t<\/a>\n\t\t\t\t<\/span>\n\t\t\t\t\t\t\t<span class=\"elementor-grid-item\" role=\"listitem\">\n\t\t\t\t\t<a class=\"elementor-icon elementor-social-icon elementor-social-icon-twitter elementor-animation-grow elementor-repeater-item-d2b7695\" href=\"https:\/\/x.com\/DAVIDRABADA\" target=\"_blank\">\n\t\t\t\t\t\t<span class=\"elementor-screen-only\">Twitter<\/span>\n\t\t\t\t\t\t<i aria-hidden=\"true\" class=\"fab fa-twitter\"><\/i>\t\t\t\t\t<\/a>\n\t\t\t\t<\/span>\n\t\t\t\t\t<\/div>\n\t\t\t\t\t\t<\/div>\n\t\t\t\t<\/div>\n\t\t\t\t<div class=\"elementor-element elementor-element-568aad5 elementor-widget elementor-widget-text-editor\" data-id=\"568aad5\" data-element_type=\"widget\" data-e-type=\"widget\" data-widget_type=\"text-editor.default\">\n\t\t\t\t<div class=\"elementor-widget-container\">\n\t\t\t\t\t\t\t\t\t<p>Doctor en Ci\u00e8ncies Geol\u00f2giques en 1995 per la Universitat de Barcelona.<\/p><p>Va treballar en diferents projectes cient\u00edfics del CSIC. Ha rebut diversos premis com a escriptor.<br \/><br \/>Actualment \u00e9s professor de Ci\u00e8ncies Geol\u00f2giques i membre de l&#8217;Acad\u00e8mia\u00a0ACVC.<br \/><br \/>Responsable de comunicaci\u00f3 de Professors de Secund\u00e0ria<br \/><br \/>Redactor cap de la secci\u00f3 de Ci\u00e8ncia de \u00abeducational\u00a0EVIDENCE\u00bb.<\/p>\t\t\t\t\t\t\t\t<\/div>\n\t\t\t\t<\/div>\n\t\t\t\t\t<\/div>\n\t\t<\/div>\n\t\t\t\t\t<\/div>\n\t\t<\/section>\n\t\t\t\t<section class=\"elementor-section elementor-inner-section elementor-element elementor-element-1605619 elementor-section-boxed elementor-section-height-default elementor-section-height-default\" data-id=\"1605619\" data-element_type=\"section\" data-e-type=\"section\">\n\t\t\t\t\t\t<div class=\"elementor-container elementor-column-gap-default\">\n\t\t\t\t\t<div class=\"elementor-column elementor-col-50 elementor-inner-column elementor-element elementor-element-7c78022\" data-id=\"7c78022\" data-element_type=\"column\" data-e-type=\"column\">\n\t\t\t<div class=\"elementor-widget-wrap elementor-element-populated\">\n\t\t\t\t\t\t<div class=\"elementor-element elementor-element-bf2c4ba elementor-position-left elementor-vertical-align-middle elementor-widget elementor-widget-image-box\" data-id=\"bf2c4ba\" data-element_type=\"widget\" data-e-type=\"widget\" data-widget_type=\"image-box.default\">\n\t\t\t\t<div class=\"elementor-widget-container\">\n\t\t\t\t\t<div class=\"elementor-image-box-wrapper\"><figure class=\"elementor-image-box-img\"><img loading=\"lazy\" decoding=\"async\" width=\"400\" height=\"414\" src=\"\/forum2026\/wp-content\/uploads\/2026\/01\/Otilia_400.jpg\" class=\"attachment-full size-full wp-image-3196\" alt=\"\" srcset=\"\/forum2026\/wp-content\/uploads\/2026\/01\/Otilia_400.jpg 400w, \/forum2026\/wp-content\/uploads\/2026\/01\/Otilia_400-290x300.jpg 290w\" sizes=\"(max-width: 400px) 100vw, 400px\" \/><\/figure><div class=\"elementor-image-box-content\"><h3 class=\"elementor-image-box-title\">Otilia Dan Dinescu<\/h3><p class=\"elementor-image-box-description\">professora de m\u00fasica <\/p><\/div><\/div>\t\t\t\t<\/div>\n\t\t\t\t<\/div>\n\t\t\t\t<div class=\"elementor-element elementor-element-7d61a2d elementor-widget elementor-widget-text-editor\" data-id=\"7d61a2d\" data-element_type=\"widget\" data-e-type=\"widget\" data-widget_type=\"text-editor.default\">\n\t\t\t\t<div class=\"elementor-widget-container\">\n\t\t\t\t\t\t\t\t\t<p>Graduada en interpretaci\u00f3 de m\u00fasica cl\u00e0ssica i contempor\u00e0nia en l&#8217;especialitat de viol\u00ed pel Conservatori Superior del Liceu.<\/p><p>Professora de Secund\u00e0ria i Batxillerat en l&#8217;especialitat de m\u00fasica i productora i locutora del programa de r\u00e0dio Reiniciant l&#8217;Educaci\u00f3.<\/p><p>Acab\u00e0 els estudis de Grau Professional amb Premi d&#8217;Honor al CMMT i compagin\u00e0 els estudis de carrera treballant en diferents escoles de m\u00fasica i conservatori impartint classes de m\u00fasica de cambra, llenguatge musical i viol\u00ed des dels 18 anys.<\/p><p>Membre de diferents orquestres tals com La Jove Orquestra Nacional de Catalunya, La Jove Orquestra de les Comarques Gironines, l&#8217;orquestra G\u00e8rminans, la Sinf\u00f2nica de Cobla i Corda de Catalunya, l&#8217;Orquestra Barcelona Filharmonia, l&#8217;Inquietudine, la Lingua Mortis Orchestra i ha realitzat diverses col\u00b7laboracions amb grups de cambra i l&#8217;La Jove Orquestra de les Comarques Gironines, l&#8217;orquestra G\u00e8rminans, la Sinf\u00f2nica de Cobla i Corda de Catalunya, l&#8217;Orquestra Barcelona Filharmonia, l&#8217;Inquietudine, la Lingua Mortis Orchestra del Vall\u00e8s.<\/p>\t\t\t\t\t\t\t\t<\/div>\n\t\t\t\t<\/div>\n\t\t\t\t\t<\/div>\n\t\t<\/div>\n\t\t\t\t<div class=\"elementor-column elementor-col-50 elementor-inner-column elementor-element elementor-element-d5d2e60\" data-id=\"d5d2e60\" data-element_type=\"column\" data-e-type=\"column\">\n\t\t\t<div class=\"elementor-widget-wrap elementor-element-populated\">\n\t\t\t\t\t\t<div class=\"elementor-element elementor-element-ebdcae8 elementor-position-left elementor-vertical-align-middle elementor-widget elementor-widget-image-box\" data-id=\"ebdcae8\" data-element_type=\"widget\" data-e-type=\"widget\" data-widget_type=\"image-box.default\">\n\t\t\t\t<div class=\"elementor-widget-container\">\n\t\t\t\t\t<div class=\"elementor-image-box-wrapper\"><figure class=\"elementor-image-box-img\"><img loading=\"lazy\" decoding=\"async\" width=\"1312\" height=\"1600\" src=\"\/forum2026\/wp-content\/uploads\/2026\/02\/Jordi-Osua_ok.jpg\" class=\"attachment-full size-full wp-image-3656\" alt=\"\" srcset=\"\/forum2026\/wp-content\/uploads\/2026\/02\/Jordi-Osua_ok.jpg 1312w, \/forum2026\/wp-content\/uploads\/2026\/02\/Jordi-Osua_ok-246x300.jpg 246w, \/forum2026\/wp-content\/uploads\/2026\/02\/Jordi-Osua_ok-840x1024.jpg 840w, \/forum2026\/wp-content\/uploads\/2026\/02\/Jordi-Osua_ok-768x937.jpg 768w, \/forum2026\/wp-content\/uploads\/2026\/02\/Jordi-Osua_ok-1260x1536.jpg 1260w, \/forum2026\/wp-content\/uploads\/2026\/02\/Jordi-Osua_ok-600x732.jpg 600w\" sizes=\"(max-width: 1312px) 100vw, 1312px\" \/><\/figure><div class=\"elementor-image-box-content\"><h3 class=\"elementor-image-box-title\">Jordi Os\u00faa<\/h3><p class=\"elementor-image-box-description\">PROFESSOR D'EDUCACI\u00d3 F\u00cdSICA<\/p><\/div><\/div>\t\t\t\t<\/div>\n\t\t\t\t<\/div>\n\t\t\t\t<div class=\"elementor-element elementor-element-f2aa3e2 elementor-widget elementor-widget-text-editor\" data-id=\"f2aa3e2\" data-element_type=\"widget\" data-e-type=\"widget\" data-widget_type=\"text-editor.default\">\n\t\t\t\t<div class=\"elementor-widget-container\">\n\t\t\t\t\t\t\t\t\t<p>Doctor en Ci\u00e8ncies de l&#8217;Esport (INEFC\u00a0de Barcelona) per una tesi dedicada al pensament esportiu de Manuel V\u00e1zquez Montalb\u00e1n.<\/p><p>Ha publicat articles acad\u00e8mics sobre aquesta q\u00fcesti\u00f3 en diferents revistes especialitzades i \u00e9s l&#8217;editor del llibre <em>Manuel V\u00e1zquez Montalb\u00e1n. Bar\u00e7a, cultura i\u00a0esport<\/em> (Editorial Base).<\/p><p>Col\u00b7labora amb els seus articles period\u00edstics en els diaris <em>El Pa\u00eds, Ara, El Peri\u00f3dico, El Punt Avui<\/em> (L\u2019Esportiu)\u00a0i <em>La Vanguardia<\/em>, i tamb\u00e9 participa en diverses tert\u00falies radiof\u00f2niques.<\/p><p>Ha estat guardonat amb els premis d&#8217;assaig Serra i Moret (Generalitat de Catalunya, 2009), pel treball \u2018Esport contemporani i socialitat postmoderna: entre la identitat i la globalitzaci\u00f3\u2019, i m\u00e9s recentment amb el premi Becerro de Bengoa (Diputaci\u00f3 d&#8217;\u00c0laba, 2018) per la seva obra <em>V\u00e1zquez Montalb\u00e1n: F\u00fatbol i pol\u00edtica<\/em>.<\/p>\t\t\t\t\t\t\t\t<\/div>\n\t\t\t\t<\/div>\n\t\t\t\t\t<\/div>\n\t\t<\/div>\n\t\t\t\t\t<\/div>\n\t\t<\/section>\n\t\t\t\t<section class=\"elementor-section elementor-inner-section elementor-element elementor-element-1e9bfb1 elementor-section-boxed elementor-section-height-default elementor-section-height-default\" data-id=\"1e9bfb1\" data-element_type=\"section\" data-e-type=\"section\">\n\t\t\t\t\t\t<div class=\"elementor-container elementor-column-gap-default\">\n\t\t\t\t\t<div class=\"elementor-column elementor-col-50 elementor-inner-column elementor-element elementor-element-5be3dd5\" data-id=\"5be3dd5\" data-element_type=\"column\" data-e-type=\"column\">\n\t\t\t<div class=\"elementor-widget-wrap elementor-element-populated\">\n\t\t\t\t\t\t<div class=\"elementor-element elementor-element-0ae01c9 elementor-position-left elementor-vertical-align-middle elementor-widget elementor-widget-image-box\" data-id=\"0ae01c9\" data-element_type=\"widget\" data-e-type=\"widget\" data-widget_type=\"image-box.default\">\n\t\t\t\t<div class=\"elementor-widget-container\">\n\t\t\t\t\t<div class=\"elementor-image-box-wrapper\"><figure class=\"elementor-image-box-img\"><img loading=\"lazy\" decoding=\"async\" width=\"247\" height=\"291\" src=\"\/forum2026\/wp-content\/uploads\/2026\/01\/Aurora-Trigo.jpg\" class=\"attachment-full size-full wp-image-3201\" alt=\"\" \/><\/figure><div class=\"elementor-image-box-content\"><h3 class=\"elementor-image-box-title\">Aurora Trigo <\/h3><p class=\"elementor-image-box-description\">PROFESSORA D'economia<\/p><\/div><\/div>\t\t\t\t<\/div>\n\t\t\t\t<\/div>\n\t\t\t\t<div class=\"elementor-element elementor-element-a5d69ec elementor-widget elementor-widget-text-editor\" data-id=\"a5d69ec\" data-element_type=\"widget\" data-e-type=\"widget\" data-widget_type=\"text-editor.default\">\n\t\t\t\t<div class=\"elementor-widget-container\">\n\t\t\t\t\t\t\t\t\t<p>Economista i premi extraordinari de doctorat.<\/p><p>Professora d&#8217;economia a la universitat i als instituts.<\/p><p>Escriptora de llibres i articles.<\/p><p>Visitant a Sillicon Valley amb joves emprenedors.<\/p><p>\u00c9s delegada de Professors de Secund\u00e0ria (ASPEPC-SPS).<\/p>\t\t\t\t\t\t\t\t<\/div>\n\t\t\t\t<\/div>\n\t\t\t\t\t<\/div>\n\t\t<\/div>\n\t\t\t\t<div class=\"elementor-column elementor-col-50 elementor-inner-column elementor-element elementor-element-4cd85e4\" data-id=\"4cd85e4\" data-element_type=\"column\" data-e-type=\"column\">\n\t\t\t<div class=\"elementor-widget-wrap elementor-element-populated\">\n\t\t\t\t\t\t<div class=\"elementor-element elementor-element-ae156c8 elementor-position-left elementor-vertical-align-middle elementor-widget elementor-widget-image-box\" data-id=\"ae156c8\" data-element_type=\"widget\" data-e-type=\"widget\" data-widget_type=\"image-box.default\">\n\t\t\t\t<div class=\"elementor-widget-container\">\n\t\t\t\t\t<div class=\"elementor-image-box-wrapper\"><figure class=\"elementor-image-box-img\"><img loading=\"lazy\" decoding=\"async\" width=\"342\" height=\"329\" src=\"\/forum2026\/wp-content\/uploads\/2026\/01\/Ramon_400.jpg\" class=\"attachment-full size-full wp-image-3207\" alt=\"\" srcset=\"\/forum2026\/wp-content\/uploads\/2026\/01\/Ramon_400.jpg 342w, \/forum2026\/wp-content\/uploads\/2026\/01\/Ramon_400-300x289.jpg 300w\" sizes=\"(max-width: 342px) 100vw, 342px\" \/><\/figure><div class=\"elementor-image-box-content\"><h3 class=\"elementor-image-box-title\">Ramon Casals<\/h3><p class=\"elementor-image-box-description\">professor de formaci\u00f3 professional<\/p><\/div><\/div>\t\t\t\t<\/div>\n\t\t\t\t<\/div>\n\t\t\t\t<div class=\"elementor-element elementor-element-a2271a6 elementor-widget elementor-widget-text-editor\" data-id=\"a2271a6\" data-element_type=\"widget\" data-e-type=\"widget\" data-widget_type=\"text-editor.default\">\n\t\t\t\t<div class=\"elementor-widget-container\">\n\t\t\t\t\t\t\t\t\t<p>Professor T\u00e8cnic de FP i de Tecnologia des de l\u2019any 1988 fins a l\u2019actualitat.<\/p><p>Cap de Departament de la branca de metall a l\u2019Institut Polit\u00e8cnic d\u2019FP de Vic durant onze anys, membre del Consell Escolar durant sis anys i tutor de Formaci\u00f3 en Centres de Treball de la branca de metall durant nou anys.<\/p><p>Ocupacions laborals en diverses ind\u00fastries com a Oficial de primera torner, t\u00e8cnic d\u2019organitzaci\u00f3 de m\u00e8todes i temps, i disseny i automatitzaci\u00f3 de maquin\u00e0ria.<\/p>\t\t\t\t\t\t\t\t<\/div>\n\t\t\t\t<\/div>\n\t\t\t\t\t<\/div>\n\t\t<\/div>\n\t\t\t\t\t<\/div>\n\t\t<\/section>\n\t\t\t\t<section class=\"elementor-section elementor-inner-section elementor-element elementor-element-93ef785 elementor-section-boxed elementor-section-height-default elementor-section-height-default\" data-id=\"93ef785\" data-element_type=\"section\" data-e-type=\"section\">\n\t\t\t\t\t\t<div class=\"elementor-container elementor-column-gap-default\">\n\t\t\t\t\t<div class=\"elementor-column elementor-col-50 elementor-inner-column elementor-element elementor-element-f6a9f38\" data-id=\"f6a9f38\" data-element_type=\"column\" data-e-type=\"column\">\n\t\t\t<div class=\"elementor-widget-wrap elementor-element-populated\">\n\t\t\t\t\t\t<div class=\"elementor-element elementor-element-3253c2a elementor-position-left elementor-vertical-align-middle elementor-widget elementor-widget-image-box\" data-id=\"3253c2a\" data-element_type=\"widget\" data-e-type=\"widget\" data-widget_type=\"image-box.default\">\n\t\t\t\t<div class=\"elementor-widget-container\">\n\t\t\t\t\t<div class=\"elementor-image-box-wrapper\"><figure class=\"elementor-image-box-img\"><img loading=\"lazy\" decoding=\"async\" width=\"216\" height=\"302\" src=\"\/forum2026\/wp-content\/uploads\/2026\/01\/Therfer.jpg\" class=\"attachment-full size-full wp-image-3208\" alt=\"\" srcset=\"\/forum2026\/wp-content\/uploads\/2026\/01\/Therfer.jpg 216w, \/forum2026\/wp-content\/uploads\/2026\/01\/Therfer-215x300.jpg 215w\" sizes=\"(max-width: 216px) 100vw, 216px\" \/><\/figure><div class=\"elementor-image-box-content\"><h3 class=\"elementor-image-box-title\">Antoni Hern\u00e1ndez-Fern\u00e1ndez<\/h3><p class=\"elementor-image-box-description\">professor de tecnologia a la UPC<\/p><\/div><\/div>\t\t\t\t<\/div>\n\t\t\t\t<\/div>\n\t\t\t\t<div class=\"elementor-element elementor-element-874d368 e-grid-align-right e-grid-align-mobile-center elementor-shape-rounded elementor-grid-0 elementor-widget elementor-widget-social-icons\" data-id=\"874d368\" data-element_type=\"widget\" data-e-type=\"widget\" data-widget_type=\"social-icons.default\">\n\t\t\t\t<div class=\"elementor-widget-container\">\n\t\t\t\t\t\t\t<div class=\"elementor-social-icons-wrapper elementor-grid\" role=\"list\">\n\t\t\t\t\t\t\t<span class=\"elementor-grid-item\" role=\"listitem\">\n\t\t\t\t\t<a class=\"elementor-icon elementor-social-icon elementor-social-icon-facebook-f elementor-animation-grow elementor-repeater-item-8b93740\" href=\"https:\/\/www.facebook.com\/therfer\" target=\"_blank\">\n\t\t\t\t\t\t<span class=\"elementor-screen-only\">Facebook-f<\/span>\n\t\t\t\t\t\t<i aria-hidden=\"true\" class=\"fab fa-facebook-f\"><\/i>\t\t\t\t\t<\/a>\n\t\t\t\t<\/span>\n\t\t\t\t\t\t\t<span class=\"elementor-grid-item\" role=\"listitem\">\n\t\t\t\t\t<a class=\"elementor-icon elementor-social-icon elementor-social-icon-twitter elementor-animation-grow elementor-repeater-item-d2b7695\" href=\"https:\/\/x.com\/therfer\" target=\"_blank\">\n\t\t\t\t\t\t<span class=\"elementor-screen-only\">Twitter<\/span>\n\t\t\t\t\t\t<i aria-hidden=\"true\" class=\"fab fa-twitter\"><\/i>\t\t\t\t\t<\/a>\n\t\t\t\t<\/span>\n\t\t\t\t\t<\/div>\n\t\t\t\t\t\t<\/div>\n\t\t\t\t<\/div>\n\t\t\t\t<div class=\"elementor-element elementor-element-7de4f79 elementor-widget elementor-widget-text-editor\" data-id=\"7de4f79\" data-element_type=\"widget\" data-e-type=\"widget\" data-widget_type=\"text-editor.default\">\n\t\t\t\t<div class=\"elementor-widget-container\">\n\t\t\t\t\t\t\t\t\t<p>F\u00edsic, ling\u00fcista i doctor en ci\u00e8ncia cognitiva i llenguatge per la Universitat de Barcelona (UB).<\/p><p>Actualment \u00e9s membre de la junta de la Societat Catalana de Tecnologia, professor de Formaci\u00f3 Professional a l&#8217;Escola d&#8217;Art i Disseny de Terrassa i de formaci\u00f3 del professorat a l&#8217;Institut de Ci\u00e8ncies de l&#8217;Educaci\u00f3 de la Universitat Polit\u00e8cnica de Catalunya (UPC), on tamb\u00e9 forma part del seu Comit\u00e8 d&#8217;\u00c8tica. Forma part del grup de recerca LQMC &#8211; Ling\u00fc\u00edstica Quantitativa, Matem\u00e0tica i Computacional on investiga l&#8217;aplicaci\u00f3 de models matem\u00e0tics i f\u00edsics a l&#8217;estudi dels sistemes de comunicaci\u00f3 i l&#8217;aprenentatge.<\/p><p>A m\u00e9s d&#8217;articles de recerca i comunicacions a congressos, en l&#8217;\u00e0mbit educatiu ha elaborat m\u00e9s d&#8217;una vintena de llibres de text i material did\u00e0ctic audiovisual.<\/p>\t\t\t\t\t\t\t\t<\/div>\n\t\t\t\t<\/div>\n\t\t\t\t\t<\/div>\n\t\t<\/div>\n\t\t\t\t<div class=\"elementor-column elementor-col-50 elementor-inner-column elementor-element elementor-element-6b75492\" data-id=\"6b75492\" data-element_type=\"column\" data-e-type=\"column\">\n\t\t\t<div class=\"elementor-widget-wrap elementor-element-populated\">\n\t\t\t\t\t\t<div class=\"elementor-element elementor-element-498808b elementor-position-left elementor-vertical-align-middle elementor-widget elementor-widget-image-box\" data-id=\"498808b\" data-element_type=\"widget\" data-e-type=\"widget\" data-widget_type=\"image-box.default\">\n\t\t\t\t<div class=\"elementor-widget-container\">\n\t\t\t\t\t<div class=\"elementor-image-box-wrapper\"><figure class=\"elementor-image-box-img\"><img loading=\"lazy\" decoding=\"async\" width=\"400\" height=\"423\" src=\"\/forum2026\/wp-content\/uploads\/2026\/01\/Dori_400.jpg\" class=\"attachment-full size-full wp-image-3209\" alt=\"\" srcset=\"\/forum2026\/wp-content\/uploads\/2026\/01\/Dori_400.jpg 400w, \/forum2026\/wp-content\/uploads\/2026\/01\/Dori_400-284x300.jpg 284w\" sizes=\"(max-width: 400px) 100vw, 400px\" \/><\/figure><div class=\"elementor-image-box-content\"><h3 class=\"elementor-image-box-title\">Dori Huertas<\/h3><p class=\"elementor-image-box-description\"> Plataforma per l'Educaci\u00f3 de Qualitat a Catalunya<\/p><\/div><\/div>\t\t\t\t<\/div>\n\t\t\t\t<\/div>\n\t\t\t\t<div class=\"elementor-element elementor-element-e9dde59 e-grid-align-right e-grid-align-mobile-center elementor-shape-rounded elementor-grid-0 elementor-widget elementor-widget-social-icons\" data-id=\"e9dde59\" data-element_type=\"widget\" data-e-type=\"widget\" data-widget_type=\"social-icons.default\">\n\t\t\t\t<div class=\"elementor-widget-container\">\n\t\t\t\t\t\t\t<div class=\"elementor-social-icons-wrapper elementor-grid\">\n\t\t\t\t\t\t\t<span class=\"elementor-grid-item\">\n\t\t\t\t\t<a class=\"elementor-icon elementor-social-icon elementor-social-icon-twitter elementor-animation-grow elementor-repeater-item-d2b7695\" href=\"https:\/\/x.com\/Dorotea260333\" target=\"_blank\">\n\t\t\t\t\t\t<span class=\"elementor-screen-only\">Twitter<\/span>\n\t\t\t\t\t\t<i aria-hidden=\"true\" class=\"fab fa-twitter\"><\/i>\t\t\t\t\t<\/a>\n\t\t\t\t<\/span>\n\t\t\t\t\t<\/div>\n\t\t\t\t\t\t<\/div>\n\t\t\t\t<\/div>\n\t\t\t\t<div class=\"elementor-element elementor-element-629ec78 elementor-widget elementor-widget-text-editor\" data-id=\"629ec78\" data-element_type=\"widget\" data-e-type=\"widget\" data-widget_type=\"text-editor.default\">\n\t\t\t\t<div class=\"elementor-widget-container\">\n\t\t\t\t\t\t\t\t\t<p>Llicenciada en Farm\u00e0cia per la UB, Doctora en Biologia Molecular i Estructural per la UPC, PDD per IESE.<\/p><p>Cient\u00edfica especialitzada en Biologia Molecular i Biomedicina al CSIC, l&#8217;Imperial College, l&#8217;ICO i l&#8217;IDIBELL (1990\u20132018). Des de 2018 exerceix com a farmac\u00e8utica comunit\u00e0ria\u00a0per traslladar el coneixement cient\u00edfic a la pr\u00e0ctica assistencial.<\/p><p>Mare i impulsora de la\u00a0Plataforma per l&#8217;Educaci\u00f3 de Qualitat a Catalunya,\u00a0que promou una educaci\u00f3 basada en l&#8217;evid\u00e8ncia cient\u00edfica a les aules, amb l&#8217;objectiu de garantir la millor formaci\u00f3 durant les etapes educatives obligat\u00f2ries als infants i jovent de Catalunya .<\/p><p>Representa a milers de fam\u00edlies que, com a part activa de la comunitat educativa, reclamen el seu dret a participar en la decisi\u00f3 del model d&#8217;escola.\u00a0<\/p>\t\t\t\t\t\t\t\t<\/div>\n\t\t\t\t<\/div>\n\t\t\t\t\t<\/div>\n\t\t<\/div>\n\t\t\t\t\t<\/div>\n\t\t<\/section>\n\t\t\t\t\t<\/div>\n\t\t<\/div>\n\t\t\t\t\t<\/div>\n\t\t<\/section>\n\t\t\t\t<section class=\"elementor-section elementor-top-section elementor-element elementor-element-ac44fe8 elementor-section-boxed elementor-section-height-default elementor-section-height-default\" data-id=\"ac44fe8\" data-element_type=\"section\" data-e-type=\"section\">\n\t\t\t\t\t\t<div class=\"elementor-container elementor-column-gap-default\">\n\t\t\t\t\t<div class=\"elementor-column elementor-col-100 elementor-top-column elementor-element elementor-element-e13c5d6\" data-id=\"e13c5d6\" data-element_type=\"column\" data-e-type=\"column\">\n\t\t\t<div class=\"elementor-widget-wrap elementor-element-populated\">\n\t\t\t\t\t\t<div class=\"elementor-element elementor-element-b85bd3c elementor-widget elementor-widget-heading\" data-id=\"b85bd3c\" data-element_type=\"widget\" data-e-type=\"widget\" data-widget_type=\"heading.default\">\n\t\t\t\t<div class=\"elementor-widget-container\">\n\t\t\t\t\t<h4 class=\"elementor-heading-title elementor-size-default\">Organitzadors \/ Presentadors<\/h4>\t\t\t\t<\/div>\n\t\t\t\t<\/div>\n\t\t\t\t<section class=\"elementor-section elementor-inner-section elementor-element elementor-element-b788533 elementor-section-boxed elementor-section-height-default elementor-section-height-default\" data-id=\"b788533\" data-element_type=\"section\" data-e-type=\"section\">\n\t\t\t\t\t\t<div class=\"elementor-container elementor-column-gap-default\">\n\t\t\t\t\t<div class=\"elementor-column elementor-col-100 elementor-inner-column elementor-element elementor-element-99c4b2b\" data-id=\"99c4b2b\" data-element_type=\"column\" data-e-type=\"column\">\n\t\t\t<div class=\"elementor-widget-wrap elementor-element-populated\">\n\t\t\t\t\t\t<div class=\"elementor-element elementor-element-b707bc5 elementor-position-left elementor-vertical-align-middle elementor-widget elementor-widget-image-box\" data-id=\"b707bc5\" data-element_type=\"widget\" data-e-type=\"widget\" data-widget_type=\"image-box.default\">\n\t\t\t\t<div class=\"elementor-widget-container\">\n\t\t\t\t\t<div class=\"elementor-image-box-wrapper\"><figure class=\"elementor-image-box-img\"><img loading=\"lazy\" decoding=\"async\" width=\"226\" height=\"251\" src=\"\/forum2026\/wp-content\/uploads\/2026\/01\/Xavier-Masso.jpg\" class=\"attachment-full size-full wp-image-3210\" alt=\"\" \/><\/figure><div class=\"elementor-image-box-content\"><h3 class=\"elementor-image-box-title\">Xavier Mass\u00f3<\/h3><p class=\"elementor-image-box-description\">President de la fundaci\u00f3 episteme\u200b<\/p><\/div><\/div>\t\t\t\t<\/div>\n\t\t\t\t<\/div>\n\t\t\t\t<div class=\"elementor-element elementor-element-e1785f7 e-grid-align-right e-grid-align-mobile-center elementor-shape-rounded elementor-grid-0 elementor-widget elementor-widget-social-icons\" data-id=\"e1785f7\" data-element_type=\"widget\" data-e-type=\"widget\" data-widget_type=\"social-icons.default\">\n\t\t\t\t<div class=\"elementor-widget-container\">\n\t\t\t\t\t\t\t<div class=\"elementor-social-icons-wrapper elementor-grid\" role=\"list\">\n\t\t\t\t\t\t\t<span class=\"elementor-grid-item\" role=\"listitem\">\n\t\t\t\t\t<a class=\"elementor-icon elementor-social-icon elementor-social-icon-twitter elementor-animation-grow elementor-repeater-item-d2b7695\" href=\"https:\/\/x.com\/XmaSecundaria\" target=\"_blank\">\n\t\t\t\t\t\t<span class=\"elementor-screen-only\">Twitter<\/span>\n\t\t\t\t\t\t<i aria-hidden=\"true\" class=\"fab fa-twitter\"><\/i>\t\t\t\t\t<\/a>\n\t\t\t\t<\/span>\n\t\t\t\t\t\t\t<span class=\"elementor-grid-item\" role=\"listitem\">\n\t\t\t\t\t<a class=\"elementor-icon elementor-social-icon elementor-social-icon-facebook elementor-animation-grow elementor-repeater-item-4bbca3c\" href=\"https:\/\/www.facebook.com\/xavier.massoaguade\/\" target=\"_blank\">\n\t\t\t\t\t\t<span class=\"elementor-screen-only\">Facebook<\/span>\n\t\t\t\t\t\t<i aria-hidden=\"true\" class=\"fab fa-facebook\"><\/i>\t\t\t\t\t<\/a>\n\t\t\t\t<\/span>\n\t\t\t\t\t<\/div>\n\t\t\t\t\t\t<\/div>\n\t\t\t\t<\/div>\n\t\t\t\t<div class=\"elementor-element elementor-element-e0d6c89 elementor-widget elementor-widget-text-editor\" data-id=\"e0d6c89\" data-element_type=\"widget\" data-e-type=\"widget\" data-widget_type=\"text-editor.default\">\n\t\t\t\t<div class=\"elementor-widget-container\">\n\t\t\t\t\t\t\t\t\t<p>Llicenciat en Filosofia i Ci\u00e8ncies de l&#8217;Educaci\u00f3. Llicenciat en Antropologia Social i Cultural. Catedr\u00e0tic d&#8217;Ensenyaments Secundaris -Filosofia_.<\/p>\t\t\t\t\t\t\t\t<\/div>\n\t\t\t\t<\/div>\n\t\t\t\t\t<\/div>\n\t\t<\/div>\n\t\t\t\t\t<\/div>\n\t\t<\/section>\n\t\t\t\t<section class=\"elementor-section elementor-inner-section elementor-element elementor-element-267db93 elementor-section-boxed elementor-section-height-default elementor-section-height-default\" data-id=\"267db93\" data-element_type=\"section\" data-e-type=\"section\">\n\t\t\t\t\t\t<div class=\"elementor-container elementor-column-gap-default\">\n\t\t\t\t\t<div class=\"elementor-column elementor-col-100 elementor-inner-column elementor-element elementor-element-ccc38e6\" data-id=\"ccc38e6\" data-element_type=\"column\" data-e-type=\"column\">\n\t\t\t<div class=\"elementor-widget-wrap elementor-element-populated\">\n\t\t\t\t\t\t<div class=\"elementor-element elementor-element-3471e4e elementor-position-left elementor-vertical-align-middle elementor-widget elementor-widget-image-box\" data-id=\"3471e4e\" data-element_type=\"widget\" data-e-type=\"widget\" data-widget_type=\"image-box.default\">\n\t\t\t\t<div class=\"elementor-widget-container\">\n\t\t\t\t\t<div class=\"elementor-image-box-wrapper\"><figure class=\"elementor-image-box-img\"><img loading=\"lazy\" decoding=\"async\" width=\"297\" height=\"283\" src=\"\/forum2026\/wp-content\/uploads\/2026\/01\/Eva.jpg\" class=\"attachment-full size-full wp-image-3425\" alt=\"\" \/><\/figure><div class=\"elementor-image-box-content\"><h3 class=\"elementor-image-box-title\">Eva Serra<\/h3><p class=\"elementor-image-box-description\">DIRECTORA EXECUTIVA FUNDACI\u00d3 EPISTEME<\/p><\/div><\/div>\t\t\t\t<\/div>\n\t\t\t\t<\/div>\n\t\t\t\t<div class=\"elementor-element elementor-element-ac2e1e8 elementor-widget elementor-widget-text-editor\" data-id=\"ac2e1e8\" data-element_type=\"widget\" data-e-type=\"widget\" data-widget_type=\"text-editor.default\">\n\t\t\t\t<div class=\"elementor-widget-container\">\n\t\t\t\t\t\t\t\t\t<p>Llicenciada en Ci\u00e8ncies de la Informaci\u00f3 -Periodisme-. Directora d&#8217;\u00abeducational EVIDENCE\u00bb. Va ser fundadora-directora del digital \u00abCatalunya Vanguardista\u00bb.<\/p>\t\t\t\t\t\t\t\t<\/div>\n\t\t\t\t<\/div>\n\t\t\t\t\t<\/div>\n\t\t<\/div>\n\t\t\t\t\t<\/div>\n\t\t<\/section>\n\t\t\t\t<section class=\"elementor-section elementor-inner-section elementor-element elementor-element-9a7741a elementor-section-boxed elementor-section-height-default elementor-section-height-default\" data-id=\"9a7741a\" data-element_type=\"section\" data-e-type=\"section\">\n\t\t\t\t\t\t<div class=\"elementor-container elementor-column-gap-default\">\n\t\t\t\t\t<div class=\"elementor-column elementor-col-100 elementor-inner-column elementor-element elementor-element-5d9f619\" data-id=\"5d9f619\" data-element_type=\"column\" data-e-type=\"column\">\n\t\t\t<div class=\"elementor-widget-wrap elementor-element-populated\">\n\t\t\t\t\t\t<div class=\"elementor-element elementor-element-3498299 elementor-position-left elementor-vertical-align-middle elementor-widget elementor-widget-image-box\" data-id=\"3498299\" data-element_type=\"widget\" data-e-type=\"widget\" data-widget_type=\"image-box.default\">\n\t\t\t\t<div class=\"elementor-widget-container\">\n\t\t\t\t\t<div class=\"elementor-image-box-wrapper\"><figure class=\"elementor-image-box-img\"><img loading=\"lazy\" decoding=\"async\" width=\"300\" height=\"226\" src=\"\/forum2026\/wp-content\/uploads\/2026\/01\/Felipe.jpg\" class=\"attachment-full size-full wp-image-3430\" alt=\"\" \/><\/figure><div class=\"elementor-image-box-content\"><h3 class=\"elementor-image-box-title\">Felipe de Vicente<\/h3><p class=\"elementor-image-box-description\">VicePresident de la fundaci\u00f3 episteme\u200b<\/p><\/div><\/div>\t\t\t\t<\/div>\n\t\t\t\t<\/div>\n\t\t\t\t<div class=\"elementor-element elementor-element-7cdb60f elementor-widget elementor-widget-text-editor\" data-id=\"7cdb60f\" data-element_type=\"widget\" data-e-type=\"widget\" data-widget_type=\"text-editor.default\">\n\t\t\t\t<div class=\"elementor-widget-container\">\n\t\t\t\t\t\t\t\t\t<p>Llicenciat en Filosofia. Doctor en Hist\u00f2ria. Va ser conseller titular del Consejo Escolar del Estado pel grup de personalitats de prestigi reconegut.<\/p>\t\t\t\t\t\t\t\t<\/div>\n\t\t\t\t<\/div>\n\t\t\t\t\t<\/div>\n\t\t<\/div>\n\t\t\t\t\t<\/div>\n\t\t<\/section>\n\t\t\t\t<section class=\"elementor-section elementor-inner-section elementor-element elementor-element-3ba33fd elementor-section-boxed elementor-section-height-default elementor-section-height-default\" data-id=\"3ba33fd\" data-element_type=\"section\" data-e-type=\"section\">\n\t\t\t\t\t\t<div class=\"elementor-container elementor-column-gap-default\">\n\t\t\t\t\t<div class=\"elementor-column elementor-col-100 elementor-inner-column elementor-element elementor-element-617e5be\" data-id=\"617e5be\" data-element_type=\"column\" data-e-type=\"column\">\n\t\t\t<div class=\"elementor-widget-wrap elementor-element-populated\">\n\t\t\t\t\t\t<div class=\"elementor-element elementor-element-6053588 elementor-position-left elementor-vertical-align-middle elementor-widget elementor-widget-image-box\" data-id=\"6053588\" data-element_type=\"widget\" data-e-type=\"widget\" data-widget_type=\"image-box.default\">\n\t\t\t\t<div class=\"elementor-widget-container\">\n\t\t\t\t\t<div class=\"elementor-image-box-wrapper\"><figure class=\"elementor-image-box-img\"><img loading=\"lazy\" decoding=\"async\" width=\"150\" height=\"153\" src=\"\/forum2026\/wp-content\/uploads\/2026\/01\/Josep.jpg\" class=\"attachment-full size-full wp-image-3431\" alt=\"\" \/><\/figure><div class=\"elementor-image-box-content\"><h3 class=\"elementor-image-box-title\">Josep Oton<\/h3><p class=\"elementor-image-box-description\">Secretari de la fundaci\u00f3 episteme<\/p><\/div><\/div>\t\t\t\t<\/div>\n\t\t\t\t<\/div>\n\t\t\t\t<div class=\"elementor-element elementor-element-8f29d20 elementor-widget elementor-widget-text-editor\" data-id=\"8f29d20\" data-element_type=\"widget\" data-e-type=\"widget\" data-widget_type=\"text-editor.default\">\n\t\t\t\t<div class=\"elementor-widget-container\">\n\t\t\t\t\t\t\t\t\t<p>Llicenciat en Geografia i Hist\u00f2ria. Doctor en Hist\u00f2ria.Catedr\u00e0tic d\u2019Hist\u00f2ria d\u2019Ensenyament Secundari. President de l\u2019Associaci\u00f3 de Catedr\u00e0tics (ACESC).<\/p>\t\t\t\t\t\t\t\t<\/div>\n\t\t\t\t<\/div>\n\t\t\t\t\t<\/div>\n\t\t<\/div>\n\t\t\t\t\t<\/div>\n\t\t<\/section>\n\t\t\t\t\t<\/div>\n\t\t<\/div>\n\t\t\t\t\t<\/div>\n\t\t<\/section>\n\t\t\t\t<section class=\"elementor-section elementor-top-section elementor-element elementor-element-6e3a1e5a elementor-section-boxed elementor-section-height-default elementor-section-height-default\" data-id=\"6e3a1e5a\" data-element_type=\"section\" data-e-type=\"section\">\n\t\t\t\t\t\t<div class=\"elementor-container elementor-column-gap-default\">\n\t\t\t\t\t<div class=\"elementor-column elementor-col-100 elementor-top-column elementor-element elementor-element-a6466c\" data-id=\"a6466c\" data-element_type=\"column\" data-e-type=\"column\">\n\t\t\t<div class=\"elementor-widget-wrap elementor-element-populated\">\n\t\t\t\t\t\t<div class=\"elementor-element elementor-element-3b7e3388 elementor-share-buttons--view-icon elementor-share-buttons--shape-circle elementor-share-buttons--skin-gradient elementor-grid-0 elementor-share-buttons--color-official elementor-widget elementor-widget-share-buttons\" data-id=\"3b7e3388\" data-element_type=\"widget\" data-e-type=\"widget\" data-widget_type=\"share-buttons.default\">\n\t\t\t\t<div class=\"elementor-widget-container\">\n\t\t\t\t\t\t\t<div class=\"elementor-grid\" role=\"list\">\n\t\t\t\t\t\t\t\t<div class=\"elementor-grid-item\" role=\"listitem\">\n\t\t\t\t\t\t<div class=\"elementor-share-btn elementor-share-btn_facebook\" role=\"button\" tabindex=\"0\" aria-label=\"Compartici\u00f3 en facebook\">\n\t\t\t\t\t\t\t\t\t\t\t\t\t\t\t<span class=\"elementor-share-btn__icon\">\n\t\t\t\t\t\t\t\t<i class=\"fab fa-facebook\" aria-hidden=\"true\"><\/i>\t\t\t\t\t\t\t<\/span>\n\t\t\t\t\t\t\t\t\t\t\t\t\t\t\t\t\t\t\t\t<\/div>\n\t\t\t\t\t<\/div>\n\t\t\t\t\t\t\t\t\t<div class=\"elementor-grid-item\" role=\"listitem\">\n\t\t\t\t\t\t<div class=\"elementor-share-btn elementor-share-btn_twitter\" role=\"button\" tabindex=\"0\" aria-label=\"Compartici\u00f3 en twitter\">\n\t\t\t\t\t\t\t\t\t\t\t\t\t\t\t<span class=\"elementor-share-btn__icon\">\n\t\t\t\t\t\t\t\t<i class=\"fab fa-twitter\" aria-hidden=\"true\"><\/i>\t\t\t\t\t\t\t<\/span>\n\t\t\t\t\t\t\t\t\t\t\t\t\t\t\t\t\t\t\t\t<\/div>\n\t\t\t\t\t<\/div>\n\t\t\t\t\t\t<\/div>\n\t\t\t\t\t\t<\/div>\n\t\t\t\t<\/div>\n\t\t\t\t\t<\/div>\n\t\t<\/div>\n\t\t\t\t\t<\/div>\n\t\t<\/section>\n\t\t\t\t<\/div>\n\t\t","protected":false},"excerpt":{"rendered":"<p>https:\/\/youtu.be\/on49Xm-8a0A PONENTS Nuno Crato Ministre d&#8217;Educaci\u00f3 de Portugal (2011-2015) Facebook-f Twitter Link Ministre d&#8217;Educaci\u00f3 i Ci\u00e8ncia de Portugal (2011-2015). Llicenciat en Economia i doctor en Matem\u00e0tiques Aplicades. Professor de Matem\u00e0tiques i Estad\u00edstica des de 2000 a l&#8217;Institut Superior d&#8217;Economia i Gesti\u00f3 (ISEG), Universitat de Lisboa. Investigador en models de probabilitat i estad\u00edstica.\u00a0 Va ser tamb\u00e9 [&hellip;]<\/p>\n","protected":false},"author":1,"featured_media":0,"parent":0,"menu_order":0,"comment_status":"open","ping_status":"closed","template":"","meta":{"ocean_post_layout":"","ocean_both_sidebars_style":"","ocean_both_sidebars_content_width":0,"ocean_both_sidebars_sidebars_width":0,"ocean_sidebar":"0","ocean_second_sidebar":"0","ocean_disable_margins":"enable","ocean_add_body_class":"","ocean_shortcode_before_top_bar":"","ocean_shortcode_after_top_bar":"","ocean_shortcode_before_header":"","ocean_shortcode_after_header":"","ocean_has_shortcode":"","ocean_shortcode_after_title":"","ocean_shortcode_before_footer_widgets":"","ocean_shortcode_after_footer_widgets":"","ocean_shortcode_before_footer_bottom":"","ocean_shortcode_after_footer_bottom":"","ocean_display_top_bar":"default","ocean_display_header":"default","ocean_header_style":"","ocean_center_header_left_menu":"0","ocean_custom_header_template":"0","ocean_custom_logo":0,"ocean_custom_retina_logo":0,"ocean_custom_logo_max_width":0,"ocean_custom_logo_tablet_max_width":0,"ocean_custom_logo_mobile_max_width":0,"ocean_custom_logo_max_height":0,"ocean_custom_logo_tablet_max_height":0,"ocean_custom_logo_mobile_max_height":0,"ocean_header_custom_menu":"0","ocean_menu_typo_font_family":"0","ocean_menu_typo_font_subset":"","ocean_menu_typo_font_size":0,"ocean_menu_typo_font_size_tablet":0,"ocean_menu_typo_font_size_mobile":0,"ocean_menu_typo_font_size_unit":"px","ocean_menu_typo_font_weight":"","ocean_menu_typo_font_weight_tablet":"","ocean_menu_typo_font_weight_mobile":"","ocean_menu_typo_transform":"","ocean_menu_typo_transform_tablet":"","ocean_menu_typo_transform_mobile":"","ocean_menu_typo_line_height":0,"ocean_menu_typo_line_height_tablet":0,"ocean_menu_typo_line_height_mobile":0,"ocean_menu_typo_line_height_unit":"","ocean_menu_typo_spacing":0,"ocean_menu_typo_spacing_tablet":0,"ocean_menu_typo_spacing_mobile":0,"ocean_menu_typo_spacing_unit":"","ocean_menu_link_color":"","ocean_menu_link_color_hover":"","ocean_menu_link_color_active":"","ocean_menu_link_background":"","ocean_menu_link_hover_background":"","ocean_menu_link_active_background":"","ocean_menu_social_links_bg":"","ocean_menu_social_hover_links_bg":"","ocean_menu_social_links_color":"","ocean_menu_social_hover_links_color":"","ocean_disable_title":"on","ocean_disable_heading":"default","ocean_post_title":"","ocean_post_subheading":"","ocean_post_title_style":"","ocean_post_title_background_color":"","ocean_post_title_background":0,"ocean_post_title_bg_image_position":"","ocean_post_title_bg_image_attachment":"","ocean_post_title_bg_image_repeat":"","ocean_post_title_bg_image_size":"","ocean_post_title_height":0,"ocean_post_title_bg_overlay":0.5,"ocean_post_title_bg_overlay_color":"","ocean_disable_breadcrumbs":"default","ocean_breadcrumbs_color":"","ocean_breadcrumbs_separator_color":"","ocean_breadcrumbs_links_color":"","ocean_breadcrumbs_links_hover_color":"","ocean_display_footer_widgets":"off","ocean_display_footer_bottom":"off","ocean_custom_footer_template":"0","footnotes":""},"class_list":["post-96","page","type-page","status-publish","hentry","entry","owp-thumbs-layout-horizontal","owp-btn-normal","owp-tabs-layout-horizontal","has-no-thumbnails","has-product-nav"],"_links":{"self":[{"href":"https:\/\/fundacioepisteme.cat\/forum2026\/wp-json\/wp\/v2\/pages\/96","targetHints":{"allow":["GET"]}}],"collection":[{"href":"https:\/\/fundacioepisteme.cat\/forum2026\/wp-json\/wp\/v2\/pages"}],"about":[{"href":"https:\/\/fundacioepisteme.cat\/forum2026\/wp-json\/wp\/v2\/types\/page"}],"author":[{"embeddable":true,"href":"https:\/\/fundacioepisteme.cat\/forum2026\/wp-json\/wp\/v2\/users\/1"}],"replies":[{"embeddable":true,"href":"https:\/\/fundacioepisteme.cat\/forum2026\/wp-json\/wp\/v2\/comments?post=96"}],"version-history":[{"count":472,"href":"https:\/\/fundacioepisteme.cat\/forum2026\/wp-json\/wp\/v2\/pages\/96\/revisions"}],"predecessor-version":[{"id":3659,"href":"https:\/\/fundacioepisteme.cat\/forum2026\/wp-json\/wp\/v2\/pages\/96\/revisions\/3659"}],"wp:attachment":[{"href":"https:\/\/fundacioepisteme.cat\/forum2026\/wp-json\/wp\/v2\/media?parent=96"}],"curies":[{"name":"wp","href":"https:\/\/api.w.org\/{rel}","templated":true}]}}